{"id":871,"date":"2013-05-08T11:51:48","date_gmt":"2013-05-08T11:51:48","guid":{"rendered":"http:\/\/atlanttiseura.fi\/?page_id=871"},"modified":"2017-11-30T20:37:30","modified_gmt":"2017-11-30T20:37:30","slug":"2013-2","status":"publish","type":"page","link":"http:\/\/atlanttiseura.fi\/?page_id=871","title":{"rendered":"2013"},"content":{"rendered":"<p>&nbsp;<\/p>\n<p><span style=\"color: #000000;\"><a href=\"http:\/\/atlanttiseura.fi\/WP\/wp-content\/uploads\/2013\/05\/Atlantti_seura_14.jpg\"><span style=\"color: #000000;\"><img class=\"alignnone  wp-image-1915\" style=\"text-decoration: none; color: #676c6c;\" title=\"Weber, <a href=\"><\/span><\/a> Laajava,&nbsp;R\u00e4ty&#8221; src=&#8221;http:\/\/atlanttiseura.fi\/WP\/wp-content\/uploads\/2013\/05\/Atlantti_seura_14.jpg&#8221; alt=&#8221;&#8221; width=&#8221;540&#8243; height=&#8221;360&#8243; \/&gt;<\/span><br \/>\n<span style=\"color: #000000;\">Kuva: Timo Ikonen, UM<\/span><\/p>\n<p><span style=\"color: #000000;\"><strong>TAPAHTUMAT VUONNA 2013<\/strong><\/span><\/p>\n<p><span style=\"color: #000000;\"><strong>13.12.2013<\/strong><\/span><\/p>\n<p><span style=\"color: #000000;\"><em>Suomen Atlantti-Seuran s\u00e4\u00e4nt\u00f6m\u00e4\u00e4r\u00e4inen syyskokous<br \/>\n<\/em><\/span><\/p>\n<p><span style=\"color: #000000;\">Syyskokous valitsi yhdistykselle puheenjohtajan ja hallituksen vuodelle 2014.<\/span><\/p>\n<p><span style=\"color: #000000;\">Suomen Atlantti-Seuran puheenjohtajana jatkaa<\/span><br \/>\n<span style=\"color: #000000;\"> Euroopan parlamentin j\u00e4sen <strong>Liisa Jaakonsaari<\/strong>.<\/span><\/p>\n<p><span style=\"color: #000000;\">Hallituksen j\u00e4senet vuodelle 2014 ovat:<\/span><\/p>\n<p><span style=\"color: #000000;\">Professori <strong>Tuomas Forsberg<\/strong><\/span><br \/>\n<span style=\"color: #000000;\"> Kansainv\u00e4listen asiain sihteeri <strong>Jari Haapiainen<\/strong><\/span><br \/>\n<span style=\"color: #000000;\"> Varatuomari, diplomiekonomi<strong> Henrik Lax<\/strong><\/span><br \/>\n<span style=\"color: #000000;\"> Tietoyhteiskuntasuhteiden johtaja <strong>Max Mickelsson<\/strong><\/span><br \/>\n<span style=\"color: #000000;\"> Johtaja, puolustusasiainneuvos <strong>Helena Partanen<\/strong><\/span><br \/>\n<span style=\"color: #000000;\"> Sotilasprofessori <strong>Jari Rantapelkonen<\/strong><\/span><br \/>\n<span style=\"color: #000000;\"> Valtiotieteen tohtori <strong>Pentti Sadeniemi<\/strong><\/span><br \/>\n<span style=\"color: #000000;\"> Kansanedustaja, ministeri <strong>Pertti Salolainen<\/strong><\/span><br \/>\n<span style=\"color: #000000;\"> Suurl\u00e4hettil\u00e4s <strong>Veli Sundb\u00e4ck<\/strong><\/span><br \/>\n<span style=\"color: #000000;\"> Eurooppa- ja ulkomaankauppaministeri Stubbin<\/span><br \/>\n<span style=\"color: #000000;\"> erityisavustaja <strong>Lauri Tierala<\/strong><\/span><br \/>\n<span style=\"color: #000000;\"> Suurl\u00e4hettil\u00e4s <strong>Jukka Valtasaari<\/strong><\/span><\/p>\n<p><span style=\"color: #000000;\">Paikka: G18, Helsinki<\/span><\/p>\n<p><span style=\"color: #000000;\"><strong>13.12.2013<\/strong><\/span><\/p>\n<p><span style=\"color: #000000;\"><em>Puolustusministeri Carl Haglund puhui Suomen Atlantti-Seuran j\u00e4senille<br \/>\n<\/em><\/span><\/p>\n<p><span style=\"color: #000000;\">Paikka: G18, Helsinki<\/span><\/p>\n<p><span style=\"color: #000000;\"><a href=\"http:\/\/atlanttiseura.fi\/WP\/wp-content\/uploads\/2013\/12\/Haglund-syyskokous-13.12.2013.jpg\"><span style=\"color: #000000;\"><img decoding=\"async\" loading=\"lazy\" class=\"size-full wp-image-2141 alignnone\" title=\"Ministeri Carl Haglund \" src=\"http:\/\/atlanttiseura.fi\/WP\/wp-content\/uploads\/2013\/12\/Haglund-syyskokous-13.12.2013.jpg\" alt=\"\" width=\"250\" height=\"167\"><\/span><\/a>&nbsp;&nbsp; <a href=\"http:\/\/atlanttiseura.fi\/WP\/wp-content\/uploads\/2013\/12\/Syyskokous-13.12.jpg\"><span style=\"color: #000000;\"><img decoding=\"async\" loading=\"lazy\" class=\" wp-image-2142 alignnone\" title=\"Ministeri Haglund Atlantti Seurassa\" src=\"http:\/\/atlanttiseura.fi\/WP\/wp-content\/uploads\/2013\/12\/Syyskokous-13.12.jpg\" alt=\"\" width=\"250\" height=\"167\"><\/span><\/a><\/span><\/p>\n<p><span style=\"color: #000000;\"><strong>4.11.2013<\/strong><\/span><\/p>\n<p><span style=\"color: #000000;\"><em>A discussion with the U.S. Ambassador to Finland Bruce J. Oreck on Transatlantic Relations<\/em><\/span><\/p>\n<p><span style=\"color: #000000;\">Venue: U.S. Embassy, Innovation Center, Helsinki<\/span><\/p>\n<p><span style=\"color: #000000;\">Watch streaming video through the following link:<\/span><br \/>\n<a href=\"http:\/\/www.ustream.tv\/search?q=pasustream\" target=\"_blank\" rel=\"noopener\">http:\/\/www.ustream.tv\/search?q=pasustream<\/a><\/p>\n<p><span style=\"color: #000000;\">Organisers: Atlantic Council of Finland and U.S. Embassy in Helsinki<\/span><\/p>\n<p><span style=\"color: #000000;\"><img decoding=\"async\" loading=\"lazy\" class=\"size-full wp-image-2106 alignnone\" title=\"U.S. Embassy 4.11.2013\" src=\"http:\/\/atlanttiseura.fi\/WP\/wp-content\/uploads\/2013\/11\/PB040019.jpg\" alt=\"\" width=\"250\" height=\"167\">&nbsp;&nbsp; <a href=\"http:\/\/atlanttiseura.fi\/WP\/wp-content\/uploads\/2013\/11\/PB040041.jpg\"><span style=\"color: #000000;\"><img decoding=\"async\" loading=\"lazy\" class=\" wp-image-2108 alignnone\" title=\"U.S. Embassy 4.11.2013\" src=\"http:\/\/atlanttiseura.fi\/WP\/wp-content\/uploads\/2013\/11\/PB040041.jpg\" alt=\"\" width=\"250\" height=\"167\"><\/span><\/a><\/span><br \/>\n<span style=\"color: #000000;\"> <a href=\"http:\/\/atlanttiseura.fi\/WP\/wp-content\/uploads\/2013\/11\/PB040035.jpg\"><span style=\"color: #000000;\"><img decoding=\"async\" loading=\"lazy\" class=\"size-full wp-image-2107 alignnone\" title=\"Ambassador Bruce J. Oreck\" src=\"http:\/\/atlanttiseura.fi\/WP\/wp-content\/uploads\/2013\/11\/PB040035.jpg\" alt=\"\" width=\"250\" height=\"167\"><\/span><\/a>&nbsp;&nbsp; <a href=\"http:\/\/atlanttiseura.fi\/WP\/wp-content\/uploads\/2013\/11\/PB040094.jpg\"><span style=\"color: #000000;\"><img decoding=\"async\" loading=\"lazy\" class=\"size-full wp-image-2109 alignnone\" title=\"Ambassador Bruce J. Oreck\" src=\"http:\/\/atlanttiseura.fi\/WP\/wp-content\/uploads\/2013\/11\/PB040094.jpg\" alt=\"\" width=\"250\" height=\"167\"><\/span><\/a><\/span><\/p>\n<p><span style=\"color: #000000;\"><strong>20.9.2013<\/strong><\/span><\/p>\n<p><span style=\"color: #000000;\"><em>Will the Transatlantic Relations last?<br \/>\nCurrent Trends in the Euro-Atlantic Relations<\/em><\/span><\/p>\n<p><span style=\"color: #000000;\">Speakers:<\/span><br \/>\n<span style=\"color: #000000;\"> Dr<strong> Constanze Stelzenm\u00fcller<\/strong>, Senior Transatlantic Fellow, German Marshall Fund of the United States<\/span><br \/>\n<span style=\"color: #000000;\"> Mr <strong>Jaakko Iloniemi<\/strong>, Minister (Hon.), Ambassador, Honorary Chair of Atlantic Council of Finland<\/span><\/p>\n<p><span style=\"color: #000000;\">Chair: Dr <strong>Teija Tiilikainen<\/strong>, Director, Finnish Institute of International Affairs<\/span><\/p>\n<p><span style=\"color: #000000;\">Venue: Wanha Satama, Helsinki<\/span><\/p>\n<p><span style=\"color: #000000;\">Seminar was organised in conjunction with the publication of<\/span><br \/>\n<span style=\"color: #000000;\"> Transatlantic Trends report by German Marshall Fund of the United<\/span><br \/>\n<span style=\"color: #000000;\"> States (GMF). More information on the Transatlantic Trends \u2013project<\/span><br \/>\n<span style=\"color: #000000;\"> can be found through the following link:<\/span><a href=\"http:\/\/trends.gmfus.org\/\" target=\"_blank\" rel=\"noopener\"> http:\/\/trends.gmfus.org\/<\/a><span style=\"color: #000000;\">.<\/span><\/p>\n<p><span style=\"color: #000000;\">Please find the Transatlantic Trends 2013 (released on September 18, 2013)<\/span><br \/>\n<a href=\"http:\/\/trends.gmfus.org\/transatlantic-trends\/\">http:\/\/trends.gmfus.org\/transatlantic-trends\/<\/a><\/p>\n<p><span style=\"color: #000000;\">The seminar was organised in cooperation with Finnish Institute of International Affairs.<\/span><\/p>\n<p><span style=\"color: #000000;\"><a href=\"http:\/\/atlanttiseura.fi\/WP\/wp-content\/uploads\/2013\/11\/saksajuttu1.jpg\"><span style=\"color: #000000;\"><img decoding=\"async\" loading=\"lazy\" class=\"size-full wp-image-2119 alignnone\" title=\"Dr Constanze Stelzenm\u00fcller\" src=\"http:\/\/atlanttiseura.fi\/WP\/wp-content\/uploads\/2013\/11\/saksajuttu1.jpg\" alt=\"\" width=\"250\" height=\"167\"><\/span><\/a>&nbsp;&nbsp; <a href=\"http:\/\/atlanttiseura.fi\/WP\/wp-content\/uploads\/2013\/11\/Jaakko_Iloniemi.jpg\"><span style=\"color: #000000;\"><img decoding=\"async\" loading=\"lazy\" class=\"size-full wp-image-2117 alignnone\" title=\"Jaakko Iloniemi\" src=\"http:\/\/atlanttiseura.fi\/WP\/wp-content\/uploads\/2013\/11\/Jaakko_Iloniemi.jpg\" alt=\"\" width=\"250\" height=\"167\"><\/span><\/a><\/span><br \/>\n<span style=\"color: #000000;\">Photos: Tuomas Tikkanen, FIIA<\/span><\/p>\n<p><span style=\"color: #000000;\"><strong>17.7.2013<\/strong><\/span><\/p>\n<p><span style=\"color: #000000;\"><em><em>Nato &#8211; Salarakas? <\/em><br \/>\n<\/em>Suomen Atlantti-Seuran keskustelutilaisuus SuomiAreenalla<\/span><\/p>\n<p><span style=\"color: #000000;\">Keskustelijat:<\/span><br \/>\n<span style=\"color: #000000;\"> <strong>Liisa Jaakonsaari<\/strong>, Euroopan parlamentin j\u00e4sen, Puheenjohtaja, Suomen Atlantti-Seura<strong><br \/>\nKaroliina Honkanen<\/strong>, Neuvotteleva virkamies, Puolustusministeri\u00f6<strong><br \/>\nVille Hulkkonen<\/strong>, Puheenjohtaja, Rauhanj\u00e4rjest\u00f6 Sadankomitea<strong><br \/>\nReijo Ruokanen<\/strong>, P\u00e4\u00e4toimittaja, Talousel\u00e4m\u00e4<\/span><\/p>\n<p><span style=\"color: #000000;\">Juontaja:<\/span><br \/>\n<span style=\"color: #000000;\"> <strong>Mari Haavisto<\/strong>, Politiikan toimittaja, MTV3<a href=\"http:\/\/suomiareena.fi\/\" target=\"_blank\" rel=\"noopener\"><span style=\"color: #000000;\"><img decoding=\"async\" loading=\"lazy\" class=\"alignright\" title=\"SuomiAreena\" src=\"http:\/\/atlanttiseura.fi\/WP\/wp-content\/uploads\/2013\/05\/suomiareena_logo_2_pieni.jpg\" alt=\"\" width=\"103\" height=\"80\"><\/span><\/a><\/span><\/p>\n<p><span style=\"color: #000000;\">Paikka: BePop-kauppak\u00e4yt\u00e4v\u00e4, Pori<\/span><\/p>\n<p><span style=\"color: #000000;\">Lis\u00e4tietoja SuomiAreenasta:<\/span><br \/>\n<a href=\"http:\/\/suomiareena.fi\/\" target=\"_blank\" rel=\"noopener\">SuomiAreena.fi<\/a><\/p>\n<p><span style=\"color: #000000;\"><a href=\"http:\/\/atlanttiseura.fi\/WP\/wp-content\/uploads\/2013\/07\/Liisa-Jaakonsaari.jpg\"><span style=\"color: #000000;\"><img decoding=\"async\" loading=\"lazy\" class=\"wp-image-2055 alignnone\" title=\"Liisa Jaakonsaari\" src=\"http:\/\/atlanttiseura.fi\/WP\/wp-content\/uploads\/2013\/07\/Liisa-Jaakonsaari.jpg\" alt=\"\" width=\"250\" height=\"167\"><\/span><\/a> &nbsp; <a href=\"http:\/\/atlanttiseura.fi\/WP\/wp-content\/uploads\/2013\/07\/P7170143.jpg\"><span style=\"color: #000000;\"><img decoding=\"async\" loading=\"lazy\" class=\"size-full wp-image-2063 alignnone\" title=\"Karoliina Honkanen\" src=\"http:\/\/atlanttiseura.fi\/WP\/wp-content\/uploads\/2013\/07\/P7170143.jpg\" alt=\"\" width=\"250\" height=\"167\"><\/span><\/a><\/span><br \/>\n<span style=\"color: #000000;\"> <a href=\"http:\/\/atlanttiseura.fi\/WP\/wp-content\/uploads\/2013\/07\/Ville-Hulkkonen.jpg\"><span style=\"color: #000000;\"><img decoding=\"async\" loading=\"lazy\" class=\"size-full wp-image-2056 alignnone\" title=\"Ville Hulkkonen\" src=\"http:\/\/atlanttiseura.fi\/WP\/wp-content\/uploads\/2013\/07\/Ville-Hulkkonen.jpg\" alt=\"\" width=\"250\" height=\"167\"><\/span><\/a> &nbsp; <a href=\"http:\/\/atlanttiseura.fi\/WP\/wp-content\/uploads\/2013\/07\/P7170159.jpg\"><span style=\"color: #000000;\"><img decoding=\"async\" loading=\"lazy\" class=\"size-full wp-image-2064 alignnone\" title=\"Reijo Ruokanen\" src=\"http:\/\/atlanttiseura.fi\/WP\/wp-content\/uploads\/2013\/07\/P7170159.jpg\" alt=\"\" width=\"250\" height=\"167\"><\/span><\/a><a href=\"http:\/\/atlanttiseura.fi\/WP\/wp-content\/uploads\/2013\/07\/P7170093.jpg\"><span style=\"color: #000000;\"><img decoding=\"async\" loading=\"lazy\" class=\"size-full wp-image-2062 alignnone\" title=\"Nato - Salarakas? SuomiAreenalla 2013\" src=\"http:\/\/atlanttiseura.fi\/WP\/wp-content\/uploads\/2013\/07\/P7170093.jpg\" alt=\"\" width=\"510\" height=\"200\" srcset=\"http:\/\/atlanttiseura.fi\/WP\/wp-content\/uploads\/2013\/07\/P7170093.jpg 510w, http:\/\/atlanttiseura.fi\/WP\/wp-content\/uploads\/2013\/07\/P7170093-300x117.jpg 300w\" sizes=\"(max-width: 510px) 100vw, 510px\" \/><\/span><\/a><\/span><\/p>\n<p><span style=\"color: #000000;\"><strong>18.6.2013<\/strong><\/span><\/p>\n<p><span style=\"color: #000000;\"><em>Russia \u2013 A Part of Euro-Atlantic Security Architecture?<\/em><\/span><\/p>\n<p><span style=\"color: #000000;\">Speakers:<strong><br \/>\n<\/strong><strong>Hiski Haukkala<\/strong>, Professor of International Relations, School of Management, University of Tampere<strong><br \/>\nAlexander Izotov<\/strong>, Associate Professor, School of International Relations,<\/span><br \/>\n<span style=\"color: #000000;\"> St. Petersburg State University<strong><br \/>\nHanna Smith<\/strong>, Researcher, Aleksanteri Institute, University of Helsinki<strong><br \/>\nIvan N. Timofeev<\/strong>, Program Director, Russian International Affairs Council RIAC<\/span><\/p>\n<p><span style=\"color: #000000;\">Moderator:<strong> Jarmo M\u00e4kel\u00e4<\/strong>, Senior Diplomatic Correspondent,<\/span><br \/>\n<span style=\"color: #000000;\"> Finnish Broadcasting Co. (YLE)<\/span><\/p>\n<p><span style=\"color: #000000;\">Venue: Turku City Hall <a href=\"http:\/\/atlanttiseura.fi\/WP\/wp-content\/uploads\/2013\/07\/tku-petersburg-logo.jpg\"><span style=\"color: #000000;\"><img decoding=\"async\" loading=\"lazy\" class=\"alignright\" title=\"tku-petersburg logo\" src=\"http:\/\/atlanttiseura.fi\/WP\/wp-content\/uploads\/2013\/07\/tku-petersburg-logo.jpg\" alt=\"\" width=\"116\" height=\"109\"><\/span><\/a><\/span><\/p>\n<p><span style=\"color: #000000;\">The seminar was organised by the Atlantic Council of Finland<\/span><br \/>\n<span style=\"color: #000000;\"> and Aleksanteri Institute with the kind support of the City of Turku. The seminar was celebrating the 60th anniversary<\/span><br \/>\n<span style=\"color: #000000;\"> of Turku and Saint Petersburg twin city friendship.<\/span><\/p>\n<h6><span style=\"color: #000000;\"><a href=\"http:\/\/atlanttiseura.fi\/WP\/wp-content\/uploads\/2013\/07\/turku2.jpg\"><span style=\"color: #000000;\"><img decoding=\"async\" loading=\"lazy\" class=\"alignnone size-full wp-image-1997\" title=\"Russia \u2013 A Part of Euro-Atlantic Security Architecture?\" src=\"http:\/\/atlanttiseura.fi\/WP\/wp-content\/uploads\/2013\/07\/turku2.jpg\" alt=\"\" width=\"250\" height=\"167\"><\/span><\/a>&nbsp;&nbsp; <a href=\"http:\/\/atlanttiseura.fi\/WP\/wp-content\/uploads\/2013\/07\/turku6.jpg\"><span style=\"color: #000000;\"><img decoding=\"async\" loading=\"lazy\" class=\"alignnone size-full wp-image-1994\" title=\"Hiski Haukkala\" src=\"http:\/\/atlanttiseura.fi\/WP\/wp-content\/uploads\/2013\/07\/turku6.jpg\" alt=\"\" width=\"250\" height=\"167\"><\/span><\/a><\/span><br \/>\n<span style=\"color: #000000;\"> <a href=\"http:\/\/atlanttiseura.fi\/WP\/wp-content\/uploads\/2013\/07\/turku3.jpg\"><span style=\"color: #000000;\"><img decoding=\"async\" loading=\"lazy\" class=\"alignnone size-full wp-image-1998\" title=\"Alexander Ozotov\" src=\"http:\/\/atlanttiseura.fi\/WP\/wp-content\/uploads\/2013\/07\/turku3.jpg\" alt=\"\" width=\"250\" height=\"167\"><\/span><\/a>&nbsp;&nbsp; <a href=\"http:\/\/atlanttiseura.fi\/WP\/wp-content\/uploads\/2013\/07\/turku7.jpg\"><span style=\"color: #000000;\"><img decoding=\"async\" loading=\"lazy\" class=\"alignnone size-full wp-image-1995\" title=\"Hanna Smith\" src=\"http:\/\/atlanttiseura.fi\/WP\/wp-content\/uploads\/2013\/07\/turku7.jpg\" alt=\"\" width=\"250\" height=\"167\"><\/span><\/a><\/span><br \/>\n<span style=\"color: #000000;\"> <a href=\"http:\/\/atlanttiseura.fi\/WP\/wp-content\/uploads\/2013\/07\/turku5.jpg\"><span style=\"color: #000000;\"><img decoding=\"async\" loading=\"lazy\" class=\"alignnone size-full wp-image-1993\" title=\"Ivan N. Tomofeev\" src=\"http:\/\/atlanttiseura.fi\/WP\/wp-content\/uploads\/2013\/07\/turku5.jpg\" alt=\"\" width=\"250\" height=\"167\"><\/span><\/a>&nbsp;&nbsp; <a href=\"http:\/\/atlanttiseura.fi\/WP\/wp-content\/uploads\/2013\/07\/turku1.jpg\"><span style=\"color: #000000;\"><img decoding=\"async\" loading=\"lazy\" class=\"alignnone size-full wp-image-1996\" title=\"Russia \u2013 A Part of Euro-Atlantic Security Architecture?\" src=\"http:\/\/atlanttiseura.fi\/WP\/wp-content\/uploads\/2013\/07\/turku1.jpg\" alt=\"\" width=\"250\" height=\"167\"><\/span><\/a>Photos: Lasse Perkki\u00f6, Ruotuv\u00e4ki<\/span><\/h6>\n<p>&nbsp;<\/p>\n<p><span style=\"color: #000000;\"><strong>29.5.2013<\/strong><\/span><\/p>\n<div dir=\"ltr\" data-font-name=\"g_font_p0_7\" data-canvas-width=\"536.3040159831047\">\n<div dir=\"ltr\" data-font-name=\"g_font_p0_5\" data-canvas-width=\"55.25473786880492\">\n<p><span style=\"color: #000000;\"><em>Atlantic Alliance post Afghanistan &#8211; What&#8217;s in it?<\/em><\/span><\/p>\n<p><span style=\"color: #000000;\">Speakers:<\/span><br \/>\n<span style=\"color: #000000;\"> Mr <strong>Troels Fr\u00f8ling<\/strong>, Vice President, Atlantic Treaty Association (ATA),<\/span><br \/>\n<span style=\"color: #000000;\"> Secretary General, Danish Atlantic Treaty Association<\/span><br \/>\n<span style=\"color: #000000;\"> Dr. <strong>Pauli J\u00e4rvenp\u00e4\u00e4<\/strong>, Senior Research Fellow,<\/span><br \/>\n<span style=\"color: #000000;\"> International Centre for Defence Studies,<\/span><br \/>\n<span style=\"color: #000000;\"> Finnish Ambassador to Afghanistan (2010\u20132013)<\/span><br \/>\n<span style=\"color: #000000;\"> Mr <strong>Sven Sakkov<\/strong>, Undersecretary for Defence Policy,<\/span><br \/>\n<span style=\"color: #000000;\"> Ministry of Defence of Estonia<\/span><\/p>\n<\/div>\n<\/div>\n<p><span style=\"color: #000000;\">Chair: Mr <strong>Pertti Salolainen<\/strong>, MP, Minister (Hon.),<\/span><br \/>\n<span style=\"color: #000000;\"> Vice President of the Atlantic Council of Finland<\/span><\/p>\n<p><span style=\"color: #000000;\">Venue: Danish Ambassador\u00b4s Residence, Helsinki<\/span><\/p>\n<p><span style=\"color: #000000;\">The seminar was organised by Royal Danish Embassy in Helsinki,<\/span><br \/>\n<span style=\"color: #000000;\"> which acts as a NATO Contact Point Embassy (2013\u20132014), Atlantic Council of Finland and Embassy of Estonia in Helsinki.<\/span><\/p>\n<p><span style=\"color: #000000;\"><a href=\"http:\/\/atlanttiseura.fi\/WP\/wp-content\/uploads\/2013\/05\/Sven-Sakkov.jpg\"><span style=\"color: #000000;\"><img decoding=\"async\" loading=\"lazy\" class=\"alignnone size-full wp-image-1931\" title=\"Sven Sakkov\" src=\"http:\/\/atlanttiseura.fi\/WP\/wp-content\/uploads\/2013\/05\/Sven-Sakkov.jpg\" alt=\"\" width=\"250\" height=\"167\"><\/span><\/a> &nbsp;&nbsp;<a href=\"http:\/\/atlanttiseura.fi\/WP\/wp-content\/uploads\/2013\/05\/Troels-Fr\u00f8ling.jpg\"><span style=\"color: #000000;\"><img decoding=\"async\" loading=\"lazy\" class=\"alignnone size-full wp-image-1927\" title=\"Troels Fr\u00f8ling\" src=\"http:\/\/atlanttiseura.fi\/WP\/wp-content\/uploads\/2013\/05\/Troels-Fr\u00f8ling.jpg\" alt=\"\" width=\"250\" height=\"167\"><\/span><\/a><\/span><br \/>\n<span style=\"color: #000000;\"> <a href=\"http:\/\/atlanttiseura.fi\/WP\/wp-content\/uploads\/2013\/05\/Pauli-J\u00e4rvenp\u00e4\u00e4.jpg\"><span style=\"color: #000000;\"><img decoding=\"async\" loading=\"lazy\" class=\"alignnone size-full wp-image-1925\" title=\"Pauli J\u00e4rvenp\u00e4\u00e4\" src=\"http:\/\/atlanttiseura.fi\/WP\/wp-content\/uploads\/2013\/05\/Pauli-J\u00e4rvenp\u00e4\u00e4.jpg\" alt=\"\" width=\"250\" height=\"167\"><\/span><\/a>&nbsp;&nbsp; <a href=\"http:\/\/atlanttiseura.fi\/WP\/wp-content\/uploads\/2013\/05\/Pertti-Salolainen1.jpg\"><span style=\"color: #000000;\"><img decoding=\"async\" loading=\"lazy\" class=\"alignnone size-full wp-image-1933\" title=\"Pertti Salolainen\" src=\"http:\/\/atlanttiseura.fi\/WP\/wp-content\/uploads\/2013\/05\/Pertti-Salolainen1.jpg\" alt=\"\" width=\"250\" height=\"167\"><\/span><\/a><\/span><br \/>\n<span style=\"color: #000000;\"> <a href=\"http:\/\/atlanttiseura.fi\/WP\/wp-content\/uploads\/2013\/05\/Atlantic-Alliance-post-Afghanistan-What\u2019s-in-it_250-167.jpg\"><span style=\"color: #000000;\"><img decoding=\"async\" loading=\"lazy\" class=\"alignnone size-full wp-image-1930\" title=\"Atlantic Alliance post Afghanistan-What\u2019s in it\" src=\"http:\/\/atlanttiseura.fi\/WP\/wp-content\/uploads\/2013\/05\/Atlantic-Alliance-post-Afghanistan-What\u2019s-in-it_250-167.jpg\" alt=\"\" width=\"250\" height=\"167\"><\/span><\/a>&nbsp;&nbsp; <a href=\"http:\/\/atlanttiseura.fi\/WP\/wp-content\/uploads\/2013\/05\/Jens-Otto-Horslund-ja-Mart-Tarmak.jpg\"><span style=\"color: #000000;\"><img decoding=\"async\" loading=\"lazy\" class=\"alignnone size-full wp-image-1924\" title=\"Jens-Otto Horslund ja Mart Tarmak\" src=\"http:\/\/atlanttiseura.fi\/WP\/wp-content\/uploads\/2013\/05\/Jens-Otto-Horslund-ja-Mart-Tarmak.jpg\" alt=\"\" width=\"250\" height=\"167\"><\/span><\/a><\/span><\/p>\n<p><span style=\"color: #000000;\"><strong>27.5.2013<\/strong><\/span><\/p>\n<p><span style=\"color: #000000;\"><em>US &#8211; EU Cooperation in Countering Weapons of Mass Destruction Threats<\/em><\/span><\/p>\n<p><span style=\"color: #000000;\">Keynote speaker: Mr <strong>Andrew C. Weber<\/strong>, Assistant Secretary of Defense for Nuclear, Chemical and Biological Defense Programs U.S. Department of Defense<\/span><\/p>\n<p><span style=\"color: #000000;\">First comment: Mr <strong>Arto R\u00e4ty<\/strong>, Permanent Secretary, Ministry of Defence of Finland<\/span><\/p>\n<p><span style=\"color: #000000;\">Chair: Mr <strong>Jaakko Laajava<\/strong>, Under-Secretary of State, Ministry for Foreign Affairs of Finland<\/span><\/p>\n<p><span style=\"color: #000000;\">Venue: House of the Estates, Helsinki<\/span><\/p>\n<p><span style=\"color: #000000;\">The seminar was organised in cooperation with Ministry for Foreing Affairs of Finland<\/span><\/p>\n<p><span style=\"color: #000000;\"><a href=\"http:\/\/atlanttiseura.fi\/WP\/wp-content\/uploads\/2013\/05\/Andy-Weber.jpg\"><span style=\"color: #000000;\"><img decoding=\"async\" loading=\"lazy\" class=\"alignnone size-full wp-image-1918\" title=\"Andrew Weber\" src=\"http:\/\/atlanttiseura.fi\/WP\/wp-content\/uploads\/2013\/05\/Andy-Weber.jpg\" alt=\"\" width=\"250\" height=\"167\"><\/span><\/a>&nbsp;&nbsp; <a href=\"http:\/\/atlanttiseura.fi\/WP\/wp-content\/uploads\/2013\/05\/Laajava-R\u00e4ty.jpg\"><span style=\"color: #000000;\"><img decoding=\"async\" loading=\"lazy\" class=\"alignnone size-full wp-image-1919\" title=\"Jaakko Laajava, Arto R\u00e4ty\" src=\"http:\/\/atlanttiseura.fi\/WP\/wp-content\/uploads\/2013\/05\/Laajava-R\u00e4ty.jpg\" alt=\"\" width=\"250\" height=\"167\"><\/span><\/a><\/span><br \/>\n<span style=\"color: #000000;\"> <a href=\"http:\/\/atlanttiseura.fi\/WP\/wp-content\/uploads\/2013\/05\/Laajava-Weber-R\u00e4tyVakkuri-Suominen.jpg\"><span style=\"color: #000000;\"><img decoding=\"async\" loading=\"lazy\" class=\"alignnone size-full wp-image-1920\" title=\"Jaakko Laajava, Andrew Weber, Arto R\u00e4ty, Aleksi Vakkuri, Terhi Suominen\" src=\"http:\/\/atlanttiseura.fi\/WP\/wp-content\/uploads\/2013\/05\/Laajava-Weber-R\u00e4tyVakkuri-Suominen.jpg\" alt=\"\" width=\"250\" height=\"167\"><\/span><\/a>&nbsp;&nbsp; <a href=\"http:\/\/atlanttiseura.fi\/WP\/wp-content\/uploads\/2013\/05\/Yleis\u00f6\u00e4-Weber.jpg\"><span style=\"color: #000000;\"><img decoding=\"async\" loading=\"lazy\" class=\"alignnone size-full wp-image-1921\" src=\"http:\/\/atlanttiseura.fi\/WP\/wp-content\/uploads\/2013\/05\/Yleis\u00f6\u00e4-Weber.jpg\" alt=\"\" width=\"250\" height=\"167\"><\/span><\/a><br \/>\n<\/span><span style=\"color: #000000;\">Photos: Timo Ikonen, UM<\/span><\/p>\n<p><span style=\"color: #000000;\"><strong>21.-22.5.2013<\/strong><\/span><\/p>\n<p><span style=\"color: #000000;\"><em>ATA Council Meeting<\/em><\/span><\/p>\n<p><span style=\"color: #000000;\">Venue: Brussels<\/span><\/p>\n<p><span style=\"color: #000000;\"><strong>17.5.2013<\/strong><\/span><\/p>\n<p><span style=\"color: #000000;\"><em>Suomen Atlantti-Seuran s\u00e4\u00e4nt\u00f6m\u00e4\u00e4r\u00e4inen kev\u00e4tkokous<\/em><\/span><\/p>\n<p><span style=\"color: #000000;\">Paikka: G18 Juhlasali, Helsinki<\/span><\/p>\n<p><span style=\"color: #000000;\"><strong>17.5.2013<\/strong><\/span><\/p>\n<p><span style=\"color: #000000;\"><em>Eurooppa ja Yhdysvallat kumppaneina maailmantaloudessa<\/em><\/span><\/p>\n<p><span style=\"color: #000000;\">Puhuja: <strong>Olli Rehn<\/strong>, Varapuheenjohtaja, Euroopan komissio,<\/span><br \/>\n<span style=\"color: #000000;\"> Talous ja raha-asioista vastaava Euroopan komission j\u00e4sen<a href=\"http:\/\/atlanttiseura.fi\/WP\/wp-content\/uploads\/2013\/05\/Puhe_Varapuheenjohtaja-Olli-Rehn_170513.pdf\"><span style=\"color: #000000;\"><br \/>\n<\/span><\/a><\/span><a href=\"http:\/\/atlanttiseura.fi\/WP\/wp-content\/uploads\/2013\/05\/Puhe_Varapuheenjohtaja-Olli-Rehn_170513.pdf\">&gt;&gt; Olli Rehn Puhe (pdf)<\/a><\/p>\n<p><span style=\"color: #000000;\">Paikka:&nbsp;G18 Juhlasali, Helsinki<\/span><\/p>\n<p><span style=\"color: #000000;\"><a href=\"http:\/\/atlanttiseura.fi\/WP\/wp-content\/uploads\/2013\/05\/Isokuva-5010x200-Rehn-17.5.jpg\"><span style=\"color: #000000;\"><img decoding=\"async\" loading=\"lazy\" class=\"alignnone size-full wp-image-1894\" title=\"Olli Rehn\" src=\"http:\/\/atlanttiseura.fi\/WP\/wp-content\/uploads\/2013\/05\/Isokuva-5010x200-Rehn-17.5.jpg\" alt=\"\" width=\"510\" height=\"200\" srcset=\"http:\/\/atlanttiseura.fi\/WP\/wp-content\/uploads\/2013\/05\/Isokuva-5010x200-Rehn-17.5.jpg 510w, http:\/\/atlanttiseura.fi\/WP\/wp-content\/uploads\/2013\/05\/Isokuva-5010x200-Rehn-17.5-300x117.jpg 300w\" sizes=\"(max-width: 510px) 100vw, 510px\" \/><\/span><\/a><a href=\"http:\/\/atlanttiseura.fi\/WP\/wp-content\/uploads\/2013\/05\/Pikkukuva-250x167-Rehn-17.5.jpg\"><span style=\"color: #000000;\"><br \/>\n<\/span><\/a><a href=\"http:\/\/atlanttiseura.fi\/WP\/wp-content\/uploads\/2013\/05\/Pikkukuva2-250x167-Rehn-17.5.jpg\"><span style=\"color: #000000;\"><img decoding=\"async\" loading=\"lazy\" class=\"alignnone size-full wp-image-1890\" src=\"http:\/\/atlanttiseura.fi\/WP\/wp-content\/uploads\/2013\/05\/Pikkukuva2-250x167-Rehn-17.5.jpg\" alt=\"\" width=\"250\" height=\"167\"><\/span><\/a>&nbsp;&nbsp; <img decoding=\"async\" loading=\"lazy\" class=\"alignnone size-full wp-image-1891\" src=\"http:\/\/atlanttiseura.fi\/WP\/wp-content\/uploads\/2013\/05\/Pikkukuva3-250x167-Rehn-17.5.jpg\" alt=\"\" width=\"250\" height=\"167\"><\/span><\/p>\n<p><span style=\"color: #000000;\"><strong>8.5.2013<\/strong><\/span><\/p>\n<p><span style=\"color: #000000;\"><em>Sveriges f\u00f6rsvarskris och Nato-debatt<\/em><\/span><\/p>\n<p><span style=\"color: #000000;\">Stream l\u00e4nk: <\/span><a href=\" http:\/\/stream.hanaholmen.fi\/media\/Nato8.5.2013.wmv \">http:\/\/stream.hanaholmen.fi\/media\/Nato8.5.2013.wmv <\/a><\/p>\n<p><span style=\"color: #000000;\">V\u00e4lkommen<strong>: Gunvor Kronman<\/strong>, Direkt\u00f6r, Hanaholmen \u2013 kulturcentrum f\u00f6r Sverige och Finland<\/span><\/p>\n<p><span style=\"color: #000000;\">Keynote<strong>: Mikael Holmstr\u00f6m<\/strong>, S\u00e4kerhetspolitisk reporter, Svenska Dagbladet<\/span><\/p>\n<p><span style=\"color: #000000;\">Kommentar<strong>: Kari Huhta<\/strong>, Utrikes- och s\u00e4kerhetspolitisk reporter, Helsingin Sanomat<\/span><\/p>\n<p><span style=\"color: #000000;\">Moderator<strong>: Yrsa Gr\u00fcne<\/strong>, Ledarskribent, Hufvudstadsbladet<\/span><\/p>\n<p><span style=\"color: #000000;\">Plats: Hanaholmen \u2013 kulturcentrum f\u00f6r Sverige och Finland, Esbo<\/span><\/p>\n<p><span style=\"color: #000000;\">Arrang\u00f6rer: Finlands Atlants\u00e4llskap och Hanaholmen \u2013 kulturcentrum f\u00f6r Sverige och Finland<\/span><\/p>\n<p><span style=\"color: #000000;\"><a href=\"http:\/\/atlanttiseura.fi\/WP\/wp-content\/uploads\/2013\/05\/2.-500x200.jpg\"><span style=\"color: #000000;\"><img decoding=\"async\" loading=\"lazy\" class=\"alignnone wp-image-1848\" title=\"8.5.2013 Sveriges f\u00f6rsvarskris och Nato-debatt\" src=\"http:\/\/atlanttiseura.fi\/WP\/wp-content\/uploads\/2013\/05\/2.-500x200.jpg\" alt=\" Yrsa Gr\u00fcne, Kari Huhta, Mikael Holmstr\u00f6m\" width=\"511\" height=\"200\"><\/span><\/a><\/span><br \/>\n<span style=\"color: #000000;\"> <a href=\"http:\/\/atlanttiseura.fi\/WP\/wp-content\/uploads\/2013\/05\/3.-250x167.jpg\"><span style=\"color: #000000;\"><img decoding=\"async\" loading=\"lazy\" class=\"alignnone size-full wp-image-1849\" title=\"8.5.2013 Sveriges f\u00f6rsvarskris och Nato-debatt\" src=\"http:\/\/atlanttiseura.fi\/WP\/wp-content\/uploads\/2013\/05\/3.-250x167.jpg\" alt=\"\" width=\"250\" height=\"167\"><\/span><\/a> &nbsp; <a href=\"http:\/\/atlanttiseura.fi\/WP\/wp-content\/uploads\/2013\/05\/1.-250x167.jpg\"><span style=\"color: #000000;\"><img decoding=\"async\" loading=\"lazy\" class=\"alignnone size-full wp-image-1847\" title=\"8.5.2013 Sveriges f\u00f6rsvarskris och Nato-debatt\" src=\"http:\/\/atlanttiseura.fi\/WP\/wp-content\/uploads\/2013\/05\/1.-250x167.jpg\" alt=\"\" width=\"250\" height=\"167\"><\/span><\/a><\/span><br \/>\n<span style=\"color: #000000;\"> <a href=\"http:\/\/atlanttiseura.fi\/WP\/wp-content\/uploads\/2013\/05\/510X200.jpg\"><span style=\"color: #000000;\"><img decoding=\"async\" loading=\"lazy\" class=\"alignnone wp-image-1850\" title=\"8.5.2013 Sveriges f\u00f6rsvarskris och Nato-debatt\" src=\"http:\/\/atlanttiseura.fi\/WP\/wp-content\/uploads\/2013\/05\/510X200.jpg\" alt=\"\" width=\"510\" height=\"200\" srcset=\"http:\/\/atlanttiseura.fi\/WP\/wp-content\/uploads\/2013\/05\/510X200.jpg 510w, http:\/\/atlanttiseura.fi\/WP\/wp-content\/uploads\/2013\/05\/510X200-300x117.jpg 300w\" sizes=\"(max-width: 510px) 100vw, 510px\" \/><\/span><\/a><\/span><\/p>\n<p><span style=\"color: #000000;\"><strong>4. &#8211; 6.2.2013<\/strong><\/span><\/p>\n<p><span style=\"color: #000000;\"><em>Atlantic Treaty Association (ATA) General Assembly<\/em><\/span><\/p>\n<p><span style=\"color: #000000;\">Venue: Rome, Italy<\/span><\/p>\n<p>&nbsp;<\/p>\n","protected":false},"excerpt":{"rendered":"<p>&nbsp; Laajava,&nbsp;R\u00e4ty&#8221; src=&#8221;http:\/\/atlanttiseura.fi\/WP\/wp-content\/uploads\/2013\/05\/Atlantti_seura_14.jpg&#8221; alt=&#8221;&#8221; width=&#8221;540&#8243; height=&#8221;360&#8243; \/&gt; Kuva: Timo Ikonen, UM TAPAHTUMAT VUONNA 2013 13.12.2013 Suomen Atlantti-Seuran s\u00e4\u00e4nt\u00f6m\u00e4\u00e4r\u00e4inen syyskokous Syyskokous valitsi yhdistykselle puheenjohtajan ja hallituksen vuodelle 2014. Suomen Atlantti-Seuran puheenjohtajana jatkaa Euroopan parlamentin j\u00e4sen Liisa Jaakonsaari. Hallituksen j\u00e4senet vuodelle 2014 ovat: Professori Tuomas Forsberg Kansainv\u00e4listen asiain sihteeri Jari Haapiainen Varatuomari, diplomiekonomi Henrik Lax Tietoyhteiskuntasuhteiden johtaja &hellip; <\/p>\n","protected":false},"author":1,"featured_media":0,"parent":30,"menu_order":3,"comment_status":"closed","ping_status":"closed","template":"","meta":[],"_links":{"self":[{"href":"http:\/\/atlanttiseura.fi\/index.php?rest_route=\/wp\/v2\/pages\/871"}],"collection":[{"href":"http:\/\/atlanttiseura.fi\/index.php?rest_route=\/wp\/v2\/pages"}],"about":[{"href":"http:\/\/atlanttiseura.fi\/index.php?rest_route=\/wp\/v2\/types\/page"}],"author":[{"embeddable":true,"href":"http:\/\/atlanttiseura.fi\/index.php?rest_route=\/wp\/v2\/users\/1"}],"replies":[{"embeddable":true,"href":"http:\/\/atlanttiseura.fi\/index.php?rest_route=%2Fwp%2Fv2%2Fcomments&post=871"}],"version-history":[{"count":179,"href":"http:\/\/atlanttiseura.fi\/index.php?rest_route=\/wp\/v2\/pages\/871\/revisions"}],"predecessor-version":[{"id":3434,"href":"http:\/\/atlanttiseura.fi\/index.php?rest_route=\/wp\/v2\/pages\/871\/revisions\/3434"}],"up":[{"embeddable":true,"href":"http:\/\/atlanttiseura.fi\/index.php?rest_route=\/wp\/v2\/pages\/30"}],"wp:attachment":[{"href":"http:\/\/atlanttiseura.fi\/index.php?rest_route=%2Fwp%2Fv2%2Fmedia&parent=871"}],"curies":[{"name":"wp","href":"https:\/\/api.w.org\/{rel}","templated":true}]}}