{"id":3319,"date":"2017-03-22T13:31:23","date_gmt":"2017-03-22T13:31:23","guid":{"rendered":"http:\/\/atlanttiseura.fi\/?page_id=3319"},"modified":"2022-02-23T00:05:29","modified_gmt":"2022-02-23T00:05:29","slug":"2000-2","status":"publish","type":"page","link":"http:\/\/atlanttiseura.fi\/?page_id=3319","title":{"rendered":"2000"},"content":{"rendered":"<p><span style=\"color: #000000;\"><strong>12.12.2000<\/strong><\/span><\/p>\n<p><span style=\"color: #000000;\"><em>EU:n Nizzan huippukokouksen tulokset<\/em><\/span><\/p>\n<p><span style=\"color: #000000;\">Puhuja: P\u00e4\u00e4ministeri <strong>Paavo Lipponen<\/strong>\u00a0<\/span><\/p>\n<p><span style=\"color: #000000;\">S\u00e4\u00e4tytalo<strong><br \/>\n<\/strong><\/span><\/p>\n<p><span style=\"color: #000000;\"><strong>12.12.2000<\/strong><\/span><\/p>\n<p><span style=\"color: #000000;\"><em>Suomen Atlantti-Seuran s\u00e4\u00e4nt\u00f6m\u00e4\u00e4r\u00e4inen\u00a0syyskokous<\/em><\/span><\/p>\n<p><span style=\"color: #000000;\">Henkil\u00f6valinnat vuodelle 2001:<\/span><\/p>\n<p><span style=\"color: #000000;\">Suomen Atlantti-Seuran puheenjohtajaksi valittiin ministeri, \u00a0suurl\u00e4hettil\u00e4s <strong>Jaakko Iloniemi<\/strong><\/span><\/p>\n<p><span style=\"color: #000000;\">Suomen Atlantti-Seuran hallituksen j\u00e4senet vuodelle 2001:<strong><br \/>\n<\/strong><\/span><\/p>\n<p><span style=\"color: #000000;\"><strong>Maria-Kaisa Aula<\/strong><\/span><br \/>\n<span style=\"color: #000000;\"><strong>Karoliina Honkanen <\/strong>(sihteeri)<\/span><br \/>\n<span style=\"color: #000000;\"><strong>Heikki Hult<\/strong><\/span><br \/>\n<span style=\"color: #000000;\"><strong>Jyrki Karvinen<\/strong><\/span><br \/>\n<span style=\"color: #000000;\"><strong>Tomas Ries<\/strong><\/span><br \/>\n<span style=\"color: #000000;\"><strong>Ilkka Suominen<\/strong><\/span><br \/>\n<span style=\"color: #000000;\"><strong>Astrid Thors<\/strong><\/span><br \/>\n<span style=\"color: #000000;\"><strong>Kari Vitie<\/strong><\/span><\/p>\n<p><span style=\"color: #000000;\"><strong>8.\u20139.12.2000<\/strong><\/span><\/p>\n<p><span style=\"color: #000000;\">Nuorten tutkijoiden seminaari:\u00a0<em>Nato, Euroopan unioni ja Pohjois-Euroopan turvallisuus<\/em><\/span><\/p>\n<p><span style=\"color: #000000;\"><strong>12.\u201313.10.2000<\/strong><\/span><\/p>\n<p><span style=\"color: #000000;\">Atlantic Treaty Associationin puheenjohtaja <strong>Theodossis Georgiou<\/strong> vieraili Suomessa. Georgiou tapasi puolustusministeri <strong>Jan-Erik Enestamin<\/strong>, ulkoasianministeri\u00f6n alivaltiosihteeri <strong>Jaakko Blombergin<\/strong>, puheenjohtaja <strong>Jaakko Iloniemen<\/strong> sek\u00e4 Suomen Atlantti-Seuran hallituksen j\u00e4seni\u00e4.<\/span><\/p>\n<p><span style=\"color: #000000;\"><strong>29.8.2000<\/strong><\/span><\/p>\n<p><span style=\"color: #000000;\"><em>EU:n puolustusulottuvuus<\/em><\/span><\/p>\n<p><span style=\"color: #000000;\">Puhujat:<\/span><br \/>\n<span style=\"color: #000000;\"><strong>Timo M\u00e4kel\u00e4<\/strong>, P\u00e4\u00e4llikk\u00f6, Euroopan komission Suomen edustusto<\/span><br \/>\n<span style=\"color: #000000;\"><strong>Antti Satuli<\/strong>, Edustuston p\u00e4\u00e4llikk\u00f6, suurl\u00e4hettil\u00e4s, Suomen pysyv\u00e4 edustusto Euroopan unionissa<\/span><\/p>\n<p><span style=\"color: #000000;\">Euroopan komission Suomen edustusto, Helsinki<\/span><\/p>\n<p><span style=\"color: #000000;\"><strong>29.5.2000<\/strong><\/span><\/p>\n<p><span style=\"color: #000000;\"><em>Atlantic NGO\u2019s and International Experiences<\/em>\u00a0and <em>The Internationalisation of Finland\u2019s Defence Industry<\/em><\/span><\/p>\n<p><span style=\"color: #000000;\">Speakers:<em><br \/>\n<\/em>Mr<strong> Troels Fr\u00f8ling<\/strong>, Secretary General, Danish Atlantic Treaty Association<\/span><br \/>\n<span style=\"color: #000000;\">Mr<strong> Jorma Eloranta<\/strong>, Chairman, Association of Finnish Defence Industry; CEO, Patria<\/span><\/p>\n<p><span style=\"color: #000000;\"><strong>29.5.2000<\/strong><\/span><\/p>\n<p><span style=\"color: #000000;\"><em>Suomen Atlantti-Seuran\u00a0s\u00e4\u00e4nt\u00f6m\u00e4\u00e4r\u00e4inen kev\u00e4tkokous<\/em><\/span><\/p>\n<p><span style=\"color: #000000;\"><strong>30.\u201331.3.2000<\/strong><\/span><\/p>\n<p><span style=\"color: #000000;\"><em>NATO Tomorrow<\/em><\/span><\/p>\n<p><span style=\"color: #000000;\">Speakers:<\/span><br \/>\n<span style=\"color: #000000;\">Mr <strong>Jan-Erik Enestam<\/strong>, Minister of Defence, Ministry of Defence of Finland<\/span><br \/>\n<span style=\"color: #000000;\">Mr <strong>Sergio Balanzino<\/strong>, Deputy Secretary General, NATO<\/span><\/p>\n","protected":false},"excerpt":{"rendered":"<p>12.12.2000 EU:n Nizzan huippukokouksen tulokset Puhuja: P\u00e4\u00e4ministeri Paavo Lipponen\u00a0 S\u00e4\u00e4tytalo 12.12.2000 Suomen Atlantti-Seuran s\u00e4\u00e4nt\u00f6m\u00e4\u00e4r\u00e4inen\u00a0syyskokous Henkil\u00f6valinnat vuodelle 2001: Suomen Atlantti-Seuran puheenjohtajaksi valittiin ministeri, \u00a0suurl\u00e4hettil\u00e4s Jaakko Iloniemi Suomen Atlantti-Seuran hallituksen j\u00e4senet vuodelle 2001: Maria-Kaisa Aula Karoliina Honkanen (sihteeri) Heikki Hult Jyrki Karvinen Tomas Ries Ilkka Suominen Astrid Thors Kari Vitie 8.\u20139.12.2000 Nuorten tutkijoiden seminaari:\u00a0Nato, Euroopan unioni ja &hellip; <\/p>\n","protected":false},"author":1,"featured_media":0,"parent":0,"menu_order":0,"comment_status":"closed","ping_status":"closed","template":"","meta":[],"_links":{"self":[{"href":"http:\/\/atlanttiseura.fi\/index.php?rest_route=\/wp\/v2\/pages\/3319"}],"collection":[{"href":"http:\/\/atlanttiseura.fi\/index.php?rest_route=\/wp\/v2\/pages"}],"about":[{"href":"http:\/\/atlanttiseura.fi\/index.php?rest_route=\/wp\/v2\/types\/page"}],"author":[{"embeddable":true,"href":"http:\/\/atlanttiseura.fi\/index.php?rest_route=\/wp\/v2\/users\/1"}],"replies":[{"embeddable":true,"href":"http:\/\/atlanttiseura.fi\/index.php?rest_route=%2Fwp%2Fv2%2Fcomments&post=3319"}],"version-history":[{"count":4,"href":"http:\/\/atlanttiseura.fi\/index.php?rest_route=\/wp\/v2\/pages\/3319\/revisions"}],"predecessor-version":[{"id":3749,"href":"http:\/\/atlanttiseura.fi\/index.php?rest_route=\/wp\/v2\/pages\/3319\/revisions\/3749"}],"wp:attachment":[{"href":"http:\/\/atlanttiseura.fi\/index.php?rest_route=%2Fwp%2Fv2%2Fmedia&parent=3319"}],"curies":[{"name":"wp","href":"https:\/\/api.w.org\/{rel}","templated":true}]}}