{"id":3309,"date":"2017-03-22T13:27:53","date_gmt":"2017-03-22T13:27:53","guid":{"rendered":"http:\/\/atlanttiseura.fi\/?page_id=3309"},"modified":"2022-02-23T00:11:36","modified_gmt":"2022-02-23T00:11:36","slug":"2005-2","status":"publish","type":"page","link":"http:\/\/atlanttiseura.fi\/?page_id=3309","title":{"rendered":"2005"},"content":{"rendered":"<p><span style=\"color: #000000;\"><strong>8.12.2005<\/strong><\/span><\/p>\n<p><span style=\"color: #000000;\"><em>Suomen Atlantti-Seuran s\u00e4\u00e4nt\u00f6m\u00e4\u00e4r\u00e4inen syyskokous<\/em><\/span><\/p>\n<p><span style=\"color: #000000;\">Henkil\u00f6valinnat vuodelle 2006:<\/span><\/p>\n<p><span style=\"color: #000000;\">Suomen Atlantti-Seuran puheenjohtajaksi valittiin\u00a0tohtori,\u00a0Elinkeinoel\u00e4m\u00e4n Valtuuskunta EVAn johtaja<strong> Risto E. J. Penttil\u00e4<\/strong><\/span><\/p>\n<p><span style=\"color: #000000;\">Suomen Atlantti-Seuran hallituksen j\u00e4senet vuodelle 2006:<\/span><\/p>\n<p><span style=\"color: #000000;\"><strong>Jori Arvonen<\/strong><\/span><br \/>\n<span style=\"color: #000000;\"><strong>Leif Blomqvist<\/strong><\/span><br \/>\n<span style=\"color: #000000;\"><strong>Aleksi Heikkil\u00e4<\/strong><\/span><br \/>\n<span style=\"color: #000000;\"><strong>Karoliina Honkanen<\/strong><\/span><br \/>\n<span style=\"color: #000000;\"><strong>Ulpu Iivari<\/strong><\/span><br \/>\n<span style=\"color: #000000;\"><strong>Olli Kivinen<\/strong><\/span><br \/>\n<span style=\"color: #000000;\"><strong>Juha Pyyk\u00f6nen<\/strong><\/span><br \/>\n<span style=\"color: #000000;\"><strong>Aulis Ranta-Muotio<\/strong><\/span><br \/>\n<span style=\"color: #000000;\"><strong>Pertti Salolainen<\/strong><\/span><br \/>\n<span style=\"color: #000000;\"><strong>Astrid Thors<\/strong><\/span><\/p>\n<p><span style=\"color: #000000;\">P\u00e4\u00e4sihteeri:<\/span><br \/>\n<span style=\"color: #000000;\"><strong>Terhi Suominen<\/strong><\/span><\/p>\n<p><span style=\"color: #000000;\">Paikka: Kansallisarkiston luentosali, Helsinki<\/span><\/p>\n<p><span style=\"color: #000000;\"><strong>8.12.2005<\/strong><\/span><\/p>\n<p><span style=\"color: #000000;\"><em>Kulkeeko Suomi kohti Nato-j\u00e4senyytt\u00e4?<\/em><\/span><\/p>\n<p><span style=\"color: #000000;\">Puhujat:<strong><br \/>\nPiia-Noora<\/strong> <strong>Kauppi<\/strong>, Euroopan parlamentin j\u00e4sen<\/span><br \/>\n<span style=\"color: #000000;\"><strong>Kimmo<\/strong> <strong>Kiljunen<\/strong>, Kansanedustaja (SDP)<\/span><br \/>\n<span style=\"color: #000000;\"><strong>Tuomas<\/strong> <strong>Forsberg<\/strong>, Professori, Helsingin yliopisto<strong><br \/>\n<\/strong><\/span><\/p>\n<p><span style=\"color: #000000;\">Paikka: Kansallisarkiston luentosali, Helsinki<\/span><\/p>\n<p><span style=\"color: #000000;\"><strong>16.11.2005<\/strong><\/span><\/p>\n<p><span style=\"color: #000000;\"><em>Suomen Atlantti-Seuran j\u00e4rjest\u00e4m\u00e4 vierailu Ruotsin suurl\u00e4hetyst\u00f6\u00f6n<\/em><\/span><\/p>\n<p><span style=\"color: #000000;\">Aihe:\u00a0Ulko- ja turvallisuuspolitiikan p\u00e4iv\u00e4npolttavat kysymykset<\/span><\/p>\n<p><span style=\"color: #000000;\">Vierailun is\u00e4nt\u00e4: <strong>Ulf<\/strong> <strong>Hjertonsson<\/strong>, Suurl\u00e4hettil\u00e4s\u00a0<\/span><\/p>\n<p><span style=\"color: #000000;\"><strong>28. \u2013 30.9.2005<\/strong><\/span><\/p>\n<p><span style=\"color: #000000;\"><em>Atlantic Treaty Association (ATA) General Assembly<\/em><\/span><\/p>\n<p><span style=\"color: #000000;\">Venue: Tallinn, Estonia<\/span><\/p>\n<p><span style=\"color: #000000;\"><strong>9.\u201311.9.2005<\/strong><\/span><\/p>\n<p><span style=\"color: #000000;\">Suomen Atlantti-Seura esitt\u00e4ytyi\u00a0<em>Puolustus ja turvallisuus 2005<\/em>\u00a0-messuilla<\/span><\/p>\n<p><span style=\"color: #000000;\">Puhujavieraat:\u00a0<strong><br \/>\nRisto<\/strong> <strong>E.J. Penttil\u00e4<\/strong>, Johtaja, Elinkeinoel\u00e4m\u00e4n Valtuuskunta<strong><br \/>\nJukka<\/strong> <strong>Tarkka<\/strong>, Tohtori<\/span><br \/>\n<span style=\"color: #000000;\"><strong>Leif<\/strong> <strong>Blomqvist<\/strong>, Suurl\u00e4hettil\u00e4s<strong><br \/>\n<\/strong><\/span><\/p>\n<p><span style=\"color: #000000;\">Paikka: Pirkkahalli, Tampere<\/span><\/p>\n<p><span style=\"color: #000000;\"><strong>17.5.2005<\/strong><\/span><\/p>\n<p><span style=\"color: #000000;\"><em>Naton kehitysn\u00e4kym\u00e4t ja Suomen Nato-yhteisty\u00f6<\/em><\/span><\/p>\n<p><span style=\"color: #000000;\">Alustus: <strong>Janne<\/strong> <strong>Kuusela<\/strong>, Neuvotteleva virkamies, Puolustusministeri\u00f6<\/span><\/p>\n<p><span style=\"color: #000000;\">Paikka: SRV-Yhti\u00f6iden tilat, Helsinki<\/span><\/p>\n<p><span style=\"color: #000000;\"><strong>17.5.2005<\/strong><\/span><\/p>\n<p><span style=\"color: #000000;\"><em>Suomen Atlantti-Seuran s\u00e4\u00e4nt\u00f6m\u00e4\u00e4r\u00e4inen\u00a0kev\u00e4tkokous<\/em><\/span><\/p>\n<p><span style=\"color: #000000;\">Paikka: SRV-Yhti\u00f6iden tilat, Helsinki<\/span><\/p>\n<p><span style=\"color: #000000;\"><strong>28.4.2005<\/strong><\/span><\/p>\n<p><span style=\"color: #000000;\"><em>Developing European Crisis Management Capabilities \u2013<\/em><\/span><br \/>\n<span style=\"color: #000000;\"><em>Challenges for Finland?<\/em><\/span><\/p>\n<p><span style=\"color: #000000;\"><em>Session 1: European Crisis Management Capabilities<\/em><\/span><\/p>\n<p><span style=\"color: #000000;\">Chair: Mr <strong>Antti-Juha Pelttari<\/strong>, Chairman, European Security Forum<\/span><br \/>\n<span style=\"color: #000000;\">Speakers:<\/span><br \/>\n<span style=\"color: #000000;\">Mr<strong> Jean-Pierre Herreweghe<\/strong>, Major General, Deputy Director General \/ Chief of Staff, European Union Military Staff<\/span><br \/>\n<span style=\"color: #000000;\">Mr<strong> Michael Moore<\/strong>, Major General, Armed Forces Headquarters, Swedish Armed Forces<\/span><br \/>\n<span style=\"color: #000000;\">Mr<strong> Roy Hunstock<\/strong>, Brigadier, Supreme Headquarters Allied Powers Europe<\/span><\/p>\n<p><span style=\"color: #000000;\"><em>Session 2: Implications for the Participating States<\/em><\/span><\/p>\n<p><span style=\"color: #000000;\">Chair: Dr. <strong>Risto E. J. Penttil\u00e4<\/strong>, Chairman, Atlantic Council of Finland<\/span><br \/>\n<span style=\"color: #000000;\">Comment: Ms <strong>Hanna Ojanen<\/strong>, Senior Researcher, Finnish Institute of International Affairs<\/span><br \/>\n<span style=\"color: #000000;\">Panel:<\/span><br \/>\n<span style=\"color: #000000;\">Mr<strong> Jean-Pierre Herreweghe<\/strong>, Major General, Deputy Director General \/ Chief of Staff, European Union Military Staff<\/span><br \/>\n<span style=\"color: #000000;\">Mr<strong> Michael Moore<\/strong>, Major General, Armed Forces Headquarters, Swedish Armed Forces<\/span><br \/>\n<span style=\"color: #000000;\">Mr<strong> Roy Hunstock<\/strong>, Brigadier, Supreme Headquarters Allied Powers Europe<\/span><br \/>\n<span style=\"color: #000000;\">Mr <strong>Pauli J\u00e4rvenp\u00e4\u00e4<\/strong>, Director General, Ministry of Defence of Finland<\/span><\/p>\n<p><span style=\"color: #000000;\">Venue: Parliament House of Finland, Helsinki<\/span><\/p>\n<p><span style=\"color: #000000;\">The event was organised in cooperation with the European Security Forum ESF<\/span><\/p>\n<p><span style=\"color: #000000;\"><a style=\"color: #000000;\" href=\"http:\/\/atlanttiseura.fi\/WP\/wp-content\/uploads\/2013\/02\/28.4.2005-1.jpg\"><img decoding=\"async\" loading=\"lazy\" class=\"alignnone size-full wp-image-1495\" title=\"28.4.2005 Developing European Crisis Management Capabilities - Challenges for Finland?\" src=\"http:\/\/atlanttiseura.fi\/WP\/wp-content\/uploads\/2013\/02\/28.4.2005-1.jpg\" alt=\"\" width=\"250\" height=\"167\" \/><\/a> \u00a0\u00a0<a style=\"color: #000000;\" href=\"http:\/\/atlanttiseura.fi\/WP\/wp-content\/uploads\/2013\/02\/28.4.2005.jpg\"><img decoding=\"async\" loading=\"lazy\" class=\"alignnone size-full wp-image-1493\" title=\"28.4.2005 Developing European Crisis Management Capabilities - Challenges for Finland?\" src=\"http:\/\/atlanttiseura.fi\/WP\/wp-content\/uploads\/2013\/02\/28.4.2005.jpg\" alt=\"\" width=\"250\" height=\"167\" \/><\/a><\/span><br \/>\n<span style=\"color: #000000;\"><a style=\"color: #000000;\" href=\"http:\/\/atlanttiseura.fi\/WP\/wp-content\/uploads\/2013\/02\/28.4.2005-2.jpg\"><img decoding=\"async\" loading=\"lazy\" class=\"alignnone wp-image-1494\" title=\"28.4.2005 Developing European Crisis Management Capabilities - Challenges for Finland?\" src=\"http:\/\/atlanttiseura.fi\/WP\/wp-content\/uploads\/2013\/02\/28.4.2005-2.jpg\" alt=\"\" width=\"512\" height=\"200\" \/><\/a><\/span><\/p>\n<p><span style=\"color: #000000;\"><strong>14.3.2005<\/strong><\/span><\/p>\n<p><span style=\"color: #000000;\">Visit to the British Embassy in Finland<\/span><\/p>\n<p><span style=\"color: #000000;\">Topic: <em>European Security \u2013 A British View<\/em><\/span><\/p>\n<p><span style=\"color: #000000;\">Speaker: <strong>H.E. Matthew Kirk<\/strong>, Her Britannic Majesty\u2019s Ambassador to Finland<\/span><\/p>\n<p><span style=\"color: #000000;\">Venue: British Embassy, Helsinki<\/span><\/p>\n","protected":false},"excerpt":{"rendered":"<p>8.12.2005 Suomen Atlantti-Seuran s\u00e4\u00e4nt\u00f6m\u00e4\u00e4r\u00e4inen syyskokous Henkil\u00f6valinnat vuodelle 2006: Suomen Atlantti-Seuran puheenjohtajaksi valittiin\u00a0tohtori,\u00a0Elinkeinoel\u00e4m\u00e4n Valtuuskunta EVAn johtaja Risto E. J. Penttil\u00e4 Suomen Atlantti-Seuran hallituksen j\u00e4senet vuodelle 2006: Jori Arvonen Leif Blomqvist Aleksi Heikkil\u00e4 Karoliina Honkanen Ulpu Iivari Olli Kivinen Juha Pyyk\u00f6nen Aulis Ranta-Muotio Pertti Salolainen Astrid Thors P\u00e4\u00e4sihteeri: Terhi Suominen Paikka: Kansallisarkiston luentosali, Helsinki 8.12.2005 Kulkeeko Suomi &hellip; <\/p>\n","protected":false},"author":1,"featured_media":0,"parent":0,"menu_order":0,"comment_status":"closed","ping_status":"closed","template":"","meta":[],"_links":{"self":[{"href":"http:\/\/atlanttiseura.fi\/index.php?rest_route=\/wp\/v2\/pages\/3309"}],"collection":[{"href":"http:\/\/atlanttiseura.fi\/index.php?rest_route=\/wp\/v2\/pages"}],"about":[{"href":"http:\/\/atlanttiseura.fi\/index.php?rest_route=\/wp\/v2\/types\/page"}],"author":[{"embeddable":true,"href":"http:\/\/atlanttiseura.fi\/index.php?rest_route=\/wp\/v2\/users\/1"}],"replies":[{"embeddable":true,"href":"http:\/\/atlanttiseura.fi\/index.php?rest_route=%2Fwp%2Fv2%2Fcomments&post=3309"}],"version-history":[{"count":3,"href":"http:\/\/atlanttiseura.fi\/index.php?rest_route=\/wp\/v2\/pages\/3309\/revisions"}],"predecessor-version":[{"id":3755,"href":"http:\/\/atlanttiseura.fi\/index.php?rest_route=\/wp\/v2\/pages\/3309\/revisions\/3755"}],"wp:attachment":[{"href":"http:\/\/atlanttiseura.fi\/index.php?rest_route=%2Fwp%2Fv2%2Fmedia&parent=3309"}],"curies":[{"name":"wp","href":"https:\/\/api.w.org\/{rel}","templated":true}]}}