{"id":3307,"date":"2017-03-22T13:27:08","date_gmt":"2017-03-22T13:27:08","guid":{"rendered":"http:\/\/atlanttiseura.fi\/?page_id=3307"},"modified":"2022-02-23T00:12:37","modified_gmt":"2022-02-23T00:12:37","slug":"2006-2","status":"publish","type":"page","link":"http:\/\/atlanttiseura.fi\/?page_id=3307","title":{"rendered":"2006"},"content":{"rendered":"<p><span style=\"color: #000000;\"><strong>5.\u201310.12.2006<\/strong><\/span><\/p>\n<p><span style=\"color: #000000;\"><em>Atlantic Treaty Association\u00a0 (ATA) General Assembly<\/em><\/span><\/p>\n<p><span style=\"color: #000000;\">Venue: Athens, Greece<\/span><\/p>\n<p><span style=\"color: #000000;\"><strong>4.12.2006<\/strong><\/span><\/p>\n<p><span style=\"color: #000000;\"><em>Suomen Atlantti-Seuran s\u00e4\u00e4nt\u00f6m\u00e4\u00e4r\u00e4inen syyskokous<\/em><\/span><\/p>\n<p><span style=\"color: #000000;\">Henkil\u00f6valinnat vuodelle 2007:<\/span><\/p>\n<p><span style=\"color: #000000;\">Suomen Atlantti-Seuran puheenjohtajaksi valittiin tohtori, Elinkeinoel\u00e4m\u00e4n Valtuuskunta EVAn johtaja <strong>Risto E. J. Penttil\u00e4<\/strong><\/span><\/p>\n<p><span style=\"color: #000000;\">Suomen Atlantti-Seuran hallituksen j\u00e4senet vuodelle 2007:<\/span><\/p>\n<p><span style=\"color: #000000;\"><strong>Suvi Aherto<\/strong><\/span><br \/>\n<span style=\"color: #000000;\"><strong>Jori Arvonen<\/strong><\/span><br \/>\n<span style=\"color: #000000;\"><strong>Leif Blomqvist<\/strong><\/span><br \/>\n<span style=\"color: #000000;\"><strong>Karoliina Honkanen<\/strong><\/span><br \/>\n<span style=\"color: #000000;\"><strong>Ulpu Iivari<\/strong><\/span><br \/>\n<span style=\"color: #000000;\"><strong>Olli Kivinen<\/strong><\/span><br \/>\n<span style=\"color: #000000;\"><strong>Lasse Kurkilahti<\/strong><\/span><br \/>\n<span style=\"color: #000000;\"><strong>Juha Pyyk\u00f6nen<\/strong><\/span><br \/>\n<span style=\"color: #000000;\"><strong>Aulis Ranta-Muotio<\/strong><\/span><br \/>\n<span style=\"color: #000000;\"><strong>Pertti Salolainen<\/strong><\/span><br \/>\n<span style=\"color: #000000;\"><strong>Astrid Thors<\/strong><\/span><\/p>\n<p><span style=\"color: #000000;\">P\u00e4\u00e4sihteeri:<\/span><br \/>\n<span style=\"color: #000000;\"><strong>Terhi Suominen<\/strong><\/span><\/p>\n<p><span style=\"color: #000000;\">Paikka: Sanomatalo, Helsinki<\/span><\/p>\n<p><span style=\"color: #000000;\"><strong>4.12.2006<\/strong><\/span><\/p>\n<p><span style=\"color: #000000;\"><em>Eurooppalainen Nato vai Natoton Suomi?<\/em><\/span><\/p>\n<p><span style=\"color: #000000;\">Puhujat:<\/span><br \/>\n<span style=\"color: #000000;\"><strong>Jan-Erik Enestam<\/strong>, Ymp\u00e4rist\u00f6ministeri<\/span><br \/>\n<span style=\"color: #000000;\"><strong>Gustav H\u00e4gglund<\/strong>, Kenraali<\/span><\/p>\n<p><span style=\"color: #000000;\">Paikka: Sanomatalo, Helsinki<\/span><\/p>\n<p><span style=\"color: #000000;\"><strong>29.11.2006<\/strong><\/span><\/p>\n<p><span style=\"color: #000000;\"><em>The Future of NATO<\/em><\/span><\/p>\n<p><span style=\"color: #000000;\">Speaker: Mr<strong> Eric Edelman<\/strong>, Under Secretary of Defense Policy, U.S Department of Defence<\/span><\/p>\n<p><span style=\"color: #000000;\">Venue: Finnish Institute of International Affairs, Helsinki<\/span><\/p>\n<p><span style=\"color: #000000;\">Organisers: Atlantic Council of Finland, Finnish Institute of International Affairs (FIIA) and U.S. Embassy in Helsinki<\/span><\/p>\n<p><span style=\"color: #000000;\"><strong>30.10.2006<\/strong><\/span><\/p>\n<p><span style=\"color: #000000;\"><em>How can we improve EU\u2013NATO Relations?<\/em><\/span><\/p>\n<p><span style=\"color: #000000;\">Welcome Address:<\/span><br \/>\n<span style=\"color: #000000;\">Dr. <strong>Risto E. J. Penttil\u00e4<\/strong>, Chairman, Atlantic Council of Finland<\/span><br \/>\n<span style=\"color: #000000;\">Ph.D. <strong>Robert Hunter<\/strong>, Ambassador (ret.), President of the Atlantic Treaty Association<\/span><\/p>\n<p><span style=\"color: #000000;\"><em>How to improve EU-NATO Relations?<\/em><\/span><br \/>\n<span style=\"color: #000000;\">Chair: Mr <strong>Troels Fr\u00f8ling<\/strong>, Secretary General, Atlantic Treaty Association<\/span><br \/>\n<span style=\"color: #000000;\">Speakers:<\/span><br \/>\n<span style=\"color: #000000;\">Mrs <strong>Alda Silveira Reis<\/strong>, Head, Horizontal Issues Unit, Secretariat of the Council of the European Union<\/span><br \/>\n<span style=\"color: #000000;\">Mr <strong>Robert F. Simmons Jr<\/strong>., Deputy Assistant Secretary General for Security Cooperation and Partnership, NATO<\/span><\/p>\n<p><span style=\"color: #000000;\"><em>EU and NATO \u2013 Division of Labour<\/em><\/span><br \/>\n<span style=\"color: #000000;\">Chair: Mr <strong>Leif Blomqvist<\/strong>, Ambassador (ret.)<\/span><br \/>\n<span style=\"color: #000000;\">Speakers:<\/span><br \/>\n<span style=\"color: #000000;\">Ph.D. <strong>Robert Hunter<\/strong>, Ambassador (ret.), President of the Atlantic Treaty Association<\/span><br \/>\n<span style=\"color: #000000;\">Dr. <strong>Pauli J\u00e4rvenp\u00e4\u00e4<\/strong>, Director, Defence Policy Department, Ministry of Defence of Finland<\/span><br \/>\n<span style=\"color: #000000;\">Dr. <strong>Mike Winnerstig<\/strong>, Swedish Defence Research Agency<\/span><br \/>\n<span style=\"color: #000000;\">Dr. <strong>Dirk Brengelmann<\/strong>, Head, Defence and Security Policy Unit, German Foreign Office<\/span><\/p>\n<p><span style=\"color: #000000;\"><a style=\"color: #000000;\" href=\"http:\/\/atlanttiseura.fi\/tiedostot\/muistio_kv-seminaari_2006.pdf?customize_changeset_uuid=8c95e413-6d5e-4549-9e13-f8afa6b7b9fb\">&gt;&gt;Karoliina Honkanen\u2019s memo from the event (in Finnish)<\/a><\/span><\/p>\n<p><span style=\"color: #000000;\">Venue: House of Estates, Helsinki<\/span><\/p>\n<p><span style=\"color: #000000;\">Conference was supported by Kemira Oyj<\/span><\/p>\n<p><span style=\"color: #000000;\"><a style=\"color: #000000;\" href=\"http:\/\/atlanttiseura.fi\/WP\/wp-content\/uploads\/2013\/02\/Hunter-Blomqvist-Brengelman.jpg\"><img decoding=\"async\" loading=\"lazy\" class=\"alignnone wp-image-1492\" title=\"Hunter, Blomqvist, Brengelman 30.10.2006\" src=\"http:\/\/atlanttiseura.fi\/WP\/wp-content\/uploads\/2013\/02\/Hunter-Blomqvist-Brengelman.jpg\" alt=\"\" width=\"510\" height=\"200\" \/><\/a><\/span><br \/>\n<span style=\"color: #000000;\"><a style=\"color: #000000;\" href=\"http:\/\/atlanttiseura.fi\/WP\/wp-content\/uploads\/2013\/03\/IMG_5163.jpg\"><img decoding=\"async\" loading=\"lazy\" class=\"alignnone size-full wp-image-1528\" title=\"How can we improve EU\u2013NATO Relations?\" src=\"http:\/\/atlanttiseura.fi\/WP\/wp-content\/uploads\/2013\/03\/IMG_5163.jpg\" alt=\"\" width=\"250\" height=\"167\" \/><\/a>\u00a0\u00a0 <a style=\"color: #000000;\" href=\"http:\/\/atlanttiseura.fi\/WP\/wp-content\/uploads\/2013\/03\/IMG_5180.jpg\"><img decoding=\"async\" loading=\"lazy\" class=\"alignnone size-full wp-image-1530\" title=\"How can we improve EU\u2013NATO Relations?\" src=\"http:\/\/atlanttiseura.fi\/WP\/wp-content\/uploads\/2013\/03\/IMG_5180.jpg\" alt=\"\" width=\"250\" height=\"167\" \/><\/a><\/span><\/p>\n<p><span style=\"color: #000000;\"><strong>5.10.2006<\/strong><\/span><\/p>\n<p><span style=\"color: #000000;\"><em>The European Security Architecture in 2015<\/em><\/span><\/p>\n<p><span style=\"color: #000000;\">Speaker: Mr <strong>Pol De Witte<\/strong>, Security Policy Director, Belgian Ministry of Foreign Affairs<a style=\"color: #000000;\" href=\"http:\/\/atlanttiseura.fi\/en\/wp-content\/uploads\/2012\/07\/european_security_architecture.ppt\"><br \/>\n&gt;&gt;Mr. De Witte\u2019s Presentation (PowerPoint)<\/a> This presentation is under the author\u2019s personal responsibility and does not engage the Belgian Ministry of Foreign Affairs<\/span><\/p>\n<p><span style=\"color: #000000;\">Venue: Embassy of Belgium, Helsinki<\/span><\/p>\n<p><span style=\"color: #000000;\"><strong>11.9.2006<\/strong><\/span><\/p>\n<p><span style=\"color: #000000;\">Keskustelutilaisuus: <em>Liittoutua vai ei? \u2013 Hatut ja myssyt 2000-luvun Suomessa<\/em><\/span><\/p>\n<p><span style=\"color: #000000;\">Alustajat:<\/span><br \/>\n<span style=\"color: #000000;\"><strong>Lasse Lehtinen<\/strong>, Filosofian tohtori, Euroopan parlamentin j\u00e4sen<\/span><br \/>\n<span style=\"color: #000000;\"><strong>Heikki Talvitie<\/strong>, Suurl\u00e4hettil\u00e4s<\/span><\/p>\n<p><span style=\"color: #000000;\">Puheenjohtaja: <strong>Olli Kivinen<\/strong>, Kolumnisti, Suomen Atlantti-Seuran hallituksen varapuheenjohtaja<\/span><\/p>\n<p><span style=\"color: #000000;\">Paikka: Eurooppa-talo, Helsinki<\/span><\/p>\n<p><span style=\"color: #000000;\">Tilaisuus j\u00e4rjestettiin yhteisty\u00f6ss\u00e4 Euroopan parlamentin Suomen tiedotustoimiston kanssa<\/span><\/p>\n<p><span style=\"color: #000000;\"><a style=\"color: #000000;\" href=\"http:\/\/atlanttiseura.fi\/WP\/wp-content\/uploads\/2013\/03\/Yleis%C3%B6%C3%A41-e1362139731729.jpg\"><img decoding=\"async\" loading=\"lazy\" class=\"alignnone wp-image-1523\" title=\"Liittoutua vai ei? \u2013 Hatut ja myssyt 2000-luvun Suomessa - Yleis\u00f6\u00e4\" src=\"http:\/\/atlanttiseura.fi\/WP\/wp-content\/uploads\/2013\/03\/Yleis%C3%B6%C3%A41-e1362140261108.jpg\" alt=\"\" width=\"510\" height=\"200\" \/><\/a><\/span><br \/>\n<span style=\"color: #000000;\"><a style=\"color: #000000;\" href=\"http:\/\/atlanttiseura.fi\/WP\/wp-content\/uploads\/2013\/03\/Kivinen-ja-Lehtinen.jpg\"><img decoding=\"async\" loading=\"lazy\" class=\"alignnone wp-image-1540\" title=\"Olli Kivinen ja Lasse Lehtinen\" src=\"http:\/\/atlanttiseura.fi\/WP\/wp-content\/uploads\/2013\/03\/Kivinen-ja-Lehtinen.jpg\" alt=\"\" width=\"250\" height=\"167\" \/><\/a>\u00a0\u00a0 <a style=\"color: #000000;\" href=\"http:\/\/atlanttiseura.fi\/WP\/wp-content\/uploads\/2013\/03\/Iivari2.jpg\"><img decoding=\"async\" loading=\"lazy\" class=\"alignnone size-full wp-image-1521\" title=\"Ulpu Iivari\" src=\"http:\/\/atlanttiseura.fi\/WP\/wp-content\/uploads\/2013\/03\/Iivari2.jpg\" alt=\"\" width=\"250\" height=\"167\" \/><\/a><\/span><br \/>\n<span style=\"color: #000000;\"><img decoding=\"async\" loading=\"lazy\" class=\"alignnone\" title=\"Liittoutua vai ei? \u2013 Hatut ja myssyt 2000-luvun Suomessa - Yleis\u00f6\u00e4\" src=\"http:\/\/atlanttiseura.fi\/en\/wp-content\/uploads\/2012\/08\/Yleis%C3%B6%C3%A44-Copy.jpg\" alt=\"\" width=\"510\" height=\"200\" \/><\/span><\/p>\n<p><span style=\"color: #000000;\"><strong>17.5.2006<\/strong><\/span><\/p>\n<p><span style=\"color: #000000;\">Suomen Atlantti-Seuran s\u00e4\u00e4nt\u00f6m\u00e4\u00e4r\u00e4inen kev\u00e4tkokous<\/span><\/p>\n<p><span style=\"color: #000000;\">Paikka: Mets\u00e4teollisuus ry, Helsinki<\/span><\/p>\n<p><span style=\"color: #000000;\"><strong>17.5.2006<\/strong><\/span><\/p>\n<p><span style=\"color: #000000;\"><em>Mets\u00e4teollisuus ja transatlanttiset suhteet<\/em><\/span><\/p>\n<p><span style=\"color: #000000;\">Puhuja:<strong> Pertti Laine<\/strong>, Johtaja, Teollisuuspolitiikka, Mets\u00e4teollisuus ry<\/span><\/p>\n<p><span style=\"color: #000000;\"><em>Ven\u00e4j\u00e4: transatlanttinen suurvalta<\/em><\/span><\/p>\n<p><span style=\"color: #000000;\">Puhuja: \u00a0<strong>Henrikki<\/strong> <strong>Heikka<\/strong>, Erikoistutkija, Ulkopoliittinen instituutti<\/span><\/p>\n<p><span style=\"color: #000000;\">Paikka: Mets\u00e4teollisuus ry, Helsinki<\/span><\/p>\n<p><span style=\"color: #000000;\"><strong>2.5.2006<\/strong><\/span><\/p>\n<p><span style=\"color: #000000;\"><em>The Middle East Complex: The US View<\/em><\/span><\/p>\n<p><span style=\"color: #000000;\">Speaker: Mr <strong>Gordon Gray<\/strong>, Deputy Assistant Secretary of Near Eastern Affairs, U.S. Department of State<\/span><\/p>\n<p><span style=\"color: #000000;\">Venue: Embassy of the United States, Helsinki<\/span><\/p>\n<p><span style=\"color: #000000;\">The event was organised in cooperation with the US Embassy in Helsinki<\/span><\/p>\n<p><span style=\"color: #000000;\"><a style=\"color: #000000;\" href=\"http:\/\/atlanttiseura.fi\/WP\/wp-content\/uploads\/2013\/03\/picture-008-2.jpg\"><img decoding=\"async\" loading=\"lazy\" class=\"alignnone size-full wp-image-1546\" src=\"http:\/\/atlanttiseura.fi\/WP\/wp-content\/uploads\/2013\/03\/picture-008-2.jpg\" sizes=\"(max-width: 500px) 100vw, 500px\" srcset=\"http:\/\/atlanttiseura.fi\/WP\/wp-content\/uploads\/2013\/03\/picture-008-2.jpg 500w, http:\/\/atlanttiseura.fi\/WP\/wp-content\/uploads\/2013\/03\/picture-008-2-300x120.jpg 300w\" alt=\"\" width=\"500\" height=\"200\" \/><\/a><\/span><\/p>\n<p><span style=\"color: #000000;\"><strong>20.3.2006<\/strong><\/span><\/p>\n<p><span style=\"color: #000000;\"><em>Germany and Finland facing Transatlantic Challenges<\/em><\/span><\/p>\n<p><span style=\"color: #000000;\">Speakers:<\/span><br \/>\n<span style=\"color: #000000;\">Dr. <strong>Christoph Heusgen<\/strong>, Foreign Policy and Security Advisor to the Federal Chancellor Dr. Angela Merkel and Director General<\/span><br \/>\n<span style=\"color: #000000;\">Dr. <strong>Esko Antola, <\/strong>Professor, Jean Monnet Centre, University of Turku<strong><br \/>\n<\/strong><\/span><\/p>\n<p><span style=\"color: #000000;\">Venue: Helsinki<\/span><\/p>\n<p><span style=\"color: #000000;\">The event was organised in cooperation\u00a0with the European Commission Representation in Finland<\/span><\/p>\n","protected":false},"excerpt":{"rendered":"<p>5.\u201310.12.2006 Atlantic Treaty Association\u00a0 (ATA) General Assembly Venue: Athens, Greece 4.12.2006 Suomen Atlantti-Seuran s\u00e4\u00e4nt\u00f6m\u00e4\u00e4r\u00e4inen syyskokous Henkil\u00f6valinnat vuodelle 2007: Suomen Atlantti-Seuran puheenjohtajaksi valittiin tohtori, Elinkeinoel\u00e4m\u00e4n Valtuuskunta EVAn johtaja Risto E. J. Penttil\u00e4 Suomen Atlantti-Seuran hallituksen j\u00e4senet vuodelle 2007: Suvi Aherto Jori Arvonen Leif Blomqvist Karoliina Honkanen Ulpu Iivari Olli Kivinen Lasse Kurkilahti Juha Pyyk\u00f6nen Aulis Ranta-Muotio &hellip; <\/p>\n","protected":false},"author":1,"featured_media":0,"parent":0,"menu_order":0,"comment_status":"closed","ping_status":"closed","template":"","meta":[],"_links":{"self":[{"href":"http:\/\/atlanttiseura.fi\/index.php?rest_route=\/wp\/v2\/pages\/3307"}],"collection":[{"href":"http:\/\/atlanttiseura.fi\/index.php?rest_route=\/wp\/v2\/pages"}],"about":[{"href":"http:\/\/atlanttiseura.fi\/index.php?rest_route=\/wp\/v2\/types\/page"}],"author":[{"embeddable":true,"href":"http:\/\/atlanttiseura.fi\/index.php?rest_route=\/wp\/v2\/users\/1"}],"replies":[{"embeddable":true,"href":"http:\/\/atlanttiseura.fi\/index.php?rest_route=%2Fwp%2Fv2%2Fcomments&post=3307"}],"version-history":[{"count":3,"href":"http:\/\/atlanttiseura.fi\/index.php?rest_route=\/wp\/v2\/pages\/3307\/revisions"}],"predecessor-version":[{"id":3756,"href":"http:\/\/atlanttiseura.fi\/index.php?rest_route=\/wp\/v2\/pages\/3307\/revisions\/3756"}],"wp:attachment":[{"href":"http:\/\/atlanttiseura.fi\/index.php?rest_route=%2Fwp%2Fv2%2Fmedia&parent=3307"}],"curies":[{"name":"wp","href":"https:\/\/api.w.org\/{rel}","templated":true}]}}