{"id":3305,"date":"2017-03-22T13:26:31","date_gmt":"2017-03-22T13:26:31","guid":{"rendered":"http:\/\/atlanttiseura.fi\/?page_id=3305"},"modified":"2022-02-23T00:15:31","modified_gmt":"2022-02-23T00:15:31","slug":"2007-2","status":"publish","type":"page","link":"http:\/\/atlanttiseura.fi\/?page_id=3305","title":{"rendered":"2007"},"content":{"rendered":"<p><span style=\"color: #000000;\"><a style=\"color: #000000;\" href=\"http:\/\/atlanttiseura.fi\/WP\/wp-content\/uploads\/2012\/05\/Nato-ilman-tunteilua-.1.jpg\"><img decoding=\"async\" loading=\"lazy\" width=\"502\" height=\"333\" class=\"alignnone size-full wp-image-1706\" style=\"text-decoration: none; color: #676c6c;\" title=\"Nato ilman tunteilua .1\" src=\"http:\/\/atlanttiseura.fi\/WP\/wp-content\/uploads\/2012\/05\/Nato-ilman-tunteilua-.1.jpg\" sizes=\"(max-width: 502px) 100vw, &lt;a href=\" srcset=\"http:\/\/atlanttiseura.fi\/WP\/wp-content\/uploads\/2012\/05\/Nato-ilman-tunteilua-.1.jpg 502w, http:\/\/atlanttiseura.fi\/WP\/wp-content\/uploads\/2012\/05\/Nato-ilman-tunteilua-.1-300x199.jpg 300w\" \/><\/a><\/span><\/p>\n<p><span style=\"color: #000000;\"><strong>13.12.2007<\/strong><\/span><\/p>\n<p><span style=\"color: #000000;\"><em>Suomen Atlantti-Seuran s\u00e4\u00e4nt\u00f6m\u00e4\u00e4r\u00e4inen syyskokous<\/em><\/span><\/p>\n<p><span style=\"color: #000000;\">Henkil\u00f6valinnat vuodelle 2008:<\/span><\/p>\n<p><span style=\"color: #000000;\">Suomen Atlantti-Seuran puheenjohtajaksi valittiin tohtori, Elinkeinoel\u00e4m\u00e4n Valtuuskunta EVAn johtaja <strong>Risto E. J. Penttil\u00e4<\/strong><\/span><\/p>\n<p><span style=\"color: #000000;\">Suomen Atlantti-Seuran hallituksen j\u00e4senet vuodelle 2008:<\/span><\/p>\n<p><span style=\"color: #000000;\"><strong>Suvi Aherto<\/strong><\/span><br \/>\n<span style=\"color: #000000;\"><strong>Jori Arvonen<\/strong><\/span><br \/>\n<span style=\"color: #000000;\"><strong>Leif Blomqvist<\/strong><\/span><br \/>\n<span style=\"color: #000000;\"><strong>Jari Haapiainen<\/strong><\/span><br \/>\n<span style=\"color: #000000;\"><strong>Karoliina Honkanen<\/strong><\/span><br \/>\n<span style=\"color: #000000;\"><strong>Liisa Jaakonsaari<\/strong><\/span><br \/>\n<span style=\"color: #000000;\"><strong>Lasse Kurkilahti<\/strong><\/span><br \/>\n<span style=\"color: #000000;\"><strong>Jan D. Oker-Blom<\/strong><\/span><br \/>\n<span style=\"color: #000000;\"><strong>Juha Pyyk\u00f6nen<\/strong><\/span><br \/>\n<span style=\"color: #000000;\"><strong>Pentti Sadeniemi<\/strong><\/span><br \/>\n<span style=\"color: #000000;\"><strong>Pertti Salolainen<\/strong><\/span><\/p>\n<p><span style=\"color: #000000;\">P\u00e4\u00e4sihteeri:<\/span><br \/>\n<span style=\"color: #000000;\"><strong>Terhi Suominen<\/strong><\/span><\/p>\n<p><span style=\"color: #000000;\">Paikka: Rake-sali, Helsinki<\/span><\/p>\n<p><span style=\"color: #000000;\"><strong>13.12.2007<\/strong><\/span><\/p>\n<p><span style=\"color: #000000;\"><em>Naton muutos ja Suomi<\/em><\/span><\/p>\n<p><span style=\"color: #000000;\">Puhuja: <strong>Raimo V\u00e4yrynen<\/strong>, Johtaja, Ulkopoliittinen instituutti<\/span><\/p>\n<p><span style=\"color: #000000;\">Paikka: Rake-sali, Helsinki<\/span><\/p>\n<p><span style=\"color: #000000;\"><strong>11.12.2007<\/strong><\/span><\/p>\n<p><span style=\"color: #000000;\"><em>30 Years since the Charter 77 Declaration<\/em><\/span><\/p>\n<p><span style=\"color: #000000;\">Opening Address:<strong><br \/>\n<\/strong>Mr<strong> Gunvor Gronman<\/strong>, Director, Hanasaari \u2013 the Swedish-Finnish Cultural Centre<\/span><br \/>\n<span style=\"color: #000000;\">H.E. <strong>Vladimir Kotzt<\/strong>, Embassador, Embassy of the Czech Republic in Helsinki<\/span><\/p>\n<p><span style=\"color: #000000;\">Speakers:<\/span><br \/>\n<span style=\"color: #000000;\">Mr<strong> Jiri Dienstbier<\/strong>, Minister (ret.)<strong><br \/>\n<\/strong>Mr<strong> Max Jakobson<\/strong>, Minister (ret.)<strong><br \/>\n<\/strong>Mrs<strong> Dana Nemkova<\/strong>, Former Speaker for Charta 77 <strong><br \/>\n<\/strong>Mr<strong> Karin S\u00f6der<\/strong>, Minister (ret.)<strong><br \/>\n<\/strong>Dr.<strong> Erkki Tuomioja<\/strong>, Member of Parliament<\/span><\/p>\n<p><span style=\"color: #000000;\">Chair: Mr<strong> Jaakko Iloniemi<\/strong>, Minister (Hon.), Ambassador (ret.)<\/span><\/p>\n<p><span style=\"color: #000000;\">Venue: Hanasaari, Espoo<\/span><\/p>\n<p><span style=\"color: #000000;\">Organisers: Atlantic Council of Finland, Swedish-Finnish Cultural Centre in Hanasaari, Embassy of Czech Republic in Helsinki, Embassy of Sweden in Helsinki and Cultural Center of the Czech Republic in Stockholm<\/span><\/p>\n<p><span style=\"color: #000000;\"><strong>8.11.2007<\/strong><\/span><\/p>\n<p><span style=\"color: #000000;\"><em>NATO Today and Tomorrow<\/em><\/span><\/p>\n<p><span style=\"color: #000000;\">Opening Address:<\/span><br \/>\n<span style=\"color: #000000;\">Prof. <strong>Raimo V\u00e4yrynen<\/strong>, Director, Finnish Institute of International Relations<strong><br \/>\n<\/strong><\/span><\/p>\n<p><span style=\"color: #000000;\">Speakers: Mr<strong> Jaap de Hoop Scheffer<\/strong>, Secretary General, NATO<\/span><br \/>\n<span style=\"color: #000000;\"><a style=\"color: #000000;\" href=\"http:\/\/www.nato.int\/docu\/speech\/2007\/s071108a.html\" target=\"_blank\" rel=\"noopener\">&gt;&gt; Speech by NATO Secretary General Jaap de Hoop Scheffer<\/a><\/span><\/p>\n<p><span style=\"color: #000000;\">Comments: Dr. <strong>Risto E.J. Penttil\u00e4<\/strong>, Chair, Atlantic Council of Finland<\/span><br \/>\n<span style=\"color: #000000;\"><a style=\"color: #000000;\" href=\"http:\/\/ristoejpenttila.fi\/julkaisut\/julkaistut-artikkelit\/kommentti-nato-paasihteerin-puheeseen\/\" target=\"_blank\" rel=\"noopener\">&gt;&gt; Speech by Dr. Risto E.J.Penttil\u00e4<\/a><\/span><\/p>\n<p><span style=\"color: #000000;\">Venue: Auditorium of the Parliament House of Finland<\/span><\/p>\n<p><span style=\"color: #000000;\">Organisers: Finnish Institute of International Relations, Ministry for Foreign Affairs and Atlantic Council of Finland<strong><br \/>\n<\/strong><\/span><\/p>\n<p><span style=\"color: #000000;\"><strong>31.10.2007<\/strong><\/span><\/p>\n<p><span style=\"color: #000000;\"><em>General Assembly of the Atlantic Treaty Association<\/em><\/span><\/p>\n<p><span style=\"color: #000000;\">Venue: Ottawa, Canada<\/span><\/p>\n<p><span style=\"color: #000000;\"><strong>22.10.2007<\/strong><\/span><\/p>\n<p><span style=\"color: #000000;\">Lounastilaisuus: <em>Maa mi katkovi kahleitansa \u2013 Suomen kylm\u00e4n sodan loppu<\/em><\/span><\/p>\n<p><span style=\"color: #000000;\">Puhuja: <strong>Alexander Stubb<\/strong>, Filosofian tohtori, Europarlamentaarikko<\/span><br \/>\n<span style=\"color: #000000;\"><a style=\"color: #000000;\" title=\"Alexander-Stubb-puhe_22_10_2007\" href=\"http:\/\/atlanttiseura.fi\/en\/wp-content\/uploads\/2013\/02\/Alexander-Stubb-puhe_22_10_\" target=\"_blank\" rel=\"noopener\">&gt;&gt; Alexander Stubbin puhe (pdf)<\/a><\/span><\/p>\n<p><span style=\"color: #000000;\">Puheenjohtaja: <strong>Risto E.J. Penttil\u00e4<\/strong>, Tohtori, Suomen Atlantti-Seuran puheenjohtaja<\/span><\/p>\n<p><span style=\"color: #000000;\">Paikka: Ekberg Extra, Helsinki<\/span><\/p>\n<p><span style=\"color: #000000;\"><strong>11.10.2007<\/strong><\/span><\/p>\n<p><span style=\"color: #000000;\"><em>Enhancing our Security: How Finland and NATO work together<\/em><\/span><\/p>\n<p><span style=\"color: #000000;\">Welcoming words: H.E. <strong>Einars Semanis<\/strong>, Ambassador, Embassy of republic of Latvia in Finland<\/span><\/p>\n<p><span style=\"color: #000000;\">Speakers:<\/span><br \/>\n<span style=\"color: #000000;\">H.E. <strong>Ilkka Kanerva<\/strong>, Minister for Foreign Affairs, Ministry of Foreign Affairs of Finland<\/span><br \/>\n<span style=\"color: #000000;\">H.E. <strong>Martin Erdmann<\/strong>, Ambassador, Deputy Secretary General of NATO, Assistant Secretary General for Political Affairs and Security Policy in NATO<\/span><br \/>\n<span style=\"color: #000000;\">Mr<strong> Antti Sierla<\/strong>, Ambassador (ret.), Ministry for Foreign Affairs of Finland<\/span><\/p>\n<p><span style=\"color: #000000;\">Chair: Dr. <strong>Risto E.J. Penttil\u00e4<\/strong>, Chair, Atlantic Council of Finland<\/span><\/p>\n<p><span style=\"color: #000000;\">Venue: S\u00e4\u00e4tytalo, Helsinki<\/span><\/p>\n<p><span style=\"color: #000000;\">The event was organised in cooperation with the Embassy of the Republic Latvia in Helsinki<\/span><\/p>\n<p><span style=\"color: #000000;\"><strong>27.9.2007<\/strong><\/span><\/p>\n<p><span style=\"color: #000000;\"><em>Re-reinventing NATO and the US\u2013EU Relationship<\/em><\/span><\/p>\n<p><span style=\"color: #000000;\">Opening words: Prof. <strong>Raimo V\u00e4yrynen<\/strong>, Director, Finnish Institute of International Affairs<\/span><\/p>\n<p><span style=\"color: #000000;\">Speaker: Dr. <strong>Ronald D. Asmus<\/strong>, Executive Director, German Marshall Fund\u2019s Transatlantic Center in Brussels<\/span><\/p>\n<p><span style=\"color: #000000;\">Chair: Dr. <strong>Risto E. J. Penttil\u00e4<\/strong>, Chair, Atlantic Council of Finland<\/span><\/p>\n<p><span style=\"color: #000000;\">The event was organised in cooperation with the Finnish Institute of International Affairs<\/span><\/p>\n<p><span style=\"color: #000000;\"><strong>14.9.2007<\/strong><\/span><\/p>\n<p><span style=\"color: #000000;\"><em>NATO and Afghanistan<\/em><\/span><\/p>\n<p><span style=\"color: #000000;\">Speaker: Mr<strong> Kurt Volker<\/strong>,\u00a0Principal Deputy Assistant Secretary for European and Eurasian Affairs, U.S Department of State<\/span><\/p>\n<p><span style=\"color: #000000;\">Chair: Mr<strong> Olli Kivinen<\/strong>, Columnist, Vice-Chair of the Atlantic Council of Finland<\/span><\/p>\n<p><span style=\"color: #000000;\">Venue: House of Estates, Helsinki<\/span><\/p>\n<p><span style=\"color: #000000;\">Organisers: Atlantic Council of Finland, Ministry for Foreign Affairs and U.S. Embassy in Helsinki<\/span><\/p>\n<p><span style=\"color: #000000;\"><img decoding=\"async\" loading=\"lazy\" class=\"alignnone\" title=\"Kurt Volker\" src=\"http:\/\/atlanttiseura.fi\/WP\/wp-content\/uploads\/2013\/02\/Kurt-Volker.jpg\" alt=\"\" width=\"250\" height=\"167\" \/>\u00a0\u00a0 <a style=\"color: #000000;\" href=\"http:\/\/atlanttiseura.fi\/WP\/wp-content\/uploads\/2013\/02\/Kurt-Volker-yleis%C3%B6-14.9.07.jpg\"><img decoding=\"async\" loading=\"lazy\" class=\"alignnone wp-image-1468\" title=\"14.9.07 NATO and Afghanistan\" src=\"http:\/\/atlanttiseura.fi\/WP\/wp-content\/uploads\/2013\/02\/Kurt-Volker-yleis%C3%B6-14.9.07.jpg\" alt=\"\" width=\"250\" height=\"167\" \/><\/a><\/span><br \/>\n<span style=\"color: #000000;\"><a style=\"color: #000000;\" href=\"http:\/\/atlanttiseura.fi\/WP\/wp-content\/uploads\/2013\/03\/IMG_0607.jpg\"><img decoding=\"async\" loading=\"lazy\" class=\"alignnone size-full wp-image-1544\" title=\"14.9.07 NATO and Afghanistan\" src=\"http:\/\/atlanttiseura.fi\/WP\/wp-content\/uploads\/2013\/03\/IMG_0607.jpg\" alt=\"\" width=\"250\" height=\"167\" \/><\/a>\u00a0\u00a0 <a style=\"color: #000000;\" href=\"http:\/\/atlanttiseura.fi\/WP\/wp-content\/uploads\/2013\/03\/IMG_0602.jpg\"><img decoding=\"async\" loading=\"lazy\" class=\"alignnone size-full wp-image-1542\" title=\"14.9.07 NATO and Afghanistan\" src=\"http:\/\/atlanttiseura.fi\/WP\/wp-content\/uploads\/2013\/03\/IMG_0602.jpg\" alt=\"\" width=\"250\" height=\"167\" \/><\/a><\/span><\/p>\n<p><span style=\"color: #000000;\"><strong>21.5.2007<\/strong><\/span><\/p>\n<p><span style=\"color: #000000;\"><em>Onko It\u00e4meren alue turvallinen sijoittajalle?<\/em><\/span><\/p>\n<p><span style=\"color: #000000;\">Puhuja: <strong>Markku Pohjola<\/strong>, Varakonsernijohtaja, Nordea<\/span><\/p>\n<p><span style=\"color: #000000;\"><em>Uhkaako suurvaltakilpailu talouden globalisaatiota?<\/em><\/span><\/p>\n<p><span style=\"color: #000000;\">Puhuja: <strong>Juha Pyyk\u00f6nen<\/strong>, Eversti, valt. lis.<strong>, <\/strong>Strategian laitos, Maanpuolustuskorkeakoulu<\/span><\/p>\n<p><span style=\"color: #000000;\">Paikka: Nordean Vanha Pankkisali, Helsinki<\/span><\/p>\n<p><span style=\"color: #000000;\"><strong>21.5.2007<\/strong><\/span><\/p>\n<p><span style=\"color: #000000;\"><em>Suomen Atlantti-Seuran s\u00e4\u00e4nt\u00f6m\u00e4\u00e4r\u00e4inen kev\u00e4tkokous<\/em><\/span><\/p>\n<p><span style=\"color: #000000;\">Paikka: Nordean Vanha Pankkisali, Helsinki<\/span><\/p>\n<p><span style=\"color: #000000;\"><strong>15.5.2007<\/strong><\/span><\/p>\n<p><span style=\"color: #000000;\"><strong>Karoliina Honkasen<\/strong> ja <strong>Janne Kuuselan<\/strong> kirjoittaman Suomen Atlantti-Seuran raportin <em>Kysymyksi\u00e4 ja vastauksia Natosta<\/em>\u00a0julkistaminen<\/span><br \/>\n<span style=\"color: #000000;\"><a style=\"color: #000000;\" href=\"http:\/\/atlanttiseura.fi\/en\/wp-content\/uploads\/2012\/07\/kysymyksia_ja_vastauksia_natosta.pdf\" target=\"_blank\" rel=\"noopener\">&gt;&gt; Kysymyksi\u00e4 ja vastauksia Natosta<\/a> (pdf)<\/span><\/p>\n<p><span style=\"color: #000000;\"><strong>27.3.2007<\/strong><\/span><\/p>\n<p><span style=\"color: #000000;\"><em>Latvia in NATO: from Joining to Hosting<\/em><\/span><\/p>\n<p><span style=\"color: #000000;\">Speaker: Mr <strong>Ingmars Bisenieks<\/strong>, Head of NATO and European Security Policy Division, Ministry of Foreign Affairs of Latvia<\/span><\/p>\n<p><span style=\"color: #000000;\">Host: H.E. <strong>Einars Semanis<\/strong>, Ambassador, Embassy of the Republic Latvia in Helsinki<\/span><\/p>\n<p><span style=\"color: #000000;\">Venue: Embassy of the Republic Latvia in Helsinki<\/span><\/p>\n<p><span style=\"color: #000000;\">The event was organised in cooperation with the Embassy of the Republic Latvia in Helsinki<\/span><\/p>\n<p><span style=\"color: #000000;\"><strong>22.2.2007<\/strong><\/span><\/p>\n<p><span style=\"color: #000000;\"><em>Merging 27 into One: Europe\u2019s Foreign and Security Policy in the making<\/em><\/span><\/p>\n<p><span style=\"color: #000000;\">Speakers:<\/span><br \/>\n<span style=\"color: #000000;\">Dr. <strong>Josef Joffe,<\/strong> Publisher-editor, Die Zeit<\/span><br \/>\n<span style=\"color: #000000;\">Mr <strong>Gustav H\u00e4gglund<\/strong>, General (ret.)<strong><br \/>\n<\/strong>Mr<strong> Markus Lyra<\/strong>, Under-Secretary of State, Ministry for Foreign Affairs of Finland<\/span><\/p>\n<p><span style=\"color: #000000;\">Venue: City Hall, Turku<\/span><\/p>\n<p><span style=\"color: #000000;\">Organisers: Atlantic Council of Finland, Embassy of Germany in Helsinki and\u00a0 Jean Monnet Centre of Excellence<\/span><\/p>\n<p><span style=\"color: #000000;\"><strong>1.2.2007<\/strong><\/span><\/p>\n<p><span style=\"color: #000000;\"><em>Broadened Partnership for Peace<\/em><\/span><\/p>\n<p><span style=\"color: #000000;\">Speakers:<\/span><br \/>\n<span style=\"color: #000000;\">Mr <strong>Jari Vil\u00e9n<\/strong>, Chair, Grand Committee, Parliament of Finland<\/span><br \/>\n<span style=\"color: #000000;\">Mr<strong> Markus Lyra<\/strong>, Under-Secretary of State, Ministry for Foreign Affairs of Finland<\/span><br \/>\n<span style=\"color: #000000;\">Mr <strong>Pauli J\u00e4rvenp\u00e4\u00e4<\/strong>, Director General, Ministry of Defence of Finland<\/span><br \/>\n<span style=\"color: #000000;\">Ms <strong>Patrice Dabos<\/strong>, International Staff, NATO<\/span><\/p>\n<p><span style=\"color: #000000;\">Chair: H.E. <strong>Harri Tiido<\/strong>,\u00a0Ambassador, Permanent Representative of Estonia to NATO<\/span><\/p>\n<p><span style=\"color: #000000;\">Venue: Embassy of Estonia in Helsinki<\/span><\/p>\n<p><span style=\"color: #000000;\">The seminar was organised in cooperation with the Embassy of the Republic of Estonia in Helsinki<\/span><\/p>\n<p><span style=\"color: #000000;\"><strong>11.1.2007<\/strong><\/span><\/p>\n<p><span style=\"color: #000000;\">Kolumnisti <strong>Olli Kivisen<\/strong> kirjoittaman Suomen Atlantti-Seuran raportin\u00a0<em>Nato ilman tunteilua <\/em>julkistaminen<\/span><br \/>\n<span style=\"color: #000000;\"><a style=\"color: #000000;\" title=\"Nato ilman tunteilua\" href=\"http:\/\/atlanttiseura.fi\/en\/wp-content\/uploads\/2012\/07\/nato_ilman_tunteilua.pdf\" target=\"_blank\" rel=\"noopener\">&gt;&gt; Nato ilman tunteilua (pdf)<\/a><\/span><\/p>\n<p><span style=\"color: #000000;\">Alustaja:<strong> Jukka Tarkka<\/strong>, Tohtori<\/span><\/p>\n<p><span style=\"color: #000000;\">Puheenjohtaja: <strong>Ulpu Iivari<\/strong>, Suomen Atlantti-Seuran hallituksen j\u00e4sen<\/span><\/p>\n<p><span style=\"color: #000000;\">Paikka: Ekberg Extra, Helsinki<\/span><\/p>\n<p><span style=\"color: #000000;\"><a style=\"color: #000000;\" href=\"http:\/\/atlanttiseura.fi\/WP\/wp-content\/uploads\/2013\/02\/Olli-kivinen.jpg\"><img decoding=\"async\" loading=\"lazy\" class=\"alignnone wp-image-1475\" title=\"Olli kivinen\" src=\"http:\/\/atlanttiseura.fi\/WP\/wp-content\/uploads\/2013\/02\/Olli-kivinen.jpg\" alt=\"\" width=\"250\" height=\"167\" \/><\/a>\u00a0\u00a0 <a style=\"color: #000000;\" href=\"http:\/\/atlanttiseura.fi\/WP\/wp-content\/uploads\/2012\/05\/Tarkka-Iivari-Kivinen.jpg\"><img decoding=\"async\" loading=\"lazy\" class=\"alignnone wp-image-1476\" title=\"Jukka Tarkka, Ulpu Iivari, Olli Kivinen\" src=\"http:\/\/atlanttiseura.fi\/WP\/wp-content\/uploads\/2012\/05\/Tarkka-Iivari-Kivinen.jpg\" alt=\"\" width=\"250\" height=\"167\" \/><\/a><\/span><br \/>\n<span style=\"color: #000000;\"><a style=\"color: #000000;\" href=\"http:\/\/atlanttiseura.fi\/WP\/wp-content\/uploads\/2013\/02\/Jukka-Tarkka.jpg\"><img decoding=\"async\" loading=\"lazy\" class=\"alignnone wp-image-1473\" src=\"http:\/\/atlanttiseura.fi\/WP\/wp-content\/uploads\/2013\/02\/Jukka-Tarkka.jpg\" alt=\"\" width=\"250\" height=\"167\" \/><\/a>\u00a0\u00a0 <a style=\"color: #000000;\" href=\"http:\/\/atlanttiseura.fi\/WP\/wp-content\/uploads\/2013\/02\/nato-ilman-tunteilua.jpg\"><img decoding=\"async\" loading=\"lazy\" class=\"alignnone size-full wp-image-1474\" title=\"11.1.2007 Nato ilman tunteilua\" src=\"http:\/\/atlanttiseura.fi\/WP\/wp-content\/uploads\/2013\/02\/nato-ilman-tunteilua.jpg\" alt=\"\" width=\"250\" height=\"167\" \/><\/a><\/span><\/p>\n","protected":false},"excerpt":{"rendered":"<p>13.12.2007 Suomen Atlantti-Seuran s\u00e4\u00e4nt\u00f6m\u00e4\u00e4r\u00e4inen syyskokous Henkil\u00f6valinnat vuodelle 2008: Suomen Atlantti-Seuran puheenjohtajaksi valittiin tohtori, Elinkeinoel\u00e4m\u00e4n Valtuuskunta EVAn johtaja Risto E. J. Penttil\u00e4 Suomen Atlantti-Seuran hallituksen j\u00e4senet vuodelle 2008: Suvi Aherto Jori Arvonen Leif Blomqvist Jari Haapiainen Karoliina Honkanen Liisa Jaakonsaari Lasse Kurkilahti Jan D. Oker-Blom Juha Pyyk\u00f6nen Pentti Sadeniemi Pertti Salolainen P\u00e4\u00e4sihteeri: Terhi Suominen Paikka: Rake-sali, &hellip; <\/p>\n","protected":false},"author":1,"featured_media":0,"parent":0,"menu_order":0,"comment_status":"closed","ping_status":"closed","template":"","meta":[],"_links":{"self":[{"href":"http:\/\/atlanttiseura.fi\/index.php?rest_route=\/wp\/v2\/pages\/3305"}],"collection":[{"href":"http:\/\/atlanttiseura.fi\/index.php?rest_route=\/wp\/v2\/pages"}],"about":[{"href":"http:\/\/atlanttiseura.fi\/index.php?rest_route=\/wp\/v2\/types\/page"}],"author":[{"embeddable":true,"href":"http:\/\/atlanttiseura.fi\/index.php?rest_route=\/wp\/v2\/users\/1"}],"replies":[{"embeddable":true,"href":"http:\/\/atlanttiseura.fi\/index.php?rest_route=%2Fwp%2Fv2%2Fcomments&post=3305"}],"version-history":[{"count":3,"href":"http:\/\/atlanttiseura.fi\/index.php?rest_route=\/wp\/v2\/pages\/3305\/revisions"}],"predecessor-version":[{"id":3759,"href":"http:\/\/atlanttiseura.fi\/index.php?rest_route=\/wp\/v2\/pages\/3305\/revisions\/3759"}],"wp:attachment":[{"href":"http:\/\/atlanttiseura.fi\/index.php?rest_route=%2Fwp%2Fv2%2Fmedia&parent=3305"}],"curies":[{"name":"wp","href":"https:\/\/api.w.org\/{rel}","templated":true}]}}