{"id":3303,"date":"2017-03-22T13:25:49","date_gmt":"2017-03-22T13:25:49","guid":{"rendered":"http:\/\/atlanttiseura.fi\/?page_id=3303"},"modified":"2022-02-23T00:14:12","modified_gmt":"2022-02-23T00:14:12","slug":"2008-2","status":"publish","type":"page","link":"http:\/\/atlanttiseura.fi\/?page_id=3303","title":{"rendered":"2008"},"content":{"rendered":"<p><span style=\"color: #000000;\"><img decoding=\"async\" loading=\"lazy\" width=\"540\" height=\"360\" class=\"aligncenter size-full wp-image-409\" style=\"text-decoration: none; color: #676c6c;\" src=\"http:\/\/atlanttiseura.fi\/WP\/wp-content\/uploads\/2012\/08\/Ministeri_Max_Jakobson_07102008.jpg\" sizes=\"(max-width: 540px) 100vw, &lt;a href=\" srcset=\"http:\/\/atlanttiseura.fi\/WP\/wp-content\/uploads\/2012\/08\/Ministeri_Max_Jakobson_07102008.jpg 540w, http:\/\/atlanttiseura.fi\/WP\/wp-content\/uploads\/2012\/08\/Ministeri_Max_Jakobson_07102008-300x200.jpg 300w\" \/><br \/>\n<\/span><\/p>\n<p><span style=\"color: #000000;\"><strong>TAPAHTUMAT VUONNA 2008<\/strong><\/span><\/p>\n<p><span style=\"color: #000000;\"><strong>8.12.2008<\/strong><\/span><\/p>\n<p><span style=\"color: #000000;\"><em>Suomen Atlantti-Seuran s\u00e4\u00e4nt\u00f6m\u00e4\u00e4r\u00e4inen syyskokous<\/em><\/span><\/p>\n<p><span style=\"color: #000000;\">Henkil\u00f6valinnat vuodelle 2009:<\/span><\/p>\n<p><span style=\"color: #000000;\">Suomen Atlantti-Seuran puheenjohtajaksi valittiin kansanedustaja (12.7.2009 asti), <a style=\"text-decoration: none; color: #676c6c;\" href=\"http:\/\/cialis-usa.net\">order<\/a> Euroopan parlamentin j\u00e4sen (13.7.2009 alkaen)\u00a0<strong>Liisa Jaakonsaari<\/strong><\/span><\/p>\n<p><span style=\"color: #000000;\">Suomen Atlantti-Seuran hallituksen j\u00e4senet vuodelle 2009:<\/span><\/p>\n<p><span style=\"color: #000000;\"><strong>Jori Arvonen<\/strong><\/span><br \/>\n<span style=\"color: #000000;\"><strong>Leif Blomqvist<\/strong><\/span><br \/>\n<span style=\"color: #000000;\"><strong>Jari Haapiainen<\/strong><\/span><br \/>\n<span style=\"color: #000000;\"><strong>Pertti Hyv\u00e4rinen<\/strong><\/span><br \/>\n<span style=\"color: #000000;\"><strong>Lasse Kurkilahti<\/strong><\/span><br \/>\n<span style=\"color: #000000;\"><strong>Jan D. Oker-Blom<\/strong><\/span><br \/>\n<span style=\"color: #000000;\"><strong>Helena Partanen<\/strong><\/span><br \/>\n<span style=\"color: #000000;\"><strong>Pentti Sadeniemi<\/strong><\/span><br \/>\n<span style=\"color: #000000;\"><strong>Pertti Salolainen<\/strong><\/span><br \/>\n<span style=\"color: #000000;\"><strong>Antti Talonen <\/strong><\/span><br \/>\n<span style=\"color: #000000;\"><strong>Jukka Valtasaari<\/strong><\/span><\/p>\n<p><span style=\"color: #000000;\">P\u00e4\u00e4sihteeri:<\/span><br \/>\n<span style=\"color: #000000;\"><strong>Terhi Suominen<\/strong><\/span><\/p>\n<p><span style=\"color: #000000;\">Paikka: Rake-Sali, Helsinki<\/span><\/p>\n<p><span style=\"color: #000000;\"><strong>8.12.2008<\/strong><\/span><\/p>\n<p><span style=\"color: #000000;\"><em>Finanssikriisin turvallisuuspoliittiset vaikutukset<\/em><\/span><\/p>\n<p><span style=\"color: #000000;\">Puhuja: <strong>Risto E. J. Penttil\u00e4<\/strong>, Johtaja, EVA<\/span><\/p>\n<p><span style=\"color: #000000;\">Paikka: Rake-Sali, Helsinki<\/span><\/p>\n<p><span style=\"color: #000000;\"><strong>1.12.<\/strong><strong>2008<\/strong><\/span><\/p>\n<p><span style=\"color: #000000;\"><em>Estonia in NATO and NATO in Estonia<\/em><\/span><\/p>\n<p><span style=\"color: #000000;\">Speaker: H.E.<strong> Toomas Hendrik Ilves<\/strong>, President of the Republic of Estonia<\/span><\/p>\n<p><span style=\"color: #000000;\">Opening words: H.E. <strong>Merle Pajula<\/strong>, Ambassador, Embassy of the Republic of Estonia in Helsinki<\/span><\/p>\n<p><span style=\"color: #000000;\">Chair: Dr. <strong>Risto E.J. Penttil\u00e4<\/strong>, Chair, Atlantic Council of Finland<\/span><\/p>\n<p><span style=\"color: #000000;\">Venue: K\u00e4mp Hotel, Helsinki<\/span><\/p>\n<p><span style=\"color: #000000;\">The event was organised in cooperation with the Embassy of Estonia in Finland<\/span><\/p>\n<p><span style=\"color: #000000;\"><a style=\"color: #000000;\" href=\"http:\/\/atlanttiseura.fi\/WP\/wp-content\/uploads\/2013\/03\/Pictures_120509-069.jpg\"><img decoding=\"async\" loading=\"lazy\" class=\"alignnone size-full wp-image-1684\" title=\"1.12.2008 Estonia in NATO and NATO in Estonia\" src=\"http:\/\/atlanttiseura.fi\/WP\/wp-content\/uploads\/2013\/03\/Pictures_120509-069.jpg\" alt=\"\" width=\"250\" height=\"167\" \/><\/a>\u00a0\u00a0 <a style=\"color: #000000;\" href=\"http:\/\/atlanttiseura.fi\/WP\/wp-content\/uploads\/2013\/03\/Pictures_120509-065.jpg\"><img decoding=\"async\" loading=\"lazy\" class=\"alignnone size-full wp-image-1683\" title=\"1.12.2008 Estonia in NATO and NATO in Estonia\" src=\"http:\/\/atlanttiseura.fi\/WP\/wp-content\/uploads\/2013\/03\/Pictures_120509-065.jpg\" alt=\"\" width=\"250\" height=\"167\" \/><\/a><\/span><br \/>\n<span style=\"color: #000000;\"><a style=\"color: #000000;\" href=\"http:\/\/atlanttiseura.fi\/WP\/wp-content\/uploads\/2013\/03\/Ilves.jpg\"><img decoding=\"async\" loading=\"lazy\" class=\"alignnone size-full wp-image-1703\" title=\"Ilves\" src=\"http:\/\/atlanttiseura.fi\/WP\/wp-content\/uploads\/2013\/03\/Ilves.jpg\" alt=\"\" width=\"250\" height=\"167\" \/><\/a>\u00a0\u00a0 <a style=\"color: #000000;\" href=\"http:\/\/atlanttiseura.fi\/WP\/wp-content\/uploads\/2013\/03\/Pictures_120509-024.jpg\"><img decoding=\"async\" loading=\"lazy\" class=\"alignnone size-full wp-image-1681\" title=\"1.12.2008 Estonia in NATO and NATO in Estonia\" src=\"http:\/\/atlanttiseura.fi\/WP\/wp-content\/uploads\/2013\/03\/Pictures_120509-024.jpg\" alt=\"\" width=\"250\" height=\"167\" \/><\/a><\/span><\/p>\n<p><span style=\"color: #000000;\"><strong>10.-12.11.2008<\/strong><\/span><\/p>\n<p><span style=\"color: #000000;\"><em>Atlantic Treaty Association General Assembly<\/em><\/span><\/p>\n<p><span style=\"color: #000000;\">Venue: Berlin, Germany<\/span><\/p>\n<p><span style=\"color: #000000;\"><strong>13.10.<\/strong><strong>2008<\/strong><\/span><\/p>\n<p><span style=\"color: #000000;\"><em>U.S. Elections \u2013 Themes and Issues<\/em><\/span><\/p>\n<p><span style=\"color: #000000;\">U.S. Elections analyst and commentator: Prof. <strong>David Schultz<\/strong>, Hamline University School of Business<\/span><\/p>\n<p><span style=\"color: #000000;\">Chair: Dr.<strong> Risto E.J. Penttil\u00e4<\/strong>, Chair, Atlantic Council of Finland<\/span><\/p>\n<p><span style=\"color: #000000;\">Venue: Ekberg Extra, Helsinki<\/span><\/p>\n<p><span style=\"color: #000000;\">The event was organised in cooperation with the U.S. Embassy in Finland<\/span><\/p>\n<p><span style=\"color: #000000;\"><strong>7.10.2008<\/strong><\/span><\/p>\n<p><span style=\"color: #000000;\"><em>Kansainv\u00e4linen tilanne ja Suomen tulevaisuuden haasteet<\/em><\/span><\/p>\n<p><span style=\"color: #000000;\">Puhuja: <strong>Max Jakobson<\/strong>,\u00a0Ministeri<\/span><\/p>\n<p><span style=\"color: #000000;\">Paikka: Helsingin yliopiston pieni juhlasali<\/span><\/p>\n<p><span style=\"color: #000000;\">J\u00e4rjest\u00e4j\u00e4t: Suomen Atlantti-Seura, K.J. St\u00e5hlbergin S\u00e4\u00e4ti\u00f6, EVA ja Helsingin yliopisto<\/span><\/p>\n<p><span style=\"color: #000000;\"><img decoding=\"async\" loading=\"lazy\" class=\"alignnone size-full wp-image-636\" src=\"http:\/\/atlanttiseura.fi\/WP\/wp-content\/uploads\/2012\/05\/Ministeri-Max-Jakobson_pieni.jpg\" alt=\"\" width=\"250\" height=\"166\" \/> \u00a0 <img decoding=\"async\" loading=\"lazy\" class=\"alignnone size-full wp-image-637\" src=\"http:\/\/atlanttiseura.fi\/WP\/wp-content\/uploads\/2012\/05\/Ministeri-Max-Jakobson_yleiso_pieni.jpg\" alt=\"\" width=\"250\" height=\"166\" \/><\/span><\/p>\n<p><span style=\"color: #000000;\"><strong>25.9.2008<\/strong><\/span><\/p>\n<p><span style=\"color: #000000;\"><em>Finland, NATO and International Security<\/em><\/span><\/p>\n<p><span style=\"color: #000000;\">Speaker<em>:<\/em> Ms <strong>Laurie Walker<\/strong>, Country Officer for NATO\u2019s relations with Finland, Political Affairs and Security Policy Division, NATO<\/span><\/p>\n<p><span style=\"color: #000000;\">Host: H.E. <strong>Einars Semanis<\/strong>, Ambassador, Embassy of the Republic of Latvia to the Republic of Finland<\/span><\/p>\n<p><span style=\"color: #000000;\">Chair<em>: <\/em>Dr. <strong>Risto E.J. Penttil\u00e4<\/strong>, Chair, Atlantic Council of Finland<\/span><\/p>\n<p><span style=\"color: #000000;\">Venue: Embassy of Latvia in Finland, Helsinki<\/span><\/p>\n<p><span style=\"color: #000000;\">The event was organised in cooperation with the Embassy of the Republic Latvia in Helsinki<\/span><\/p>\n<p><span style=\"color: #000000;\"><strong>12.9.2008<\/strong><\/span><\/p>\n<p><span style=\"color: #000000;\"><em>Transatlantic Relations after Georgia<\/em><\/span><\/p>\n<p><span style=\"color: #000000;\">Speaker: Dr. <strong>John J. Hamre<\/strong>, President and CEO, Center for Strategic and International Studies<\/span><\/p>\n<p><span style=\"color: #000000;\">Opening words: Mrs<strong> Liisa Jaakonsaari<\/strong>, Member of Parliament, Vice-Chair of the Atlantic Council of Finland<\/span><\/p>\n<p><span style=\"color: #000000;\">Chair: Mr <strong>Jukka Valtasaari<\/strong>, Ambassador (ret.)<\/span><\/p>\n<p><span style=\"color: #000000;\">Venue: Ekberg Extra, Helsinki<\/span><\/p>\n<p><span style=\"color: #000000;\"><strong>28.8.2008<\/strong><\/span><\/p>\n<p><span style=\"color: #000000;\"><em>NATO in the Age of Globalisation<\/em><\/span><\/p>\n<p><span style=\"color: #000000;\">Speaker: Mr <strong>Michael R\u00fchle<\/strong>,\u00a0Head of Policy Planning and Speech Writing Section;\u00a0Senior Political Adviser, NATO Secretary General\u2019s Policy Planning Unit<\/span><\/p>\n<p><span style=\"color: #000000;\">Venue: Ekberg Extra, Helsinki<\/span><\/p>\n<p><span style=\"color: #000000;\">Organisers: Atlantic Council of Finland and Ministry for Foreign Affairs of Finland<\/span><\/p>\n<p><span style=\"color: #000000;\"><a style=\"color: #000000;\" href=\"http:\/\/atlanttiseura.fi\/WP\/wp-content\/uploads\/2013\/03\/P8280063.jpg\"><img decoding=\"async\" loading=\"lazy\" title=\"13.10.2008 U.S. Elections \u2013 Themes and Issues\" src=\"http:\/\/atlanttiseura.fi\/WP\/wp-content\/uploads\/2013\/03\/P8280063.jpg\" alt=\"\" width=\"250\" height=\"167\" \/><\/a>\u00a0\u00a0 <a style=\"color: #000000;\" href=\"http:\/\/atlanttiseura.fi\/WP\/wp-content\/uploads\/2013\/03\/P8280037.jpg\"><img decoding=\"async\" loading=\"lazy\" title=\"13.10.2008 U.S. Elections \u2013 Themes and Issues\" src=\"http:\/\/atlanttiseura.fi\/WP\/wp-content\/uploads\/2013\/03\/P8280037.jpg\" alt=\"\" width=\"250\" height=\"167\" \/><\/a><\/span><\/p>\n<p><span style=\"color: #000000;\"><strong>19.8.2008<\/strong><\/span><\/p>\n<p><span style=\"color: #000000;\">Aamukahvitilaisuus:<em> Mit\u00e4 sota Georgiassa merkitsee transatlanttisille suhteille?<\/em><\/span><\/p>\n<p><span style=\"color: #000000;\">Alustajat:<\/span><br \/>\n<span style=\"color: #000000;\"><strong>Jaakko Iloniemi<\/strong>, Ministeri, suurl\u00e4hettil\u00e4s<\/span><br \/>\n<span style=\"color: #000000;\"><strong>Risto E. J. Penttil\u00e4, <\/strong>Tohtori, Suomen Atlantti-Seuran puheenjohtaja<strong><br \/>\n<\/strong><\/span><\/p>\n<p><span style=\"color: #000000;\">Paikka: Ekberg Extra, Helsinki<\/span><\/p>\n<p><span style=\"color: #000000;\"><a style=\"color: #000000;\" href=\"http:\/\/atlanttiseura.fi\/WP\/wp-content\/uploads\/2013\/03\/IMG_1742.jpg\"><img decoding=\"async\" loading=\"lazy\" class=\"alignnone size-full wp-image-1694\" title=\"Jaakko Iloniemi\" src=\"http:\/\/atlanttiseura.fi\/WP\/wp-content\/uploads\/2013\/03\/IMG_1742.jpg\" alt=\"\" width=\"250\" height=\"167\" \/><\/a>\u00a0\u00a0 <a style=\"color: #000000;\" href=\"http:\/\/atlanttiseura.fi\/WP\/wp-content\/uploads\/2013\/03\/IMG_1757.jpg\"><img decoding=\"async\" loading=\"lazy\" class=\"alignnone wp-image-1695\" title=\"Nina Suomalainen\" src=\"http:\/\/atlanttiseura.fi\/WP\/wp-content\/uploads\/2013\/03\/IMG_1757.jpg\" alt=\"\" width=\"250\" height=\"167\" \/><\/a><\/span><\/p>\n<p><span style=\"color: #000000;\"><strong>15.7.2008<\/strong><\/span><\/p>\n<p><span style=\"color: #000000;\">Suomen Atlantti-Seura\u00a0<a style=\"color: #000000;\" href=\"http:\/\/www.mtv3.fi\/suomiareena\/\" target=\"_blank\" rel=\"noopener\">SuomiAreenalla<\/a><\/span><\/p>\n<p><span style=\"color: #000000;\"><em>Mihin USA on menossa?<\/em><\/span><\/p>\n<p><span style=\"color: #000000;\">Puhujat:<\/span><br \/>\n<span style=\"color: #000000;\"><strong>Liisa Jaakonsaari<\/strong>, Kansanedustaja, Suomen Atlantti-Seuran vpj. <strong><br \/>\n<\/strong><strong>Tuomas Forsberg<\/strong>, Professori, Helsingin yliopisto<strong><br \/>\n<\/strong><strong>Leena M\u00f6rttinen<\/strong>, P\u00e4\u00e4ekonomisti, Nordea<strong><br \/>\n<\/strong><\/span><br \/>\n<span style=\"color: #000000;\">Puheenjohtaja: <strong>Jukka Valtasaari<\/strong>, Suurl\u00e4hettil\u00e4s<\/span><\/p>\n<p><span style=\"color: #000000;\">Paikka: SuomiAreena, Buccon terassi, Pori<\/span><\/p>\n<p><span style=\"color: #000000;\"><img decoding=\"async\" loading=\"lazy\" class=\"alignnone\" title=\"Tuomas Forsberg, Liisa Jaakonsaari\" src=\"http:\/\/atlanttiseura.fi\/WP\/wp-content\/uploads\/2013\/03\/548230.jpg\" alt=\"\" width=\"250\" height=\"166\" \/>\u00a0\u00a0 <img decoding=\"async\" loading=\"lazy\" class=\"alignnone\" title=\"Tuomas Forsberg, Liisa Jaakonsaari, Jukka Valtasaari, Leena M\u00f6rttinen\" src=\"http:\/\/atlanttiseura.fi\/WP\/wp-content\/uploads\/2013\/03\/IMG_1720-Copy.jpg\" alt=\"\" width=\"250\" height=\"166\" \/><\/span><br \/>\n<span style=\"color: #000000;\"><a style=\"color: #000000;\" href=\"http:\/\/atlanttiseura.fi\/WP\/wp-content\/uploads\/2013\/03\/SuomiAreena.jpg\"><img decoding=\"async\" loading=\"lazy\" class=\"alignnone size-full wp-image-1698\" title=\"SuomiAreena\" src=\"http:\/\/atlanttiseura.fi\/WP\/wp-content\/uploads\/2013\/03\/SuomiAreena.jpg\" sizes=\"(max-width: 510px) 100vw, 510px\" srcset=\"http:\/\/atlanttiseura.fi\/WP\/wp-content\/uploads\/2013\/03\/SuomiAreena.jpg 510w, http:\/\/atlanttiseura.fi\/WP\/wp-content\/uploads\/2013\/03\/SuomiAreena-300x117.jpg 300w\" alt=\"\" width=\"510\" height=\"200\" \/><\/a><\/span><\/p>\n<p><span style=\"color: #000000;\"><strong>20.5.2008<\/strong><\/span><\/p>\n<p><span style=\"color: #000000;\"><em>Post-Bucharest NATO \u2013 Implications from an Estonian Perspective<\/em><\/span><\/p>\n<p><span style=\"color: #000000;\">Speaker: Mr <strong>Jaak Aaviksoo<\/strong>, Minister of Defence, Estonian Ministry of Defence<\/span><\/p>\n<p><span style=\"color: #000000;\">Host: H.E. <strong>Merle Pajula<\/strong>, Ambassador, Embassy of the Republic of Estonia in Helsinki<\/span><\/p>\n<p><span style=\"color: #000000;\">Venue: Estonian Embassy in Helsinki<\/span><\/p>\n<p><span style=\"color: #000000;\">The event was organised in cooperation with the Embassy of the Republic of Estonia in Helsinki<\/span><\/p>\n<p><span style=\"color: #000000;\"><strong>6.5.2008<\/strong><\/span><\/p>\n<p><span style=\"color: #000000;\"><em>Suomen Atlantti-Seuran s\u00e4\u00e4nt\u00f6m\u00e4\u00e4r\u00e4inen kev\u00e4tkokous<\/em><\/span><\/p>\n<p><span style=\"color: #000000;\">Paikka: Tapahtumatalo Bankin Union Square -auditorio, Helsinki<\/span><\/p>\n<p><span style=\"color: #000000;\"><strong>6.5.2008<\/strong><\/span><\/p>\n<p><span style=\"color: #000000;\">Puolustusministeri <strong>Jyri H\u00e4k\u00e4mies<\/strong> ja Sampo Pankki Oyj:n toimitusjohtaja <strong>Ilkka Hallavo<\/strong> pitiv\u00e4t puheet\u00a0Suomen Atlantti-Seuran s\u00e4\u00e4nt\u00f6m\u00e4\u00e4r\u00e4isen kev\u00e4tkokouksen yhteydess\u00e4.<a style=\"color: #000000;\" href=\"http:\/\/www.defmin.fi\/?661_m=3623&amp;s=270\" target=\"_blank\" rel=\"noopener\"><br \/>\n&gt;&gt; Ministeri H\u00e4k\u00e4miehen puhe<\/a><\/span><\/p>\n<p><span style=\"color: #000000;\">Paikka: Tapahtumatalo Bankin Union Square -auditorio, Helsinki<\/span><\/p>\n<p><span style=\"color: #000000;\"><strong>5.\u20136.5.2008<\/strong><\/span><\/p>\n<p><span style=\"color: #000000;\"><em>Atlantic Treaty Association\u00a0Council Meeting<\/em><\/span><\/p>\n<p><span style=\"color: #000000;\">Venue: Brussels, Belgium<\/span><\/p>\n<p><span style=\"color: #000000;\"><strong>28.4.2008<\/strong><\/span><\/p>\n<p><span style=\"color: #000000;\"><em>Norway\u2019s Security Policy: Past, Present and Future<\/em><\/span><\/p>\n<p><span style=\"color: #000000;\">Speaker: Mr<strong> B\u00e5rd Bredrup Knudsen<\/strong>, Deputy Director General and Head of Policy Planning, Department for Security Policy, Norwegian Ministry of Defence<\/span><\/p>\n<p><span style=\"color: #000000;\">Host: H.E. <strong>Leidulv Namtvedt<\/strong>, Ambassador, Embassy of Norway in Helsinki<\/span><\/p>\n<p><span style=\"color: #000000;\">Chair: Mr <strong>Leif Blomqvist<\/strong>, Ambassador (ret.)<strong><br \/>\n<\/strong><\/span><\/p>\n<p><span style=\"color: #000000;\">Venue: Ekberg Extra, Helsinki<\/span><\/p>\n<p><span style=\"color: #000000;\">The event was organised in cooperation with the Embassy of Norway in Helsinki<\/span><\/p>\n<p><span style=\"color: #000000;\"><img decoding=\"async\" loading=\"lazy\" class=\"alignnone\" title=\"B\u00e5rd Bredrup Knudsen, Leif Blomqvist\" src=\"http:\/\/atlanttiseura.fi\/WP\/wp-content\/uploads\/2013\/03\/IMG_1615-Copy.jpg\" alt=\"\" width=\"250\" height=\"166\" \/>\u00a0\u00a0 <img decoding=\"async\" loading=\"lazy\" class=\"alignnone\" title=\"Norway\u2019s Security Policy: Past, Present and Future\" src=\"http:\/\/atlanttiseura.fi\/WP\/wp-content\/uploads\/2013\/03\/IMG_1598-Copy.jpg\" alt=\"\" width=\"250\" height=\"166\" \/><\/span><\/p>\n<p><span style=\"color: #000000;\"><strong>4.4.<\/strong><strong>2008<\/strong><\/span><\/p>\n<p><span style=\"color: #000000;\"><em>It\u00e4meren turvallisuus<\/em><\/span><\/p>\n<p><span style=\"color: #000000;\">Puhujat:<\/span><br \/>\n<span style=\"color: #000000;\"><strong>Dan Wil\u00e9n<\/strong>, Kommodori, apulaisesikuntap\u00e4\u00e4llikk\u00f6<strong><br \/>\n<\/strong><strong>Esko Antola<\/strong>, Johtaja, Centrum Balticum<strong><br \/>\n<\/strong><strong>Matti Ahola<\/strong>, Kenraali (evp) <strong><br \/>\n<\/strong><strong>Henrik Lax<\/strong>, Euroopan parlamentin j\u00e4sen\u00a0<\/span><\/p>\n<p><span style=\"color: #000000;\">Puheenjohtaja: <strong>Jukka Tarkka<\/strong>, Valtiot. tohtori<\/span><\/p>\n<p><span style=\"color: #000000;\">Paikka: Merivoimien esikunta, Turku<\/span><\/p>\n<p><span style=\"color: #000000;\">Seminaari j\u00e4rjestettiin yhteisty\u00f6ss\u00e4 Merivoimien Esikunnan kanssa<\/span><\/p>\n<p><span style=\"color: #000000;\"><img decoding=\"async\" loading=\"lazy\" class=\"alignnone size-full wp-image-652\" title=\"\" src=\"http:\/\/atlanttiseura.fi\/WP\/wp-content\/uploads\/2012\/10\/Itameren-turvallisuus_yleiso_pieni.jpg\" alt=\"\" width=\"250\" height=\"166\" \/>\u00a0\u00a0 <img decoding=\"async\" loading=\"lazy\" class=\"alignnone size-full wp-image-653\" title=\"Henrik Lax, Esko Antola, Jukka Tarkka, Matti Ahola, Dan Wil\u00e9n\" src=\"http:\/\/atlanttiseura.fi\/WP\/wp-content\/uploads\/2012\/10\/Itameren-turvallisuus_pieni.jpg\" alt=\"\" width=\"250\" height=\"166\" \/><\/span><br \/>\n<span style=\"color: #000000;\"><img decoding=\"async\" loading=\"lazy\" class=\"alignnone\" title=\"Henrik Lax\" src=\"http:\/\/atlanttiseura.fi\/WP\/wp-content\/uploads\/2013\/03\/Henrik-Lax.jpg\" alt=\"\" width=\"250\" height=\"167\" \/>\u00a0\u00a0 <a style=\"color: #000000;\" href=\"http:\/\/atlanttiseura.fi\/WP\/wp-content\/uploads\/2013\/03\/Sampsa-Saura.jpg\"><img decoding=\"async\" loading=\"lazy\" class=\"alignnone size-full wp-image-1672\" title=\"Sampsa Saura\" src=\"http:\/\/atlanttiseura.fi\/WP\/wp-content\/uploads\/2013\/03\/Sampsa-Saura.jpg\" alt=\"\" width=\"250\" height=\"167\" \/><\/a><\/span><br \/>\n<span style=\"color: #000000;\"><a style=\"color: #000000;\" href=\"http:\/\/atlanttiseura.fi\/WP\/wp-content\/uploads\/2013\/03\/It%C3%A4meren-turvallisuus-4.4.2008.jpg\"><img decoding=\"async\" loading=\"lazy\" class=\"alignnone size-full wp-image-1675\" title=\"It\u00e4meren turvallisuus 4.4.2008\" src=\"http:\/\/atlanttiseura.fi\/WP\/wp-content\/uploads\/2013\/03\/It%C3%A4meren-turvallisuus-4.4.2008.jpg\" sizes=\"(max-width: 510px) 100vw, 510px\" srcset=\"http:\/\/atlanttiseura.fi\/WP\/wp-content\/uploads\/2013\/03\/It\u00e4meren-turvallisuus-4.4.2008.jpg 510w, http:\/\/atlanttiseura.fi\/WP\/wp-content\/uploads\/2013\/03\/It\u00e4meren-turvallisuus-4.4.2008-300x117.jpg 300w\" alt=\"\" width=\"510\" height=\"200\" \/><\/a><\/span><\/p>\n<p><span style=\"color: #000000;\"><strong>14.2.<\/strong><strong>2008<\/strong><\/span><\/p>\n<p><span style=\"color: #000000;\">Lounastilaisuus: <em>Kyll\u00e4 kansa tiet\u00e4\u00e4? \u2013 suomalaisten mielipiteit\u00e4 ulko- ja turvallisuuspolitiikasta<\/em><\/span><\/p>\n<p><span style=\"color: #000000;\">Alustaja: <strong>Heli Santala<\/strong>, P\u00e4\u00e4sihteeri, Maanpuolustustiedotuksen suunnittelukunta<\/span><\/p>\n<p><span style=\"color: #000000;\">Puhuja: <strong>Leif Blomqvist,<\/strong> Suurl\u00e4hettil\u00e4s, Suomen Atlantti-Seuran hallituksen j\u00e4sen<\/span><\/p>\n<p><span style=\"color: #000000;\">Puheenjohtaja: <strong>Jyrki Iivonen<\/strong>, Viestint\u00e4johtaja, Puolustusministeri\u00f6<\/span><\/p>\n<p><span style=\"color: #000000;\">Paikka: Ekberg Extra, Helsinki<\/span><\/p>\n<p><span style=\"color: #000000;\">J\u00e4rjest\u00e4j\u00e4t: Suomen Atlantti-Seura\u00a0ja Puolustusministeri\u00f6<\/span><\/p>\n<p><span style=\"color: #000000;\"><a style=\"color: #000000;\" href=\"http:\/\/atlanttiseura.fi\/WP\/wp-content\/uploads\/2013\/03\/P2140003.jpg\"><img decoding=\"async\" loading=\"lazy\" class=\"alignnone size-full wp-image-1687\" title=\"14.2.2008 Kyll\u00e4 kansa tiet\u00e4\u00e4? \u2013 suomalaisten mielipiteit\u00e4 ulko- ja turvallisuuspolitiikasta\" src=\"http:\/\/atlanttiseura.fi\/WP\/wp-content\/uploads\/2013\/03\/P2140003.jpg\" alt=\"\" width=\"250\" height=\"167\" \/><\/a>\u00a0\u00a0 <a style=\"color: #000000;\" href=\"http:\/\/atlanttiseura.fi\/WP\/wp-content\/uploads\/2013\/03\/P2140001.jpg\"><img decoding=\"async\" loading=\"lazy\" class=\"alignnone size-full wp-image-1686\" title=\"Santala, Iivonen ja Blomqvist\" src=\"http:\/\/atlanttiseura.fi\/WP\/wp-content\/uploads\/2013\/03\/P2140001.jpg\" alt=\"\" width=\"250\" height=\"167\" \/><\/a><\/span><\/p>\n","protected":false},"excerpt":{"rendered":"<p>TAPAHTUMAT VUONNA 2008 8.12.2008 Suomen Atlantti-Seuran s\u00e4\u00e4nt\u00f6m\u00e4\u00e4r\u00e4inen syyskokous Henkil\u00f6valinnat vuodelle 2009: Suomen Atlantti-Seuran puheenjohtajaksi valittiin kansanedustaja (12.7.2009 asti), order Euroopan parlamentin j\u00e4sen (13.7.2009 alkaen)\u00a0Liisa Jaakonsaari Suomen Atlantti-Seuran hallituksen j\u00e4senet vuodelle 2009: Jori Arvonen Leif Blomqvist Jari Haapiainen Pertti Hyv\u00e4rinen Lasse Kurkilahti Jan D. Oker-Blom Helena Partanen Pentti Sadeniemi Pertti Salolainen Antti Talonen Jukka Valtasaari P\u00e4\u00e4sihteeri: &hellip; <\/p>\n","protected":false},"author":1,"featured_media":0,"parent":0,"menu_order":0,"comment_status":"closed","ping_status":"closed","template":"","meta":[],"_links":{"self":[{"href":"http:\/\/atlanttiseura.fi\/index.php?rest_route=\/wp\/v2\/pages\/3303"}],"collection":[{"href":"http:\/\/atlanttiseura.fi\/index.php?rest_route=\/wp\/v2\/pages"}],"about":[{"href":"http:\/\/atlanttiseura.fi\/index.php?rest_route=\/wp\/v2\/types\/page"}],"author":[{"embeddable":true,"href":"http:\/\/atlanttiseura.fi\/index.php?rest_route=\/wp\/v2\/users\/1"}],"replies":[{"embeddable":true,"href":"http:\/\/atlanttiseura.fi\/index.php?rest_route=%2Fwp%2Fv2%2Fcomments&post=3303"}],"version-history":[{"count":4,"href":"http:\/\/atlanttiseura.fi\/index.php?rest_route=\/wp\/v2\/pages\/3303\/revisions"}],"predecessor-version":[{"id":3758,"href":"http:\/\/atlanttiseura.fi\/index.php?rest_route=\/wp\/v2\/pages\/3303\/revisions\/3758"}],"wp:attachment":[{"href":"http:\/\/atlanttiseura.fi\/index.php?rest_route=%2Fwp%2Fv2%2Fmedia&parent=3303"}],"curies":[{"name":"wp","href":"https:\/\/api.w.org\/{rel}","templated":true}]}}