{"id":3300,"date":"2017-03-22T13:24:29","date_gmt":"2017-03-22T13:24:29","guid":{"rendered":"http:\/\/atlanttiseura.fi\/?page_id=3300"},"modified":"2022-02-23T00:17:15","modified_gmt":"2022-02-23T00:17:15","slug":"2009-2","status":"publish","type":"page","link":"http:\/\/atlanttiseura.fi\/?page_id=3300","title":{"rendered":"2009"},"content":{"rendered":"<p><span style=\"color: #000000;\"><img decoding=\"async\" loading=\"lazy\" width=\"540\" height=\"360\" class=\"aligncenter  wp-image-399\" style=\"text-decoration: none; color: #676c6c;\" src=\"http:\/\/atlanttiseura.fi\/WP\/wp-content\/uploads\/2012\/08\/Nato-valtaa-Vanhan_02042009.jpg\" sizes=\"(max-width: 540px) 100vw, &lt;a href=\" srcset=\"http:\/\/atlanttiseura.fi\/WP\/wp-content\/uploads\/2012\/08\/Nato-valtaa-Vanhan_02042009.jpg 540w, http:\/\/atlanttiseura.fi\/WP\/wp-content\/uploads\/2012\/08\/Nato-valtaa-Vanhan_02042009-300x200.jpg 300w\" \/><br \/>\n<\/span><\/p>\n<p><span style=\"color: #000000;\"><strong>16.12.2009<\/strong><\/span><\/p>\n<p><span style=\"color: #000000;\"><em>Suomen Atlantti-Seura 10 vuotta<\/em><\/span><\/p>\n<p><span style=\"color: #000000;\"><a style=\"color: #000000;\" href=\"http:\/\/atlanttiseura.fi\/WP\/wp-content\/uploads\/2013\/03\/IMG_4100.jpg\"><img decoding=\"async\" loading=\"lazy\" class=\"alignnone size-full wp-image-1731\" title=\"vastaanotto 16.12\" src=\"http:\/\/atlanttiseura.fi\/WP\/wp-content\/uploads\/2013\/03\/IMG_4100.jpg\" sizes=\"(max-width: 510px) 100vw, 510px\" srcset=\"http:\/\/atlanttiseura.fi\/WP\/wp-content\/uploads\/2013\/03\/IMG_4100.jpg 510w, http:\/\/atlanttiseura.fi\/WP\/wp-content\/uploads\/2013\/03\/IMG_4100-300x117.jpg 300w\" alt=\"\" width=\"510\" height=\"200\" \/><\/a><\/span><\/p>\n<p><span style=\"color: #000000;\"><strong>10.12.2009<\/strong><\/span><\/p>\n<p><span style=\"color: #000000;\"><em>Suomen Atlantti-Seuran s\u00e4\u00e4nt\u00f6m\u00e4\u00e4r\u00e4inen syyskokous<\/em><\/span><\/p>\n<p><span style=\"color: #000000;\">Henkil\u00f6valinnat vuodelle 2010:<\/span><\/p>\n<p><span style=\"color: #000000;\">Suomen Atlantti-Seuran puheenjohtajaksi valittiin\u00a0Euroopan parlamentin j\u00e4sen,<\/span><br \/>\n<span style=\"color: #000000;\"><strong>Liisa Jaakonsaari<\/strong><\/span><\/p>\n<p><span style=\"color: #000000;\">Suomen Atlantti-Seuran hallituksen j\u00e4senet vuodelle 2010:<\/span><\/p>\n<p><span style=\"color: #000000;\"><strong>Tuomas Forsberg<\/strong>, Professori<\/span><br \/>\n<span style=\"color: #000000;\"><strong>Jari Haapiainen<\/strong>, Kansainv\u00e4listen asioiden sihteeri<\/span><br \/>\n<span style=\"color: #000000;\"><strong>Pertti Hyv\u00e4rinen<\/strong>, Eversti<\/span><br \/>\n<span style=\"color: #000000;\"><strong>Lasse Kurkilahti<\/strong>, Vuorineuvos<\/span><br \/>\n<span style=\"color: #000000;\"><strong>Helena Partanen, <\/strong>Puolustusasiainneuvos<\/span><br \/>\n<span style=\"color: #000000;\"><strong>Pasi Rajala<\/strong>, Kansainv\u00e4listen asioiden sihteeri<\/span><br \/>\n<span style=\"color: #000000;\"><strong>Marcus Rantala<\/strong>, Valtiosihteeri<\/span><br \/>\n<span style=\"color: #000000;\"><strong>Pentti Sadeniemi<\/strong>, Valtiotieteiden tohtori<\/span><br \/>\n<span style=\"color: #000000;\"><strong>Pertti Salolainen<\/strong>, Kansanedustaja, ulkoasiainvaliokunnan puheejohtaja, ministeri<\/span><br \/>\n<span style=\"color: #000000;\"><strong>Jukka Valtasaari<\/strong>, Suurl\u00e4hettil\u00e4s<strong><br \/>\nTomas Wallenius<\/strong>, Nuorten verkoston puheenjohtaja<strong><br \/>\n<\/strong><\/span><\/p>\n<p><span style=\"color: #000000;\">P\u00e4\u00e4sihteeri:<\/span><br \/>\n<span style=\"color: #000000;\"><strong>Terhi Suominen<\/strong>, VTM<strong><br \/>\n<\/strong><\/span><\/p>\n<p><span style=\"color: #000000;\">Paikka: S\u00e4\u00e4tytalo, Helsinki<\/span><\/p>\n<p><span style=\"color: #000000;\"><strong>10.12.2009<\/strong><\/span><\/p>\n<p><span style=\"color: #000000;\"><em>Suomen Atlantti-Seuran 10-vuotistilaisuus<\/em><\/span><\/p>\n<p><span style=\"color: #000000;\">Puhujat:<\/span><br \/>\n<span style=\"color: #000000;\"><strong>Jaakko Iloniemi<\/strong>, Suurl\u00e4hettil\u00e4s, ministeri<strong><br \/>\n<\/strong><strong>Paavo Rantanen<\/strong>, Suurl\u00e4hettil\u00e4s, ministeri<strong><br \/>\n<\/strong><strong>Risto E. J. Penttil\u00e4<\/strong>, Tohtori, johtaja, EVA<strong><br \/>\n<\/strong><strong>Pertti Salolainen<\/strong>, Ministeri, ulkoasiainvaliokunnan puheenjohtaja, Suomen Atlantti-Seuran varapuheenjohtaja<\/span><\/p>\n<p><span style=\"color: #000000;\">Tilaisuudessa julkistettiin\u00a0Suomen Atlantti-Seuran 10-vuotisjulkaisu \u201dSuomi ja Nato\u201d.<\/span><br \/>\n<span style=\"color: #000000;\">&gt;&gt; <a style=\"color: #000000;\" title=\"Suomi ja Nato\" href=\"http:\/\/atlanttiseura.fi\/en\/wp-content\/uploads\/2012\/07\/suomi_ja_nato_kansilla.pdf\" target=\"_blank\" rel=\"noopener\">Suomi ja Nato (pdf)<\/a><\/span><\/p>\n<p><span style=\"color: #000000;\">Paikka: S\u00e4\u00e4tytalo, Helsinki<\/span><\/p>\n<p><span style=\"color: #000000;\"><a style=\"color: #000000;\" href=\"http:\/\/atlanttiseura.fi\/WP\/wp-content\/uploads\/2013\/03\/P1010101.jpg\"><img decoding=\"async\" loading=\"lazy\" class=\"alignnone  wp-image-1771\" title=\"10.12.2009  Suomen Atlantti-Seuran 10-vuotistilaisuus \" src=\"http:\/\/atlanttiseura.fi\/WP\/wp-content\/uploads\/2013\/03\/P1010101.jpg\" sizes=\"(max-width: 510px) 100vw, 510px\" srcset=\"http:\/\/atlanttiseura.fi\/WP\/wp-content\/uploads\/2013\/03\/P1010101.jpg 510w, http:\/\/atlanttiseura.fi\/WP\/wp-content\/uploads\/2013\/03\/P1010101-300x117.jpg 300w\" alt=\"\" width=\"510\" height=\"200\" \/><\/a><\/span><\/p>\n<p><span style=\"color: #000000;\"><strong>4.11.2009<\/strong><\/span><\/p>\n<p><span style=\"color: #000000;\"><em>The Road to Peace and Stability in Afghanistan \u2013 Denmark\u2019s and Finland\u2019s contribution<\/em><\/span><\/p>\n<p><span style=\"color: #000000;\">Speakers:<\/span><br \/>\n<span style=\"color: #000000;\">H.E <strong>Carsten<\/strong> <strong>Damsgaard<\/strong>, Ambassador, Danish Special Representative for Afghanistan and Pakistan<\/span><br \/>\n<span style=\"color: #000000;\">Mr <strong>S\u00f8ren Gade<\/strong>, Minister of Defence, Danish Ministry of Defence<\/span><br \/>\n<span style=\"color: #000000;\">H.E. <strong>Jens-Otto<\/strong> <strong>Horslund<\/strong>, Ambassador, Embassy of the Kingdom of Denmark in Helsinki<\/span><br \/>\n<span style=\"color: #000000;\">Mr <strong>Jyri<\/strong> <strong>H\u00e4k\u00e4mies<\/strong>, Minister of Defence, Ministry of Defence of Finland<\/span><br \/>\n<span style=\"color: #000000;\">Mr <strong>Timo<\/strong> <strong>Kantola<\/strong>, Director, Ministry for Foreign Affairs of Finland<\/span><br \/>\n<span style=\"color: #000000;\">Ms <strong>Gunvor<\/strong> <strong>Kronman<\/strong>, Director, Hanasaari and the Finnish-Danish Cultural Foundation<\/span><br \/>\n<span style=\"color: #000000;\">Mr <strong>Ahti<\/strong> <strong>Kurvinen<\/strong>, Senior Staff Officer, Ministry of Defence of Finland<\/span><br \/>\n<span style=\"color: #000000;\">Mr <strong>Markus<\/strong> <strong>Lyra<\/strong>, Under-Secretary of State, Ministry for Foreign Affairs of Finland<\/span><br \/>\n<span style=\"color: #000000;\">Mr <strong>Lawrence<\/strong> <strong>Rossin<\/strong>, Ambassador (ret.), Deputy Assistant Secretary General for Operations, NATO<\/span><br \/>\n<span style=\"color: #000000;\">Mr <strong>Olli<\/strong> <strong>Ruohom\u00e4ki<\/strong>, Senior Advisor, Ministry for Foreign Affairs of Finland<\/span><br \/>\n<span style=\"color: #000000;\">Mr <strong>Charly<\/strong> <strong>Salonius-Pasternak<\/strong>, Researcher, Finnish Institute of International Affairs<\/span><br \/>\n<span style=\"color: #000000;\">Mr <strong>Kai<\/strong> <strong>Vittrup<\/strong>, Head of EUPOL, EU\u2019s Police Mission in Afghanistan<\/span><\/p>\n<p><span style=\"color: #000000;\">Moderator: Mr <strong>Pertti<\/strong> <strong>Salolainen<\/strong>, MP, Chairman of the Foreign Affairs Committee, Parliament of Finland, Vice-Chair of the Atlantic Council of Finland<\/span><\/p>\n<p><span style=\"color: #000000;\">Venue: Hanasaari \u2013 the Swedish-Finnish Cultural Centre, Espoo<\/span><\/p>\n<p><span style=\"color: #000000;\">Organisers:\u00a0Atlantic Council of Finland, Embassy of the Kingdom of Denmark in Helsinki, Ministry for Foreign Affairs of Finland, Ministry of Defence of Finland, Finnish-Danish Cultural Foundation and Hanasaari<\/span><\/p>\n<p><span style=\"color: #000000;\"><strong>19.10.2009<\/strong><\/span><\/p>\n<p><span style=\"color: #000000;\"><em>NATO and Finland in the Light of the Cold War<\/em><\/span><\/p>\n<p><span style=\"color: #000000;\">Speakers:<\/span><br \/>\n<span style=\"color: #000000;\">H.E. <strong>Wilfried<\/strong> <strong>Grolig<\/strong>, Ambassador, Embassy of the Federal Republic of Germany Finland<\/span><br \/>\n<span style=\"color: #000000;\">Dr. <strong>Bernd<\/strong> <strong>Wegner<\/strong>, Professor, Helmut Schmidt University, University of the Federal Armed Forces Hamburg<\/span><br \/>\n<span style=\"color: #000000;\">Dr. <strong>Dieter<\/strong> <strong>Kr\u00fcger<\/strong>, Adjunct professor, Military History Research Institute, Potsdam<\/span><br \/>\n<span style=\"color: #000000;\">Dr. <strong>Agilolf<\/strong> <strong>Kesselring<\/strong><\/span><br \/>\n<span style=\"color: #000000;\">Mr <strong>Jaakko<\/strong> <strong>Iloniemi,<\/strong> Minister (Hon.), Ambassador (ret.)<\/span><br \/>\n<span style=\"color: #000000;\">Dr. <strong>Tuomas<\/strong> <strong>Forsberg, <\/strong>Professor, University of Tampere<\/span><br \/>\n<span style=\"color: #000000;\">Dr. <strong>Pekka<\/strong> <strong>Visuri<\/strong>, Colonel (ret.), Adjunct Professor, National Defence University<\/span><br \/>\n<span style=\"color: #000000;\">Dr. <strong>Seppo<\/strong> <strong>Hentil\u00e4,<\/strong> Professor, University of Helsinki<\/span><\/p>\n<p><span style=\"color: #000000;\">Dr.<strong> Agilolf Kesselringin\u2019s <\/strong>publication <em>Die Nordatlantische Allianz und Finnland 1949 bis 1961. Perzeptionsmuster und Politik im Kalten Krieg<\/em> was published in seminar<\/span><\/p>\n<p><span style=\"color: #000000;\">Venue: Pieni Juhlasali, University of Helsinki<\/span><\/p>\n<p><span style=\"color: #000000;\">Organisers: Atlantic Council of Finland and Embassy of the Federal Republic of Germany in Helsinki<\/span><\/p>\n<p><span style=\"color: #000000;\"><a style=\"color: #000000;\" href=\"http:\/\/atlanttiseura.fi\/WP\/wp-content\/uploads\/2013\/03\/Sekalaisia-A-S-kuvia-178.jpg\"><img decoding=\"async\" loading=\"lazy\" class=\"alignnone size-full wp-image-1750\" title=\"19.10.2009  NATO and Finland in the Light of the Cold War\" src=\"http:\/\/atlanttiseura.fi\/WP\/wp-content\/uploads\/2013\/03\/Sekalaisia-A-S-kuvia-178.jpg\" sizes=\"(max-width: 510px) 100vw, 510px\" srcset=\"http:\/\/atlanttiseura.fi\/WP\/wp-content\/uploads\/2013\/03\/Sekalaisia-A-S-kuvia-178.jpg 510w, http:\/\/atlanttiseura.fi\/WP\/wp-content\/uploads\/2013\/03\/Sekalaisia-A-S-kuvia-178-300x117.jpg 300w\" alt=\"\" width=\"510\" height=\"200\" \/><\/a><\/span><br \/>\n<span style=\"color: #000000;\"><a style=\"color: #000000;\" href=\"http:\/\/atlanttiseura.fi\/WP\/wp-content\/uploads\/2013\/03\/Sekalaisia-A-S-kuvia-160.jpg\"><img decoding=\"async\" loading=\"lazy\" class=\"alignnone size-full wp-image-1751\" title=\"Wilfried Grolig\" src=\"http:\/\/atlanttiseura.fi\/WP\/wp-content\/uploads\/2013\/03\/Sekalaisia-A-S-kuvia-160.jpg\" alt=\"\" width=\"250\" height=\"167\" \/><\/a>\u00a0\u00a0 <a style=\"color: #000000;\" href=\"http:\/\/atlanttiseura.fi\/WP\/wp-content\/uploads\/2013\/03\/Sekalaisia-A-S-kuvia-163.jpg\"><img decoding=\"async\" loading=\"lazy\" class=\"alignnone size-full wp-image-1752\" title=\"Bernd Wegner\" src=\"http:\/\/atlanttiseura.fi\/WP\/wp-content\/uploads\/2013\/03\/Sekalaisia-A-S-kuvia-163.jpg\" alt=\"\" width=\"250\" height=\"167\" \/><\/a><\/span><br \/>\n<span style=\"color: #000000;\"><a style=\"color: #000000;\" href=\"http:\/\/atlanttiseura.fi\/WP\/wp-content\/uploads\/2013\/03\/Sekalaisia-A-S-kuvia-187.jpg\"><img decoding=\"async\" loading=\"lazy\" class=\"alignnone size-full wp-image-1753\" title=\"19.10.2009  NATO and Finland in the Light of the Cold War\" src=\"http:\/\/atlanttiseura.fi\/WP\/wp-content\/uploads\/2013\/03\/Sekalaisia-A-S-kuvia-187.jpg\" alt=\"\" width=\"250\" height=\"167\" \/><\/a>\u00a0\u00a0 <a style=\"color: #000000;\" href=\"http:\/\/atlanttiseura.fi\/WP\/wp-content\/uploads\/2013\/03\/Sekalaisia-A-S-kuvia-190.jpg\"><img decoding=\"async\" loading=\"lazy\" class=\"alignnone size-full wp-image-1754\" title=\"Agilolf Kesselring\" src=\"http:\/\/atlanttiseura.fi\/WP\/wp-content\/uploads\/2013\/03\/Sekalaisia-A-S-kuvia-190.jpg\" alt=\"\" width=\"250\" height=\"167\" \/><\/a><\/span><\/p>\n<p><span style=\"color: #000000;\"><strong>14.10.2009<\/strong><\/span><\/p>\n<p><span style=\"color: #000000;\"><em>Arctic Cooperation Perspectives<\/em><\/span><\/p>\n<p><span style=\"color: #000000;\">Opening remarks: Mr <strong>Pertti<\/strong> <strong>Salolainen<\/strong>, MP, Chair of the Foreign Affairs Committee, Parliament of Finland, Vice-Chair of the Atlantic Council of Finland, Minister (Hon.)<\/span><\/p>\n<p><span style=\"color: #000000;\">Panel:<\/span><br \/>\n<span style=\"color: #000000;\">H.E. <strong>Christopher<\/strong> <strong>Shapardanov<\/strong>, Ambassador, Embassy of Canada in Finland<\/span><br \/>\n<span style=\"color: #000000;\">Dr. <strong>Stanislav<\/strong> <strong>L. Tkachenko<\/strong>, Professor, School of International Relations, St. Petersburg State University,<\/span><br \/>\n<span style=\"color: #000000;\">Mr <strong>Karsten<\/strong> <strong>Klepsvik<\/strong>, Ambassador for Polar Affairs, Ministry of Foreign Affairs of Norway<\/span><\/p>\n<p><span style=\"color: #000000;\">Closing remarks: Mr <strong>Juha<\/strong> <strong>Korkeaoja<\/strong>, MP, Chair of the Defence Committee, Parliament of Finland<\/span><\/p>\n<p><span style=\"color: #000000;\">Venue: Parliament Annex \u2013 Little Parliament, Helsinki<\/span><\/p>\n<p><span style=\"color: #000000;\">The seminar was organised\u00a0in cooperation\u00a0with the Foreign Affairs Committee and the Defence Committee of the Parliament of Finland<\/span><\/p>\n<p><span style=\"color: #000000;\"><a style=\"color: #000000;\" href=\"http:\/\/atlanttiseura.fi\/WP\/wp-content\/uploads\/2013\/03\/Sekalaisia-A-S-kuvia-097.jpg\"><img decoding=\"async\" loading=\"lazy\" class=\"alignnone size-full wp-image-1741\" title=\"Pertti Salolainen\" src=\"http:\/\/atlanttiseura.fi\/WP\/wp-content\/uploads\/2013\/03\/Sekalaisia-A-S-kuvia-097.jpg\" alt=\"\" width=\"250\" height=\"167\" \/><\/a>\u00a0\u00a0 <a style=\"color: #000000;\" href=\"http:\/\/atlanttiseura.fi\/WP\/wp-content\/uploads\/2013\/03\/Sekalaisia-A-S-kuvia-109.jpg\"><img decoding=\"async\" loading=\"lazy\" class=\"alignnone size-full wp-image-1742\" title=\"Christopher Shapardanov\" src=\"http:\/\/atlanttiseura.fi\/WP\/wp-content\/uploads\/2013\/03\/Sekalaisia-A-S-kuvia-109.jpg\" alt=\"\" width=\"250\" height=\"167\" \/><\/a><\/span><br \/>\n<span style=\"color: #000000;\"><a style=\"color: #000000;\" href=\"http:\/\/atlanttiseura.fi\/WP\/wp-content\/uploads\/2013\/03\/Sekalaisia-A-S-kuvia-095.jpg\"><img decoding=\"async\" loading=\"lazy\" class=\"alignnone size-full wp-image-1743\" title=\"14.10.2009  Arctic Cooperation Perspectives\" src=\"http:\/\/atlanttiseura.fi\/WP\/wp-content\/uploads\/2013\/03\/Sekalaisia-A-S-kuvia-095.jpg\" alt=\"\" width=\"250\" height=\"167\" \/><\/a>\u00a0\u00a0 <a style=\"color: #000000;\" href=\"http:\/\/atlanttiseura.fi\/WP\/wp-content\/uploads\/2013\/03\/Sekalaisia-A-S-kuvia-121.jpg\"><img decoding=\"async\" loading=\"lazy\" class=\"alignnone size-full wp-image-1745\" title=\"Stanislav L. Tkachenko\" src=\"http:\/\/atlanttiseura.fi\/WP\/wp-content\/uploads\/2013\/03\/Sekalaisia-A-S-kuvia-121.jpg\" alt=\"\" width=\"250\" height=\"167\" \/><\/a><\/span><br \/>\n<span style=\"color: #000000;\"><a style=\"color: #000000;\" href=\"http:\/\/atlanttiseura.fi\/WP\/wp-content\/uploads\/2013\/03\/Sekalaisia-A-S-kuvia-151.jpg\"><img decoding=\"async\" loading=\"lazy\" class=\"alignnone size-full wp-image-1747\" title=\"Karsten Klepsvik\" src=\"http:\/\/atlanttiseura.fi\/WP\/wp-content\/uploads\/2013\/03\/Sekalaisia-A-S-kuvia-151.jpg\" alt=\"\" width=\"250\" height=\"167\" \/><\/a> \u00a0 <a style=\"color: #000000;\" href=\"http:\/\/atlanttiseura.fi\/WP\/wp-content\/uploads\/2013\/03\/Sekalaisia-A-S-kuvia-113.jpg\"><img decoding=\"async\" loading=\"lazy\" class=\"alignnone  wp-image-1744\" title=\"14.10.2009  Arctic Cooperation Perspectives\" src=\"http:\/\/atlanttiseura.fi\/WP\/wp-content\/uploads\/2013\/03\/Sekalaisia-A-S-kuvia-113.jpg\" alt=\"\" width=\"250\" height=\"167\" \/><\/a><\/span><\/p>\n<p><span style=\"color: #000000;\"><strong>7. \u2013 9.10.2009<\/strong><\/span><\/p>\n<p><span style=\"color: #000000;\"><em>Atlantic Treaty Associationin (ATA) General Assembly<\/em><\/span><\/p>\n<p><span style=\"color: #000000;\">Venue: Kiev, Ukraine<\/span><\/p>\n<p><span style=\"color: #000000;\"><strong>25.9.2009<\/strong><\/span><\/p>\n<p><span style=\"color: #000000;\">Aamukahvitilaisuus: <em>Energiaturvallisuus<\/em><\/span><\/p>\n<p><span style=\"color: #000000;\">Alustaja: <strong>Mika Purhonen<\/strong>, Vanhempi analyytikko, Ramse Consulting, Huoltovarmuuskeskuksen entinen ylijohtaja<\/span><\/p>\n<p><span style=\"color: #000000;\">Paikka: Ekberg Extra<\/span><\/p>\n<p><span style=\"color: #000000;\"><strong>15.7.2009<\/strong><\/span><\/p>\n<p><span style=\"color: #000000;\"><em>Nato \u2013 Rauhanliikek\u00f6?<\/em><\/span><\/p>\n<p><span style=\"color: #000000;\">Puhujat:<\/span><br \/>\n<span style=\"color: #000000;\"><strong>Tuomas Forsberg<\/strong>, Professori, Tampereen yliopisto<strong><br \/>\n<\/strong><strong>Ilkka Kanerva<\/strong>, Kansanedustaja (Kok.)<strong><br \/>\n<\/strong><strong>Markku Laukkanen<\/strong>, Kansanedustaja (Kesk.)<strong><br \/>\n<\/strong><strong>Minna Sirn\u00f6<\/strong>, Kansanedustaja (Vas.)<\/span><\/p>\n<p><span style=\"color: #000000;\">Puheenjohtaja: <strong>Matti Apunen<\/strong>, P\u00e4\u00e4toimittaja, Aamulehti<\/span><\/p>\n<p><span style=\"color: #000000;\">Paikka: <a style=\"color: #000000;\" href=\"http:\/\/www.suomiareena.fi\/\" target=\"_blank\" rel=\"noopener\">SuomiAreena<\/a>, Pori<\/span><\/p>\n<p><span style=\"color: #000000;\">Tilaisuus j\u00e4rjestettiin yhteisty\u00f6ss\u00e4 Suomen Rauhanliiton\u00a0kanssa<\/span><\/p>\n<p><span style=\"color: #000000;\"><a style=\"color: #000000;\" href=\"http:\/\/atlanttiseura.fi\/WP\/wp-content\/uploads\/2013\/03\/Sekalaisia-A-S-kuvia-197.jpg\"><img decoding=\"async\" loading=\"lazy\" class=\"alignnone size-full wp-image-1758\" title=\"Markku Laukkanen, Minna Sirn\u00f6, Ilkka Kanerva, Tuomas Forsberg ja Matti Apunen\" src=\"http:\/\/atlanttiseura.fi\/WP\/wp-content\/uploads\/2013\/03\/Sekalaisia-A-S-kuvia-197.jpg\" alt=\"\" width=\"250\" height=\"167\" \/><\/a>\u00a0\u00a0 <a style=\"color: #000000;\" href=\"http:\/\/atlanttiseura.fi\/WP\/wp-content\/uploads\/2013\/03\/Sekalaisia-A-S-kuvia-203.jpg\"><img decoding=\"async\" loading=\"lazy\" class=\"alignnone  wp-image-1759\" title=\"Minna Sirn\u00f6 ja Ilkka Kanerva\" src=\"http:\/\/atlanttiseura.fi\/WP\/wp-content\/uploads\/2013\/03\/Sekalaisia-A-S-kuvia-203.jpg\" alt=\"\" width=\"250\" height=\"167\" \/><\/a><\/span><br \/>\n<span style=\"color: #000000;\"><a style=\"color: #000000;\" href=\"http:\/\/atlanttiseura.fi\/WP\/wp-content\/uploads\/2013\/03\/Sekalaisia-A-S-kuvia-205.jpg\"><img decoding=\"async\" loading=\"lazy\" class=\"alignnone size-full wp-image-1760\" title=\"Markku Laukkanen, Minna Sirn\u00f6 ja Ilkka Kanerva\" src=\"http:\/\/atlanttiseura.fi\/WP\/wp-content\/uploads\/2013\/03\/Sekalaisia-A-S-kuvia-205.jpg\" alt=\"\" width=\"250\" height=\"167\" \/><\/a>\u00a0\u00a0 <a style=\"color: #000000;\" href=\"http:\/\/atlanttiseura.fi\/WP\/wp-content\/uploads\/2013\/03\/Sekalaisia-A-S-kuvia-222.jpg\"><img decoding=\"async\" loading=\"lazy\" class=\"alignnone size-full wp-image-1763\" title=\"15.7.2009  Nato \u2013 Rauhanliikek\u00f6?\" src=\"http:\/\/atlanttiseura.fi\/WP\/wp-content\/uploads\/2013\/03\/Sekalaisia-A-S-kuvia-222.jpg\" alt=\"\" width=\"250\" height=\"167\" \/><\/a><\/span><br \/>\n<span style=\"color: #000000;\"><a style=\"color: #000000;\" href=\"http:\/\/atlanttiseura.fi\/WP\/wp-content\/uploads\/2013\/03\/Sekalaisia-A-S-kuvia-209.jpg\"><img decoding=\"async\" loading=\"lazy\" class=\"alignnone size-full wp-image-1762\" title=\"Tuomas Forsberg ja Matti Apunen\" src=\"http:\/\/atlanttiseura.fi\/WP\/wp-content\/uploads\/2013\/03\/Sekalaisia-A-S-kuvia-209.jpg\" alt=\"\" width=\"250\" height=\"167\" \/><\/a>\u00a0\u00a0 <a style=\"color: #000000;\" href=\"http:\/\/atlanttiseura.fi\/WP\/wp-content\/uploads\/2013\/03\/Sekalaisia-A-S-kuvia-226.jpg\"><img decoding=\"async\" loading=\"lazy\" class=\"alignnone size-full wp-image-1764\" title=\"15.7.2009  Nato \u2013 Rauhanliikek\u00f6?\" src=\"http:\/\/atlanttiseura.fi\/WP\/wp-content\/uploads\/2013\/03\/Sekalaisia-A-S-kuvia-226.jpg\" alt=\"\" width=\"250\" height=\"167\" \/><\/a><\/span><br \/>\n<span style=\"color: #000000;\"><a style=\"color: #000000;\" href=\"http:\/\/atlanttiseura.fi\/WP\/wp-content\/uploads\/2013\/03\/Sekalaisia-A-S-kuvia-270.jpg\"><img decoding=\"async\" loading=\"lazy\" class=\"alignnone size-full wp-image-1765\" title=\"15.7.2009  Nato \u2013 Rauhanliikek\u00f6?\" src=\"http:\/\/atlanttiseura.fi\/WP\/wp-content\/uploads\/2013\/03\/Sekalaisia-A-S-kuvia-270.jpg\" alt=\"\" width=\"250\" height=\"167\" \/><\/a> \u00a0 <a style=\"color: #000000;\" href=\"http:\/\/atlanttiseura.fi\/WP\/wp-content\/uploads\/2013\/03\/Sekalaisia-A-S-kuvia-206.jpg\"><img decoding=\"async\" loading=\"lazy\" class=\"alignnone  wp-image-1761\" title=\"Ilkka Kanerva, Tuomas Forsberg ja Matti Apunen\" src=\"http:\/\/atlanttiseura.fi\/WP\/wp-content\/uploads\/2013\/03\/Sekalaisia-A-S-kuvia-206.jpg\" alt=\"\" width=\"250\" height=\"167\" \/><\/a><\/span><\/p>\n<p><span style=\"color: #000000;\"><strong>15.6.2009<\/strong><\/span><\/p>\n<p><span style=\"color: #000000;\"><em>Quo Vadis NATO? \u2013 Not ready to retire at 60<\/em><\/span><\/p>\n<p><span style=\"color: #000000;\">Speakers:<\/span><br \/>\n<span style=\"color: #000000;\">Mrs<strong> Liisa Jaakonsaari<\/strong>, Member of parliament, Chairperson of Atlantic Council of Finland<\/span><br \/>\n<span style=\"color: #000000;\">Mr<strong> Chris Cooter<\/strong>, Deputy Permanent Representative, Canadian Joint Delegation to NATO<\/span><br \/>\n<span style=\"color: #000000;\">Mr<strong> Randy Hoag<\/strong>, Director, Defence Operations and Planning, U.S. Mission to NATO<\/span><br \/>\n<span style=\"color: #000000;\">Prof. <strong>Trevor Taylor<\/strong>, Professorial Research Fellow, Royal United Services Institute for Defence and Security Studies (RUSI)<\/span><br \/>\n<span style=\"color: #000000;\">Prof. <strong>Raimo V\u00e4yrynen,<\/strong> Director, Finnish Institute of International Affairs <\/span><br \/>\n<span style=\"color: #000000;\">Mr<strong> Pertti Salolainen<\/strong>, MP, Director, Foreing Affairs Committee of Finland, Member of the ACF board of directors<\/span><\/p>\n<p><span style=\"color: #000000;\">Chair: Dr.<strong> Teija Tiilikainen,<\/strong> Director, Network for European Studies, Helsinki University<\/span><\/p>\n<p><span style=\"color: #000000;\">Venue: Parliament Annex \u2013 Little Parliament, Helsinki<\/span><\/p>\n<p><span style=\"color: #000000;\">Organisers: Atlantic Council of Finland and Finnish Institute of International Affairs<\/span><\/p>\n<p><span style=\"color: #000000;\">The event was organised with the kind support of the Embassies of Canada, United Kingdom and the United States of America<\/span><\/p>\n<p><span style=\"color: #000000;\"><a style=\"color: #000000;\" href=\"http:\/\/atlanttiseura.fi\/WP\/wp-content\/uploads\/2012\/05\/Raimo-Vayrynen_Liisa-Jaakonsaari_Teija-Tiilikainen1.jpg\"><img decoding=\"async\" loading=\"lazy\" class=\"alignnone size-full wp-image-811\" title=\"Raimo V\u00e4yrynen, Liisa Jaakonsaari, Teija Tiilikainen\" src=\"http:\/\/atlanttiseura.fi\/WP\/wp-content\/uploads\/2012\/05\/Raimo-Vayrynen_Liisa-Jaakonsaari_Teija-Tiilikainen1.jpg\" alt=\"\" width=\"250\" height=\"167\" \/><\/a>\u00a0\u00a0 <a style=\"color: #000000;\" href=\"http:\/\/atlanttiseura.fi\/WP\/wp-content\/uploads\/2012\/05\/Chris-Cooter.jpg\"><img decoding=\"async\" loading=\"lazy\" class=\"alignnone size-full wp-image-812\" title=\"Chris Cooter\" src=\"http:\/\/atlanttiseura.fi\/WP\/wp-content\/uploads\/2012\/05\/Chris-Cooter.jpg\" alt=\"\" width=\"250\" height=\"167\" \/><\/a><\/span><br \/>\n<span style=\"color: #000000;\"><a style=\"color: #000000;\" href=\"http:\/\/atlanttiseura.fi\/WP\/wp-content\/uploads\/2012\/05\/15062009_Liisa-Jaakonsaari_pieni.jpg\"><img decoding=\"async\" loading=\"lazy\" class=\"alignnone size-full wp-image-813\" title=\"Liisa Jaakonsaari\" src=\"http:\/\/atlanttiseura.fi\/WP\/wp-content\/uploads\/2012\/05\/15062009_Liisa-Jaakonsaari_pieni.jpg\" alt=\"\" width=\"250\" height=\"167\" \/><\/a>\u00a0\u00a0 <a style=\"color: #000000;\" href=\"http:\/\/atlanttiseura.fi\/WP\/wp-content\/uploads\/2012\/05\/Randy-Hoag_pieni.jpg\"><img decoding=\"async\" loading=\"lazy\" class=\"alignnone size-full wp-image-814\" title=\"Randy Hoag\" src=\"http:\/\/atlanttiseura.fi\/WP\/wp-content\/uploads\/2012\/05\/Randy-Hoag_pieni.jpg\" alt=\"\" width=\"250\" height=\"167\" \/><\/a><\/span><br \/>\n<span style=\"color: #000000;\"><a style=\"color: #000000;\" href=\"http:\/\/atlanttiseura.fi\/WP\/wp-content\/uploads\/2012\/05\/Pertti-Salolainen_Chris-Cooter_pieni.jpg\"><img decoding=\"async\" loading=\"lazy\" class=\"alignnone size-full wp-image-815\" title=\"Pertti Salolainen, Chris Cooter\" src=\"http:\/\/atlanttiseura.fi\/WP\/wp-content\/uploads\/2012\/05\/Pertti-Salolainen_Chris-Cooter_pieni.jpg\" alt=\"\" width=\"250\" height=\"167\" \/><\/a> \u00a0 <a style=\"color: #000000;\" href=\"http:\/\/atlanttiseura.fi\/WP\/wp-content\/uploads\/2012\/05\/15062009_yleiso_pieni.jpg\"><img decoding=\"async\" loading=\"lazy\" class=\"alignnone size-full wp-image-817\" title=\"\" src=\"http:\/\/atlanttiseura.fi\/WP\/wp-content\/uploads\/2012\/05\/15062009_yleiso_pieni.jpg\" alt=\"\" width=\"250\" height=\"167\" \/><\/a><\/span><\/p>\n<p><span style=\"color: #000000;\"><strong>5.6.2009<\/strong><\/span><\/p>\n<p><span style=\"color: #000000;\">Morning coffee event: <em>Re-wiring the EU-US Relationship<\/em><\/span><\/p>\n<p><span style=\"color: #000000;\">Speaker: Mr <strong>Daniel Korski<\/strong>, Senior Policy Fellow, European Council on Foreign Relations<\/span><\/p>\n<p><span style=\"color: #000000;\">Venue: Ekberg Extra, Helsinki<\/span><\/p>\n<p><span style=\"color: #000000;\"><strong>19.5.2009<br \/>\n<\/strong><strong><br \/>\n<\/strong><em>Suomen Atlantti-Seuran s\u00e4\u00e4nt\u00f6m\u00e4\u00e4r\u00e4inen kev\u00e4tkokous<\/em><\/span><\/p>\n<p><span style=\"color: #000000;\">Paikka: Palace, Helsinki<\/span><\/p>\n<p><span style=\"color: #000000;\"><strong>19.5.2009<\/strong><\/span><\/p>\n<p><span style=\"color: #000000;\">Eduskunnan puhemies Sauli Niinist\u00f6 piti puheen Suomen Atlantti-Seuran kev\u00e4tkokouksen yhteydess\u00e4<a style=\"color: #000000;\" href=\"http:\/\/atlanttiseura.fi\/en\/wp-content\/uploads\/2012\/07\/Niinisto_puhe_Atlantti-Seura_190509.pdf\" target=\"_blank\" rel=\"noopener\"><br \/>\n&gt;&gt; Eduskunnan puhemies Niinist\u00f6n puhe<\/a><\/span><\/p>\n<p><span style=\"color: #000000;\">Paikka: Palace, Helsinki<\/span><\/p>\n<p><span style=\"color: #000000;\"><a style=\"color: #000000;\" href=\"http:\/\/atlanttiseura.fi\/WP\/wp-content\/uploads\/2013\/03\/Sekalaisia-A-S-kuvia-009.jpg\"><img decoding=\"async\" loading=\"lazy\" class=\"alignnone size-full wp-image-1738\" title=\"Sauli Niinist\u00f6\" src=\"http:\/\/atlanttiseura.fi\/WP\/wp-content\/uploads\/2013\/03\/Sekalaisia-A-S-kuvia-009.jpg\" alt=\"\" width=\"250\" height=\"167\" \/><\/a>\u00a0\u00a0 <a style=\"color: #000000;\" href=\"http:\/\/atlanttiseura.fi\/WP\/wp-content\/uploads\/2013\/03\/Sekalaisia-A-S-kuvia-061.jpg\"><img decoding=\"async\" loading=\"lazy\" class=\"alignnone size-full wp-image-1739\" title=\"Sauli Niinist\u00f6 ja Liisa Jaakonsaari\" src=\"http:\/\/atlanttiseura.fi\/WP\/wp-content\/uploads\/2013\/03\/Sekalaisia-A-S-kuvia-061.jpg\" alt=\"\" width=\"250\" height=\"167\" \/><\/a><\/span><br \/>\n<span style=\"color: #000000;\"><a style=\"color: #000000;\" href=\"http:\/\/atlanttiseura.fi\/WP\/wp-content\/uploads\/2013\/03\/Sekalaisia-A-S-kuvia-072.jpg\"><img decoding=\"async\" loading=\"lazy\" class=\"alignnone size-full wp-image-1740\" title=\"Keskustelutilaisuus 19.5\" src=\"http:\/\/atlanttiseura.fi\/WP\/wp-content\/uploads\/2013\/03\/Sekalaisia-A-S-kuvia-072.jpg\" sizes=\"(max-width: 510px) 100vw, 510px\" srcset=\"http:\/\/atlanttiseura.fi\/WP\/wp-content\/uploads\/2013\/03\/Sekalaisia-A-S-kuvia-072.jpg 510w, http:\/\/atlanttiseura.fi\/WP\/wp-content\/uploads\/2013\/03\/Sekalaisia-A-S-kuvia-072-300x117.jpg 300w\" alt=\"\" width=\"510\" height=\"200\" \/><\/a><\/span><\/p>\n<p><span style=\"color: #000000;\"><strong>13.-14.5.2009<\/strong><\/span><\/p>\n<p><span style=\"color: #000000;\"><em>Atlantic Treaty Association (ATA) Council Meeting<\/em><\/span><\/p>\n<p><span style=\"color: #000000;\">Venue: Brussels, Belgium<\/span><\/p>\n<p><span style=\"color: #000000;\"><strong>11.5.2009<\/strong><\/span><\/p>\n<p><span style=\"color: #000000;\"><em>Norway\u00b4s Security Outlook \u2013 The High North &amp; NATO<\/em><\/span><\/p>\n<p><span style=\"color: #000000;\">Speaker: Mrs <strong>Anne-Grete Str\u00f8m-Erichsen,<\/strong> Minister of Defence, Norwegian Ministry of Defence<\/span><\/p>\n<p><span style=\"color: #000000;\">Chair:\u00a0Mr <strong>Pertti<\/strong> <strong>Salolainen<\/strong>, MP, Chairman, Foreign Affairs Committee, Minister (Hon.) and Vice-Chair of the Atlantic Council of Finland<\/span><\/p>\n<p><span style=\"color: #000000;\">Venue: House of the Estates, Helsinki<\/span><\/p>\n<p><span style=\"color: #000000;\"><a style=\"color: #000000;\" href=\"http:\/\/atlanttiseura.fi\/WP\/wp-content\/uploads\/2012\/05\/Anne-Grete-Strom-Erichsen_pieni.jpg\"><img decoding=\"async\" loading=\"lazy\" class=\"alignnone size-full wp-image-840\" title=\"Anne-Grete Strom-Erichsen\" src=\"http:\/\/atlanttiseura.fi\/WP\/wp-content\/uploads\/2012\/05\/Anne-Grete-Strom-Erichsen_pieni.jpg\" alt=\"\" width=\"250\" height=\"167\" \/><\/a>\u00a0\u00a0 <a style=\"color: #000000;\" href=\"http:\/\/atlanttiseura.fi\/WP\/wp-content\/uploads\/2012\/05\/110509_Pertti-Salolainen_Anne-Grete-Strom-Erichsen_pieni.jpg\"><img decoding=\"async\" loading=\"lazy\" class=\"alignnone size-full wp-image-841\" title=\"Pertti Salolainen, Anne-Grete Strom-Erichsen\" src=\"http:\/\/atlanttiseura.fi\/WP\/wp-content\/uploads\/2012\/05\/110509_Pertti-Salolainen_Anne-Grete-Strom-Erichsen_pieni.jpg\" alt=\"\" width=\"250\" height=\"167\" \/><\/a><\/span><br \/>\n<span style=\"color: #000000;\"><a style=\"color: #000000;\" href=\"http:\/\/atlanttiseura.fi\/WP\/wp-content\/uploads\/2012\/05\/110509_yleiso_levea.jpg\"><img decoding=\"async\" loading=\"lazy\" class=\"alignnone  wp-image-842\" title=\"\" src=\"http:\/\/atlanttiseura.fi\/WP\/wp-content\/uploads\/2012\/05\/110509_yleiso_levea.jpg\" alt=\"\" width=\"510\" height=\"200\" \/><\/a><\/span><\/p>\n<p><span style=\"color: #000000;\"><strong>17.4.2009<\/strong><\/span><\/p>\n<p><span style=\"color: #000000;\"><em>Nordic Defence Cooperation \u2013 Will it Work?<\/em><\/span><\/p>\n<p><span style=\"color: #000000;\">Speakers:<\/span><br \/>\n<span style=\"color: #000000;\">Mr <strong>Veli-Jukka Pennala<\/strong>, Commodore, Chief of Staff, FIN NAVY HQ<\/span><br \/>\n<span style=\"color: #000000;\">Dr. <strong>Tuomas<\/strong> <strong>Forsberg<\/strong>, Professor, University of Tampere<\/span><\/p>\n<p><span style=\"color: #000000;\">Panel discussion:<\/span><br \/>\n<span style=\"color: #000000;\">Mr<strong> Ole<\/strong> <strong>Fester<\/strong> <strong>J\u00f8rgensen, <\/strong>Minister Counsellor, Embassy of the Kingdom of Denmark in Helsinki<\/span><br \/>\n<span style=\"color: #000000;\">Mr <strong>Juha<\/strong> <strong>Pyyk\u00f6nen<\/strong>, Colonel, Defence Command Finland<\/span><br \/>\n<span style=\"color: #000000;\">Mr<strong> Anders<\/strong> <strong>Ljunggren<\/strong>, Minister, Embassy of Sweden in Helsinki<\/span><br \/>\n<span style=\"color: #000000;\">Mr<strong> Ernst R. Egelid<\/strong>, Captain (N), Defence Attach\u00e9, Royal Norwegian Embassy in Helsinki<\/span><\/p>\n<p><span style=\"color: #000000;\">Chair: Mr <strong>Leif<\/strong> <strong>Blomqvist<\/strong>, Ambassador (ret.), Board member of the Atlantic Council of Finland<\/span><\/p>\n<p><span style=\"color: #000000;\">Venue: Heikkil\u00e4 garrison, Navy Command Finland, Turku<\/span><\/p>\n<p><span style=\"color: #000000;\">Organisers: Atlantic Council of Finland and Navy Command Finland<\/span><\/p>\n<p><span style=\"color: #000000;\"><a style=\"color: #000000;\" href=\"http:\/\/atlanttiseura.fi\/WP\/wp-content\/uploads\/2012\/05\/Veli-Jukka-Pennala_pieni.jpg\"><img decoding=\"async\" loading=\"lazy\" class=\"alignnone size-full wp-image-824\" title=\"Veli-Jukka Pennala\" src=\"http:\/\/atlanttiseura.fi\/WP\/wp-content\/uploads\/2012\/05\/Veli-Jukka-Pennala_pieni.jpg\" alt=\"\" width=\"250\" height=\"167\" \/><\/a>\u00a0\u00a0 <a style=\"color: #000000;\" href=\"http:\/\/atlanttiseura.fi\/WP\/wp-content\/uploads\/2012\/05\/170409_Tuomas-Forsberg_pieni1.jpg\"><img decoding=\"async\" loading=\"lazy\" class=\"alignnone size-full wp-image-826\" title=\"Tuomas Forsberg\" src=\"http:\/\/atlanttiseura.fi\/WP\/wp-content\/uploads\/2012\/05\/170409_Tuomas-Forsberg_pieni1.jpg\" alt=\"\" width=\"250\" height=\"167\" \/><\/a><\/span><br \/>\n<span style=\"color: #000000;\"><a style=\"color: #000000;\" href=\"http:\/\/atlanttiseura.fi\/WP\/wp-content\/uploads\/2012\/05\/Ole-Fester-Jorgensen_Juha-Pyykko%CC%88nen_Leif-Blomqvist_pieni.jpg\"><img decoding=\"async\" loading=\"lazy\" class=\"alignnone size-full wp-image-827\" title=\"Ole Fester Jorgensen, Juha Pyykko?nen, Leif Blomqvist\" src=\"http:\/\/atlanttiseura.fi\/WP\/wp-content\/uploads\/2012\/05\/Ole-Fester-Jorgensen_Juha-Pyykko%CC%88nen_Leif-Blomqvist_pieni.jpg\" alt=\"\" width=\"250\" height=\"167\" \/><\/a>\u00a0\u00a0 <a style=\"color: #000000;\" href=\"http:\/\/atlanttiseura.fi\/WP\/wp-content\/uploads\/2012\/05\/Anders-Ljunggren_Ernst-Egelid_pieni.jpg\"><img decoding=\"async\" loading=\"lazy\" class=\"alignnone size-full wp-image-828\" title=\"Anders Ljunggren, Ernst Egelid\" src=\"http:\/\/atlanttiseura.fi\/WP\/wp-content\/uploads\/2012\/05\/Anders-Ljunggren_Ernst-Egelid_pieni.jpg\" alt=\"\" width=\"250\" height=\"167\" \/><\/a><\/span><br \/>\n<span style=\"color: #000000;\"><a style=\"color: #000000;\" href=\"http:\/\/atlanttiseura.fi\/WP\/wp-content\/uploads\/2012\/05\/17042009_levea.jpg\"><img decoding=\"async\" loading=\"lazy\" class=\"alignnone  wp-image-829\" title=\"\" src=\"http:\/\/atlanttiseura.fi\/WP\/wp-content\/uploads\/2012\/05\/17042009_levea.jpg\" alt=\"\" width=\"510\" height=\"200\" \/><\/a><\/span><\/p>\n<p><span style=\"color: #000000;\"><strong>17.4.2009<\/strong><\/span><\/p>\n<p><span style=\"color: #000000;\">Journalistien Atlantismi koulutus: <em>EU-Nato-Ven\u00e4j\u00e4<\/em><\/span><\/p>\n<p><span style=\"color: #000000;\">Lis\u00e4tietoja koulutuksesta <a style=\"color: #000000;\" href=\"http:\/\/www.centrumbalticum.org\/projektit\/journalistien-atlantismi-koulutushttp:\/\/\">Centrum Balticum<\/a><\/span><\/p>\n<p><span style=\"color: #000000;\">Paikka: Heikkil\u00e4n kasarmi, Turku<\/span><\/p>\n<p><span style=\"color: #000000;\">Koulutus j\u00e4rjestettiin yhteisty\u00f6ss\u00e4 Centrum Balticum -keskuksen kanssa<\/span><\/p>\n<p><span style=\"color: #000000;\"><strong>2.4.2009<\/strong><\/span><\/p>\n<p><span style=\"color: #000000;\">Ensimm\u00e4inen suomalainen Nato-p\u00e4iv\u00e4 <em>Nato valtaa Vanhan!<\/em><\/span><\/p>\n<p><span style=\"color: #000000;\">Tilaisuuden avaus: <strong>Liisa Jaakonsaari<\/strong>, Kansanedustaja, Suomen Atlantti-Seuran puheenjohtaja<\/span><\/p>\n<p><span style=\"color: #000000;\">Tilaisuuden avauspuhe: <strong>Alexander Stubb<\/strong>, Ulkoministeri <strong><br \/>\n<a style=\"color: #000000;\" href=\"http:\/\/www.formin.fi\/public\/default.aspx?contentid=161985&amp;nodeid=15145&amp;contentlan=1&amp;culture=fi-FI\" target=\"_blank\" rel=\"noopener\">&gt;&gt;<\/a><\/strong><a style=\"color: #000000;\" href=\"http:\/\/www.formin.fi\/public\/default.aspx?contentid=161985&amp;nodeid=15145&amp;contentlan=1&amp;culture=fi-FI\" target=\"_blank\" rel=\"noopener\"> Ulkoministeri Alexander Stubbin puhe<\/a><\/span><\/p>\n<p><span style=\"color: #000000;\">Puhujat:<\/span><br \/>\n<span style=\"color: #000000;\"><strong>Elisabeth Rehn<\/strong>, Ministeri<\/span><br \/>\n<span style=\"color: #000000;\"><strong>Paavo Arhinm\u00e4ki<\/strong>, Kansanedustaja (vas.)<strong><br \/>\n<\/strong><strong>Tanja Karpela<\/strong>, Kansanedustaja (SDP)<strong><br \/>\n<\/strong><strong>Leif Blomqvist<\/strong>, Suurl\u00e4hettil\u00e4s (ent.)<strong><br \/>\n<\/strong><strong>Fatbardhe Hetemaj<\/strong>, Vuoden pakolaisnainen <strong><br \/>\n<\/strong><strong>Pauli J\u00e4rvenp\u00e4\u00e4<\/strong>, Ylijohtaja, Puolustusministeri\u00f6 <strong><br \/>\n<\/strong><strong>Ulla Anttila<\/strong>, Tohtoriopiskelija, Maanpuolustuskorkeakoulu<strong><br \/>\n<\/strong><strong>Tuomas Forsberg<\/strong>, Professori, Tampereen yliopisto<strong><br \/>\n<\/strong><strong>Maria-Elena Cowell<\/strong>, Kansainv\u00e4listen asioiden sihteeri, Kokoomus<strong><br \/>\n<\/strong><strong>Risto E. J. Penttil\u00e4<\/strong>, Tohtori, johtaja, Elinkeinoel\u00e4m\u00e4n Valtuuskunta EVA <strong><br \/>\n<\/strong><strong>Yrsa Gr\u00fcne<\/strong>, Journalisti, Hufvudstadsbladet<\/span><br \/>\n<span style=\"color: #000000;\"><strong>Markku Kangaspuro<\/strong>, Tutkimusjohtaja, Aleksanteri-instituutti <strong><br \/>\n<\/strong><strong>Antti Talonen<\/strong>, Suomen Atlantti-Seuran Nuorten puheenjohtaja\u00a0<\/span><\/p>\n<p><span style=\"color: #000000;\">Tilaisuuden juontaja: <strong>Seppo Toivonen<\/strong>, Toimittaja<\/span><\/p>\n<p><span style=\"color: #000000;\">Paikka: Vanhan Ylioppilastalon Juhlasali, Helsinki<\/span><\/p>\n<p><span style=\"color: #000000;\"><img decoding=\"async\" loading=\"lazy\" class=\"alignnone size-full wp-image-406\" title=\"Ministeri Elisabeth Rehn, kansanedustaja Paavo Arhinm\u00e4ki ja kansanedustaja Tanja Karpela\" src=\"http:\/\/atlanttiseura.fi\/WP\/wp-content\/uploads\/2012\/08\/Nato-valtaa-Vanhan_02042009_2.jpg\" alt=\"\" width=\"250\" height=\"167\" \/> \u00a0\u00a0<img decoding=\"async\" loading=\"lazy\" class=\"alignnone size-full wp-image-405\" title=\"Ulkoministeri Alexander Stubb\" src=\"http:\/\/atlanttiseura.fi\/WP\/wp-content\/uploads\/2012\/08\/Nato-valtaa-Vanhan_02042009_3.jpg\" alt=\"\" width=\"250\" height=\"167\" \/><\/span><\/p>\n<p><span style=\"color: #000000;\"><strong>26.3.2009<\/strong><\/span><\/p>\n<p><span style=\"color: #000000;\">Journalistien Atlantismi koulutus: <em>EU-Nato-Ven\u00e4j\u00e4<\/em><\/span><\/p>\n<p><span style=\"color: #000000;\">Lis\u00e4tietoja koulutuksesta <a style=\"color: #000000;\" href=\"http:\/\/www.centrumbalticum.org\/projektit\/journalistien-atlantismi-koulutus\">Centrum Balticum<\/a><\/span><\/p>\n<p><span style=\"color: #000000;\">Paikka: Palace Gourmet, Helsinki<\/span><\/p>\n<p><span style=\"color: #000000;\">Koulutus j\u00e4rjestettiin yhteisty\u00f6ss\u00e4 Centrum Balticum -keskuksen kanssa<\/span><\/p>\n<p><span style=\"color: #000000;\"><strong>5.2.2009<\/strong><\/span><\/p>\n<p><span style=\"color: #000000;\">Morning coffee event: <em>The Challenge of Bringing Peace in Afghanistan and the Role of NATO<\/em><\/span><\/p>\n<p><span style=\"color: #000000;\">Speaker: Dr. <strong>Zalmai Rassoul<\/strong>, National Security Advisor, Islamic Republic of Afghanistan<\/span><\/p>\n<p><span style=\"color: #000000;\">Chair: Mr <strong>Jukka Valtasaari<\/strong>, Ambassador (ret.), Member of the board of Atlantic Council of Finland<\/span><\/p>\n<p><span style=\"color: #000000;\">Venue: Ekberg Extra, Helsinki<\/span><\/p>\n<p><span style=\"color: #000000;\"><a style=\"color: #000000;\" href=\"http:\/\/atlanttiseura.fi\/WP\/wp-content\/uploads\/2012\/05\/050209_levea.jpg\"><img decoding=\"async\" loading=\"lazy\" class=\"alignnone size-full wp-image-849\" title=\"\" src=\"http:\/\/atlanttiseura.fi\/WP\/wp-content\/uploads\/2012\/05\/050209_levea.jpg\" sizes=\"(max-width: 500px) 100vw, 500px\" srcset=\"http:\/\/atlanttiseura.fi\/WP\/wp-content\/uploads\/2012\/05\/050209_levea.jpg 500w, http:\/\/atlanttiseura.fi\/WP\/wp-content\/uploads\/2012\/05\/050209_levea-300x120.jpg 300w\" alt=\"\" width=\"500\" height=\"200\" \/><\/a><\/span><\/p>\n<p><span style=\"color: #000000;\"><strong>4.2.2009<\/strong><\/span><\/p>\n<p><span style=\"color: #000000;\"><em>NATO in its 60th Anniversary Year \u2013 Overall Developments and Partnership with Finland<\/em><\/span><\/p>\n<p><span style=\"color: #000000;\">Speakers:<\/span><br \/>\n<span style=\"color: #000000;\">H.E<strong> Martin Erdmann<\/strong>, Ambassador, Assistant Secretary General for Political Affairs and Security Policy in NATO<\/span><br \/>\n<span style=\"color: #000000;\">H.E <strong>Aapo<\/strong> <strong>P\u00f6lh\u00f6<\/strong>, Ambassador and Head of the Mission, Embassy of Finland in Belgium and Mission of Finland to NATO<\/span><\/p>\n<p><span style=\"color: #000000;\">Chair: Mrs <strong>Liisa<\/strong> <strong>Jaakonsaari<\/strong>, MP, Chairperson of the Atlantic Council of Finland<\/span><\/p>\n<p><span style=\"color: #000000;\">Venue: House of the Estates, Helsinki<\/span><\/p>\n<p><span style=\"color: #000000;\">Organisers: Atlantic Council of Finland and the Ministry for Foreign Affairs of Finland<\/span><\/p>\n<p><span style=\"color: #000000;\"><a style=\"color: #000000;\" href=\"http:\/\/atlanttiseura.fi\/WP\/wp-content\/uploads\/2012\/05\/Martin-Erdmann_Liisa-Jaakonsaari_Aapo-Polho_pieni.jpg\"><img decoding=\"async\" loading=\"lazy\" class=\"alignnone size-full wp-image-837\" title=\"Martin Erdmann, Liisa Jaakonsaari, Aapo P\u00f6lh\u00f6\" src=\"http:\/\/atlanttiseura.fi\/WP\/wp-content\/uploads\/2012\/05\/Martin-Erdmann_Liisa-Jaakonsaari_Aapo-Polho_pieni.jpg\" alt=\"\" width=\"250\" height=\"167\" \/><\/a>\u00a0\u00a0 <a style=\"color: #000000;\" href=\"http:\/\/atlanttiseura.fi\/WP\/wp-content\/uploads\/2012\/05\/yleiso_pieni1.jpg\"><img decoding=\"async\" loading=\"lazy\" class=\"alignnone size-full wp-image-838\" title=\"\" src=\"http:\/\/atlanttiseura.fi\/WP\/wp-content\/uploads\/2012\/05\/yleiso_pieni1.jpg\" alt=\"\" width=\"250\" height=\"167\" \/><\/a><\/span><\/p>\n","protected":false},"excerpt":{"rendered":"<p>16.12.2009 Suomen Atlantti-Seura 10 vuotta 10.12.2009 Suomen Atlantti-Seuran s\u00e4\u00e4nt\u00f6m\u00e4\u00e4r\u00e4inen syyskokous Henkil\u00f6valinnat vuodelle 2010: Suomen Atlantti-Seuran puheenjohtajaksi valittiin\u00a0Euroopan parlamentin j\u00e4sen, Liisa Jaakonsaari Suomen Atlantti-Seuran hallituksen j\u00e4senet vuodelle 2010: Tuomas Forsberg, Professori Jari Haapiainen, Kansainv\u00e4listen asioiden sihteeri Pertti Hyv\u00e4rinen, Eversti Lasse Kurkilahti, Vuorineuvos Helena Partanen, Puolustusasiainneuvos Pasi Rajala, Kansainv\u00e4listen asioiden sihteeri Marcus Rantala, Valtiosihteeri Pentti Sadeniemi, Valtiotieteiden &hellip; <\/p>\n","protected":false},"author":1,"featured_media":0,"parent":0,"menu_order":0,"comment_status":"closed","ping_status":"closed","template":"","meta":[],"_links":{"self":[{"href":"http:\/\/atlanttiseura.fi\/index.php?rest_route=\/wp\/v2\/pages\/3300"}],"collection":[{"href":"http:\/\/atlanttiseura.fi\/index.php?rest_route=\/wp\/v2\/pages"}],"about":[{"href":"http:\/\/atlanttiseura.fi\/index.php?rest_route=\/wp\/v2\/types\/page"}],"author":[{"embeddable":true,"href":"http:\/\/atlanttiseura.fi\/index.php?rest_route=\/wp\/v2\/users\/1"}],"replies":[{"embeddable":true,"href":"http:\/\/atlanttiseura.fi\/index.php?rest_route=%2Fwp%2Fv2%2Fcomments&post=3300"}],"version-history":[{"count":3,"href":"http:\/\/atlanttiseura.fi\/index.php?rest_route=\/wp\/v2\/pages\/3300\/revisions"}],"predecessor-version":[{"id":3760,"href":"http:\/\/atlanttiseura.fi\/index.php?rest_route=\/wp\/v2\/pages\/3300\/revisions\/3760"}],"wp:attachment":[{"href":"http:\/\/atlanttiseura.fi\/index.php?rest_route=%2Fwp%2Fv2%2Fmedia&parent=3300"}],"curies":[{"name":"wp","href":"https:\/\/api.w.org\/{rel}","templated":true}]}}