{"id":3298,"date":"2017-03-22T13:23:40","date_gmt":"2017-03-22T13:23:40","guid":{"rendered":"http:\/\/atlanttiseura.fi\/?page_id=3298"},"modified":"2022-02-23T00:18:42","modified_gmt":"2022-02-23T00:18:42","slug":"2010-2","status":"publish","type":"page","link":"http:\/\/atlanttiseura.fi\/?page_id=3298","title":{"rendered":"2010"},"content":{"rendered":"<p><span style=\"color: #000000;\"><img decoding=\"async\" loading=\"lazy\" title=\"Kurt Volker\" src=\"http:\/\/atlanttiseura.fi\/WP\/wp-content\/uploads\/2012\/05\/as_2010_kuva.jpg\" alt=\"\" width=\"540\" height=\"360\" \/><\/span><\/p>\n<p align=\"left\"><span style=\"color: #000000;\"><strong>10.12.2010<\/strong><\/span><\/p>\n<p align=\"left\"><span style=\"color: #000000;\"><em>Suomen Atlantti-Seuran s\u00e4\u00e4nt\u00f6m\u00e4\u00e4r\u00e4inen syyskokous<\/em><\/span><\/p>\n<p><span style=\"color: #000000;\">Henkil\u00f6valinnat vuodelle 2011:<\/span><\/p>\n<p align=\"left\"><span style=\"color: #000000;\">Suomen Atlantti-Seuran puheenjohtajaksi valittiin Euroopan parlamentin j\u00e4sen\u00a0<strong><br \/>\nLiisa Jaakonsaari<\/strong><\/span><\/p>\n<p><span style=\"color: #000000;\">Suomen Atlantti-Seuran hallituksen j\u00e4senet vuodelle 2011:<strong><br \/>\n<\/strong><\/span><\/p>\n<p><span style=\"color: #000000;\"><strong>Tuomas Forsberg<\/strong>,\u00a0Professori<\/span><br \/>\n<span style=\"color: #000000;\"><strong>Jari Haapiainen<\/strong>, Kansainv\u00e4listen asiain sihteeri <strong><br \/>\nPertti Hyv\u00e4rinen<\/strong>, Eversti<\/span><br \/>\n<span style=\"color: #000000;\"><strong>Helena Partanen<\/strong>, Puolustusasiainneuvos <\/span><br \/>\n<span style=\"color: #000000;\"><strong>Pasi Rajala<\/strong>, Kansainv\u00e4listen asiain sihteeri <\/span><br \/>\n<span style=\"color: #000000;\"><strong>Marcus Rantala<\/strong>, Valtiosihteeri<\/span><br \/>\n<span style=\"color: #000000;\"><strong>Pentti Sadeniemi<\/strong>, Valtiotieteen tohtori<\/span><br \/>\n<span style=\"color: #000000;\"><strong>Pertti Salolainen<\/strong>, Kansanedustaja, ulkoasiainvaliokunnan pj., ministeri<\/span><br \/>\n<span style=\"color: #000000;\"><strong>Veli Sundb\u00e4ck<\/strong>, Suurl\u00e4hettil\u00e4s<\/span><br \/>\n<span style=\"color: #000000;\"><strong>Jukka Valtasaari<\/strong>, Suurl\u00e4hettil\u00e4s<strong><br \/>\nHanna-Leena Ottelin<\/strong>, Nuorten verkoston puheenjohtaja<\/span><\/p>\n<p><span style=\"color: #000000;\">P\u00e4\u00e4sihteeri:<strong><br \/>\nTerhi Suominen<\/strong>, Valtiotieteen maisteri<strong><br \/>\n<\/strong><\/span><\/p>\n<p align=\"left\">\n<p align=\"left\"><span style=\"color: #000000;\"><strong>10.12.2010<\/strong><\/span><\/p>\n<p><span style=\"color: #000000;\"><em>Suomen ja Euroopan turvallisuusymp\u00e4rist\u00f6 muuttuu<\/em><\/span><\/p>\n<p align=\"left\"><span style=\"color: #000000;\">Puhuja: <strong>Jyrki Katainen<\/strong>, Valtiovarainministeri, Kokoomuksen puheenjohtaja<a style=\"color: #000000;\" href=\"http:\/\/atlanttiseura.fi\/en\/wp-content\/uploads\/2012\/05\/kataisen-puhe-syyskokous.pdf\" target=\"_blank\" rel=\"noopener\"><br \/>\n&gt;&gt; Jyrki Kataisen puhe<\/a><\/span><\/p>\n<p align=\"left\"><span style=\"color: #000000;\"><strong>29.11.2010<\/strong><\/span><\/p>\n<p><span style=\"color: #000000;\"><em>NATO\u00b4s New Strategic Concept<\/em><\/span><\/p>\n<p><span style=\"color: #000000;\">Keynote Speakers:<\/span><br \/>\n<span style=\"color: #000000;\">Mr <strong>Radboud<\/strong> <strong>van<\/strong> <strong>den<\/strong> <strong>Akker<\/strong>, Speechwriter, Policy Planning Unit, Private Office of the NATO Secretary General<\/span><br \/>\n<span style=\"color: #000000;\">Mr <strong>Kurt<\/strong> <strong>Volker<\/strong>, Managing Director and Senior Fellow, SAIS Center for Transatlantic Relations, Johns Hopkins University, Former U.S. Ambassador to NATO<\/span><br \/>\n<span style=\"color: #000000;\">H.E. <strong>Aapo<\/strong> <strong>P\u00f6lh\u00f6<\/strong>,\u00a0Ambassador of Finland to Belgium and<\/span><br \/>\n<span style=\"color: #000000;\">Head of the Mission of Finland to NATO<\/span><\/p>\n<p><span style=\"color: #000000;\">Chair: Mrs <strong>Liisa<\/strong> <strong>Jaakonsaari<\/strong>, Member of European Parliament, Chairperson of the Atlantic Council of Finland<\/span><\/p>\n<p><span style=\"color: #000000;\"><img decoding=\"async\" loading=\"lazy\" class=\"alignnone size-full wp-image-647\" title=\"Radboud van den Akker, Liisa Jaakonsaari, Kurt Volker, Aapo P\u00f6lh\u00f6\" src=\"http:\/\/atlanttiseura.fi\/WP\/wp-content\/uploads\/2012\/10\/NATOs-New-Strategic-Concept_Vanha-Satama_pieni.jpg\" alt=\"\" width=\"250\" height=\"166\" \/>\u00a0\u00a0 <img decoding=\"async\" loading=\"lazy\" class=\"alignnone size-full wp-image-648\" title=\"\" src=\"http:\/\/atlanttiseura.fi\/WP\/wp-content\/uploads\/2012\/10\/NATOs-New-Strategic-Concept_Vanha-Satama_yleiso_pieni.jpg\" alt=\"\" width=\"250\" height=\"166\" \/><\/span><\/p>\n<p align=\"left\">\n<p align=\"left\"><span style=\"color: #000000;\"><strong>25.10.2010<\/strong><\/span><\/p>\n<p><span style=\"color: #000000;\">Conference:<em> Transatlantic Security \u2013 From the Cold War to the 21st Century<\/em><\/span><\/p>\n<p><span style=\"color: #000000;\"><em>The Routledge Handbook of Transatlantic Security<\/em>\u2013 was published in conference<\/span><\/p>\n<p><span style=\"color: #000000;\">Opening remarks: Dr. <strong>Teija<\/strong> <strong>Tiilikainen<\/strong>, Director, Finnish Institute of International Affairs<\/span><\/p>\n<p><span style=\"color: #000000;\">Speakers:<\/span><br \/>\n<span style=\"color: #000000;\">Prof. <strong>Jussi<\/strong> <strong>Hanhim\u00e4ki<\/strong>, Graduate Institute Geneva, Switzerland<\/span><br \/>\n<span style=\"color: #000000;\">Prof. <strong>Wolfgang<\/strong> <strong>Krieger<\/strong>, Universit\u00e4t Marburg, Germany<\/span><br \/>\n<span style=\"color: #000000;\">Dr. <strong>Barbara<\/strong> <strong>Zanchetta<\/strong>, Researcher, Finnish Institute of International Affairs<\/span><br \/>\n<span style=\"color: #000000;\">Mr <strong>Pertti<\/strong> <strong>Torstila<\/strong>, Secretary of State, Ministry for Foreign Affairs of Finland<\/span><\/p>\n<p><span style=\"color: #000000;\">Chair: Mr <strong>Pertti<\/strong> <strong>Salolainen<\/strong>, MP, Chair of the Foreign Affairs Committee, Minister (Hon.), Vice-Chair of the Atlantic Council of Finland<\/span><\/p>\n<p><span style=\"color: #000000;\">Organisers:\u00a0Atlantic Council of Finland and Finnish Institute of International Affairs<\/span><\/p>\n<p><span style=\"color: #000000;\"><a style=\"color: #000000;\" href=\"http:\/\/atlanttiseura.fi\/WP\/wp-content\/uploads\/2012\/05\/Jussi-Hanhimaki_pieni.jpg\"><img decoding=\"async\" loading=\"lazy\" class=\"alignnone size-full wp-image-799\" title=\"Jussi Hanhim\u00e4ki\" src=\"http:\/\/atlanttiseura.fi\/WP\/wp-content\/uploads\/2012\/05\/Jussi-Hanhimaki_pieni.jpg\" alt=\"\" width=\"250\" height=\"167\" \/><\/a>\u00a0\u00a0 <a style=\"color: #000000;\" href=\"http:\/\/atlanttiseura.fi\/WP\/wp-content\/uploads\/2012\/05\/Wolfgang-Krieger_pieni1.jpg\"><img decoding=\"async\" loading=\"lazy\" class=\"alignnone size-full wp-image-801\" title=\"Wolfgang Krieger\" src=\"http:\/\/atlanttiseura.fi\/WP\/wp-content\/uploads\/2012\/05\/Wolfgang-Krieger_pieni1.jpg\" alt=\"\" width=\"250\" height=\"167\" \/><\/a><\/span><br \/>\n<span style=\"color: #000000;\"><a style=\"color: #000000;\" href=\"http:\/\/atlanttiseura.fi\/WP\/wp-content\/uploads\/2012\/05\/Pertti-Torstila_pieni1.jpg\"><img decoding=\"async\" loading=\"lazy\" class=\"alignnone size-full wp-image-803\" title=\"Pertti Torstila\" src=\"http:\/\/atlanttiseura.fi\/WP\/wp-content\/uploads\/2012\/05\/Pertti-Torstila_pieni1.jpg\" alt=\"\" width=\"250\" height=\"167\" \/><\/a>\u00a0\u00a0 <a style=\"color: #000000;\" href=\"http:\/\/atlanttiseura.fi\/WP\/wp-content\/uploads\/2012\/05\/yleiso_pieni.jpg\"><img decoding=\"async\" loading=\"lazy\" class=\"alignnone size-full wp-image-805\" title=\"\" src=\"http:\/\/atlanttiseura.fi\/WP\/wp-content\/uploads\/2012\/05\/yleiso_pieni.jpg\" alt=\"\" width=\"250\" height=\"167\" \/><\/a><\/span><br \/>\n<span style=\"color: #000000;\"><a style=\"color: #000000;\" href=\"http:\/\/atlanttiseura.fi\/WP\/wp-content\/uploads\/2012\/05\/Barbara-Zanchetta.jpg\"><img decoding=\"async\" loading=\"lazy\" class=\"alignnone size-full wp-image-806\" title=\"Barbara Zanchetta\" src=\"http:\/\/atlanttiseura.fi\/WP\/wp-content\/uploads\/2012\/05\/Barbara-Zanchetta.jpg\" alt=\"\" width=\"250\" height=\"167\" \/><\/a> \u00a0 <a style=\"color: #000000;\" href=\"http:\/\/atlanttiseura.fi\/WP\/wp-content\/uploads\/2012\/05\/25102010_paneeli_pieni.jpg\"><img decoding=\"async\" loading=\"lazy\" class=\"alignnone size-full wp-image-807\" title=\"Pertti Torstila, Wolfgang Krieger, Pertti Salolainen, Barbara Zanchetta, Jussi Hanhim\u00e4ki\" src=\"http:\/\/atlanttiseura.fi\/WP\/wp-content\/uploads\/2012\/05\/25102010_paneeli_pieni.jpg\" alt=\"\" width=\"250\" height=\"167\" \/><\/a><\/span><\/p>\n<p align=\"left\">\n<p align=\"left\"><span style=\"color: #000000;\"><strong>21.7.2010<\/strong><\/span><\/p>\n<p align=\"left\"><span style=\"color: #000000;\">Suomen Atlantti-Seura\u00a0<a style=\"color: #000000;\" href=\"http:\/\/www.mtv3.fi\/suomiareena\/\" target=\"_blank\" rel=\"noopener\">SuomiAreenalla<\/a><\/span><\/p>\n<p align=\"left\"><span style=\"color: #000000;\"><em>Miten k\u00e4y Obaman?<\/em><\/span><\/p>\n<p align=\"left\"><span style=\"color: #000000;\">Puhujat:<\/span><br \/>\n<span style=\"color: #000000;\"><strong>Liisa Jaakonsaari<\/strong>, Euroopan parlamentin j\u00e4sen, Suomen Atlantti-Seuran puheenjohtaja<\/span><br \/>\n<span style=\"color: #000000;\"><strong>Eino Gr\u00f6n<\/strong>, Laulaja<\/span><br \/>\n<span style=\"color: #000000;\"><strong>Jarno Vanto<\/strong>, Asianajaja, New York<\/span><br \/>\n<span style=\"color: #000000;\"><strong>Raimo V\u00e4yrynen<\/strong>, Professori<\/span><\/p>\n<p align=\"left\"><span style=\"color: #000000;\">Puheenjohtaja: <strong>Kristiina Helenius<\/strong>, Toimitusjohtaja, AmCham Finland<\/span><\/p>\n<p align=\"left\"><span style=\"color: #000000;\">Paikka: Porin teatterin kahvio, Pori<\/span><\/p>\n<p align=\"left\"><span style=\"color: #000000;\">J\u00e4rjest\u00e4j\u00e4t: Suomen Atlantti-Seura ja AmCham Finland<\/span><\/p>\n<p align=\"left\"><span style=\"color: #000000;\"><a style=\"color: #000000;\" href=\"http:\/\/atlanttiseura.fi\/WP\/wp-content\/uploads\/2012\/05\/210710_Eino-Gron_pieni.jpg\"><img decoding=\"async\" loading=\"lazy\" class=\"alignnone size-full wp-image-844\" title=\"Eino Gr\u00f6n\" src=\"http:\/\/atlanttiseura.fi\/WP\/wp-content\/uploads\/2012\/05\/210710_Eino-Gron_pieni.jpg\" alt=\"\" width=\"250\" height=\"167\" \/><\/a>\u00a0\u00a0 <a style=\"color: #000000;\" href=\"http:\/\/atlanttiseura.fi\/WP\/wp-content\/uploads\/2012\/05\/21072010_Raimo-Vayrynen_Jarno-Vanto_pieni.jpg\"><img decoding=\"async\" loading=\"lazy\" class=\"alignnone size-full wp-image-845\" title=\"Raimo V\u00e4yrynen, Jarno Vanto\" src=\"http:\/\/atlanttiseura.fi\/WP\/wp-content\/uploads\/2012\/05\/21072010_Raimo-Vayrynen_Jarno-Vanto_pieni.jpg\" alt=\"\" width=\"250\" height=\"167\" \/><\/a><\/span><br \/>\n<span style=\"color: #000000;\"><a style=\"color: #000000;\" href=\"http:\/\/atlanttiseura.fi\/WP\/wp-content\/uploads\/2012\/05\/210710_Pertti-Salolainen_pieni.jpg\"><img decoding=\"async\" loading=\"lazy\" class=\"alignnone size-full wp-image-846\" title=\"Pertti Salolainen\" src=\"http:\/\/atlanttiseura.fi\/WP\/wp-content\/uploads\/2012\/05\/210710_Pertti-Salolainen_pieni.jpg\" alt=\"\" width=\"250\" height=\"167\" \/><\/a>\u00a0\u00a0 <a style=\"color: #000000;\" href=\"http:\/\/atlanttiseura.fi\/WP\/wp-content\/uploads\/2012\/05\/210710_Jarno-Vanto_Liisa-Jaakonsaari_pieni.jpg\"><img decoding=\"async\" loading=\"lazy\" class=\"alignnone size-full wp-image-847\" title=\"Jarno Vanto, Liisa Jaakonsaari\" src=\"http:\/\/atlanttiseura.fi\/WP\/wp-content\/uploads\/2012\/05\/210710_Jarno-Vanto_Liisa-Jaakonsaari_pieni.jpg\" alt=\"\" width=\"250\" height=\"167\" \/><\/a><\/span><\/p>\n<p align=\"left\"><span style=\"color: #000000;\"><em>Naiset rauhan turvaajina<\/em><\/span><\/p>\n<p align=\"left\"><span style=\"color: #000000;\">Puhujat:<\/span><br \/>\n<span style=\"color: #000000;\"><strong>Antti Kaikkonen<\/strong>, Kansanedustaja, Suomen YK-liiton puheenjohtaja<\/span><br \/>\n<span style=\"color: #000000;\"><strong>Pauli J\u00e4rvenp\u00e4\u00e4<\/strong>, Ylijohtaja, Puolustusministeri\u00f6<\/span><br \/>\n<span style=\"color: #000000;\"><strong>Antti H\u00e4iki\u00f6<\/strong>, Siviilikriisinhallinnan kansallinen koulutuskoordinaattori, Sis\u00e4asiainministeri\u00f6<\/span><br \/>\n<span style=\"color: #000000;\"><strong>Kai Sauer<\/strong>, P\u00e4\u00e4llikk\u00f6, YK- ja yleisten globaaliasioiden yksikk\u00f6, Ulkoasiainministeri\u00f6<\/span><br \/>\n<span style=\"color: #000000;\"><strong>Liisa Jaakonsaari<\/strong>, Euroopan parlamentin j\u00e4sen, Suomen Atlantti-Seuran puheenjohtaja<\/span><\/p>\n<p align=\"left\"><span style=\"color: #000000;\">Puheenjohtaja: <strong>Pertti Salolainen<\/strong>, Ulkoasiainvaliokunnan puheenjohtaja, Suomen Atlantti-Seuran varapuheenjohtaja<\/span><\/p>\n<p align=\"left\"><span style=\"color: #000000;\">Mukana keskustelussa: <strong><br \/>\nNasima Razmyar<\/strong>, vuoden 2010 pakolaisnainen<\/span><br \/>\n<span style=\"color: #000000;\"><strong>Eeva Hurmalainen<\/strong>, Suomen YK-liiton tiedottaja<\/span><\/p>\n<p align=\"left\"><span style=\"color: #000000;\">Paikka: Raatihuoneen kellarin piha, Pori<\/span><\/p>\n<p align=\"left\"><span style=\"color: #000000;\">J\u00e4rjest\u00e4j\u00e4t: Suomen Atlantti-Seura ja Suomen YK-liitto<\/span><\/p>\n<p align=\"left\"><span style=\"color: #000000;\"><a style=\"color: #000000;\" href=\"http:\/\/atlanttiseura.fi\/WP\/wp-content\/uploads\/2012\/05\/210710Pauli-Jarvenpaa_Antti-Haikio_Kai-Sauer.jpg\"><img decoding=\"async\" loading=\"lazy\" class=\"alignnone size-full wp-image-831\" title=\"Pauli J\u00e4rvenp\u00e4\u00e4, Antti H\u00e4iki\u00f6, Kai Sauer\" src=\"http:\/\/atlanttiseura.fi\/WP\/wp-content\/uploads\/2012\/05\/210710Pauli-Jarvenpaa_Antti-Haikio_Kai-Sauer.jpg\" alt=\"\" width=\"250\" height=\"167\" \/><\/a>\u00a0\u00a0 <a style=\"color: #000000;\" href=\"http:\/\/atlanttiseura.fi\/WP\/wp-content\/uploads\/2012\/05\/210710_Nasima-Razmyar_pieni1.jpg\"><img decoding=\"async\" loading=\"lazy\" class=\"alignnone size-full wp-image-833\" title=\"Nasima Razmyar\" src=\"http:\/\/atlanttiseura.fi\/WP\/wp-content\/uploads\/2012\/05\/210710_Nasima-Razmyar_pieni1.jpg\" alt=\"\" width=\"250\" height=\"167\" \/><\/a><\/span><br \/>\n<span style=\"color: #000000;\"><a style=\"color: #000000;\" href=\"http:\/\/atlanttiseura.fi\/WP\/wp-content\/uploads\/2012\/05\/210710_puhujat_levea.jpg\"><img decoding=\"async\" loading=\"lazy\" class=\"alignnone wp-image-834\" title=\"Antti Kaikkonen, Liisa Jaakonsaari, Pauli J\u00e4rvenp\u00e4\u00e4, Antti H\u00e4iki\u00f6, Kai Sauer, Nasima Razmyar, Eeva Hurmalainen\" src=\"http:\/\/atlanttiseura.fi\/WP\/wp-content\/uploads\/2012\/05\/210710_puhujat_levea.jpg\" alt=\"\" width=\"510\" height=\"200\" \/><\/a><\/span><\/p>\n<p align=\"left\">\n<p align=\"left\"><span style=\"color: #000000;\"><strong>18.5.2010<\/strong><\/span><\/p>\n<p align=\"left\"><span style=\"color: #000000;\"><em>Suomen Atlantti-Seuran kev\u00e4tkokous<\/em><\/span><\/p>\n<p align=\"left\"><span style=\"color: #000000;\">Paikka: G18 sali, Helsinki<\/span><\/p>\n<p align=\"left\">\n<p align=\"left\"><span style=\"color: #000000;\"><strong>18.5.2010<\/strong><\/span><\/p>\n<p align=\"left\"><span style=\"color: #000000;\">P\u00e4\u00e4ministeri\u00a0<strong>Matti Vanhanen<\/strong>\u00a0puhui Atlantti-Seurassa<a style=\"color: #000000;\" href=\"http:\/\/www.vnk.fi\/ajankohtaista\/puheet\/puhe\/fi.jsp.print?oid=296041\" target=\"_blank\" rel=\"noopener\"><br \/>\n&gt;&gt; P\u00e4\u00e4ministeri Matti Vanhasen puhe<\/a><\/span><\/p>\n<p align=\"left\"><span style=\"color: #000000;\">Paikka: G18 sali, Helsinki<\/span><\/p>\n<p align=\"left\">\n<p align=\"left\"><span style=\"color: #000000;\"><strong>7.5.2010<\/strong><\/span><\/p>\n<p align=\"left\"><span style=\"color: #000000;\"><em>Ven\u00e4j\u00e4n\u00a0talous- ja sotilaspoliittiset vaikutukset It\u00e4merell\u00e4\u00a0<\/em><\/span><\/p>\n<p align=\"left\"><span style=\"color: #000000;\">Tervehdyssanat: <strong>Juha Rannikko<\/strong>, Komentaja, vara-amiraali, Suomen merivoimat<\/span><\/p>\n<p align=\"left\"><span style=\"color: #000000;\">Seminaarin avaus: <strong>Jari Haapiainen<\/strong>, Kansainv\u00e4listen asiain sihteeri, Keskustan eduskuntaryhm\u00e4n kanslia, Suomen Atlantti-Seuran varapuheenjohtaja<\/span><\/p>\n<p align=\"left\"><span style=\"color: #000000;\">Puhujat:<\/span><br \/>\n<span style=\"color: #000000;\"><strong>Ville Niinist\u00f6<\/strong>, Kansanedustaja, Vihre\u00e4n eduskuntaryhm\u00e4n puheenjohtaja<\/span><br \/>\n<span style=\"color: #000000;\"><strong>Simon-Erik Ollus<\/strong>, P\u00e4\u00e4ekonomisti, Fortum<\/span><br \/>\n<span style=\"color: #000000;\"><strong>Heikki Lehtonen<\/strong>, Majuri, Strategian laitos, Maanpuolustuskorkeakoulu<\/span><br \/>\n<span style=\"color: #000000;\"><strong>Ilkka Kanerva<\/strong>, Kansanedustaja (kok.)<\/span><\/p>\n<p align=\"left\"><span style=\"color: #000000;\">Puheenjohtaja: <strong>Kari Vainio<\/strong>, Vastaava p\u00e4\u00e4toimittaja, Turun Sanomat<\/span><\/p>\n<p align=\"left\"><span style=\"color: #000000;\">Paikka: Heikkil\u00e4n kasarmi, Turku<\/span><\/p>\n<p align=\"left\"><span style=\"color: #000000;\"><a style=\"color: #000000;\" href=\"http:\/\/atlanttiseura.fi\/WP\/wp-content\/uploads\/2013\/03\/IMG_0049.jpg\"><img decoding=\"async\" loading=\"lazy\" class=\"alignnone size-full wp-image-1772\" title=\"7.5.2010 Ven\u00e4j\u00e4n talous- ja sotilaspoliittiset vaikutukset It\u00e4merell\u00e4 \" src=\"http:\/\/atlanttiseura.fi\/WP\/wp-content\/uploads\/2013\/03\/IMG_0049.jpg\" sizes=\"(max-width: 510px) 100vw, 510px\" srcset=\"http:\/\/atlanttiseura.fi\/WP\/wp-content\/uploads\/2013\/03\/IMG_0049.jpg 510w, http:\/\/atlanttiseura.fi\/WP\/wp-content\/uploads\/2013\/03\/IMG_0049-300x117.jpg 300w\" alt=\"\" width=\"510\" height=\"200\" \/><\/a><img decoding=\"async\" loading=\"lazy\" class=\"alignnone wp-image-650\" src=\"http:\/\/atlanttiseura.fi\/WP\/wp-content\/uploads\/2012\/10\/Itameren-talous-ja-sotilaspoliittiset-vaikutukset-Itamerella.jpg\" alt=\"\" width=\"510\" height=\"200\" \/><\/span><\/p>\n<p><span style=\"color: #000000;\"><strong>14.4.2010<\/strong><\/span><\/p>\n<p><span style=\"color: #000000;\"><em>Nato valtaa Vanhan!<\/em><\/span><\/p>\n<p><span style=\"color: #000000;\">Tilaisuuden avaus: <strong>Pertti Salolainen<\/strong>, Eduskunnan ulkoasiainvaliokunnan puheenjohtaja, Suomen Atlantti-Seuran varapuheenjohtaja<\/span><\/p>\n<p><span style=\"color: #000000;\">P\u00e4\u00e4puheenvuoro: <strong>Jutta Urpilainen<\/strong>, SDP:n puheenjohtaja, kansanedustaja<\/span><\/p>\n<p><span style=\"color: #000000;\">Puhujat:<\/span><br \/>\n<span style=\"color: #000000;\"><strong>Antti Kaikkonen<\/strong>, Kansanedustaja<\/span><br \/>\n<span style=\"color: #000000;\"><strong>Jukka Tarkka<\/strong>, Valtiotieteiden tohtori<\/span><br \/>\n<span style=\"color: #000000;\"><strong>Johanna Sumuvuori<\/strong>, Kansanedustaja<\/span><br \/>\n<span style=\"color: #000000;\"><strong>Tommi Haapala<\/strong>, Everstiluutnantti<\/span><br \/>\n<span style=\"color: #000000;\"><strong>Kristiina Helenius<\/strong>, Toimitusjohtaja, AmCham Finland<\/span><br \/>\n<span style=\"color: #000000;\"><strong>Ruurik Holm<\/strong>, Vasemmistofoorumin tutkimusjohtaja, filosofian tohtori<\/span><br \/>\n<span style=\"color: #000000;\"><strong>Ulpu Iivari<\/strong>, Toimittaja<\/span><br \/>\n<span style=\"color: #000000;\"><strong>Jarno Limnell<\/strong>, Sotatieteiden tohtori<\/span><br \/>\n<span style=\"color: #000000;\"><strong>Nils Torvalds<\/strong>, Toimittaja<\/span><br \/>\n<span style=\"color: #000000;\"><strong>Juho Rahkonen<\/strong>, Tutkimusp\u00e4\u00e4llikk\u00f6, yhteiskuntatieteiden tohtori<\/span><br \/>\n<span style=\"color: #000000;\"><strong>Nina Suomalainen<\/strong>, Puheenjohtaja, Kehityspoliittinen toimikunta<\/span><br \/>\n<span style=\"color: #000000;\"><strong>Tomas Wallenius<\/strong>, Suomen Atlantti-Seuran Nuorten puheenjohtaja<\/span><\/p>\n<p><span style=\"color: #000000;\">Tilaisuuden juontaja: <strong>Seppo Toivonen<\/strong>, Toimittaja<\/span><\/p>\n<p><span style=\"color: #000000;\">Paikka: Vanhan Ylioppilastalon Juhlasali, Helsinki<\/span><\/p>\n<p><span style=\"color: #000000;\"><a style=\"color: #000000;\" href=\"http:\/\/atlanttiseura.fi\/WP\/wp-content\/uploads\/2012\/12\/paneeli_140410_pieni.jpg\"><img decoding=\"async\" loading=\"lazy\" class=\"alignnone size-full wp-image-780\" title=\"Jutta Urpilainen, Pertti Salolainen, Antti Kaikkonen, Jukka Tarkka, Johanna Sumuvuori\" src=\"http:\/\/atlanttiseura.fi\/WP\/wp-content\/uploads\/2012\/12\/paneeli_140410_pieni.jpg\" alt=\"\" width=\"250\" height=\"167\" \/><\/a>\u00a0\u00a0 <a style=\"color: #000000;\" href=\"http:\/\/atlanttiseura.fi\/WP\/wp-content\/uploads\/2012\/12\/paneeli2_140410_pieni.jpg\"><img decoding=\"async\" loading=\"lazy\" class=\"alignnone size-full wp-image-781\" title=\"Johanna Sumuvuori, Tommi Haapala, Kristiina Helenius, Ruurik Holm\" src=\"http:\/\/atlanttiseura.fi\/WP\/wp-content\/uploads\/2012\/12\/paneeli2_140410_pieni.jpg\" alt=\"\" width=\"250\" height=\"167\" \/><\/a><\/span><br \/>\n<span style=\"color: #000000;\"><a style=\"color: #000000;\" href=\"http:\/\/atlanttiseura.fi\/WP\/wp-content\/uploads\/2012\/12\/yleiso_140410_pieni.jpg\"><img decoding=\"async\" loading=\"lazy\" class=\"alignnone size-full wp-image-782\" title=\"\" src=\"http:\/\/atlanttiseura.fi\/WP\/wp-content\/uploads\/2012\/12\/yleiso_140410_pieni.jpg\" alt=\"\" width=\"250\" height=\"167\" \/><\/a>\u00a0\u00a0 <a style=\"color: #000000;\" href=\"http:\/\/atlanttiseura.fi\/WP\/wp-content\/uploads\/2012\/12\/Iivari_Limnell_Torvalds_140410_pieni.jpg\"><img decoding=\"async\" loading=\"lazy\" class=\"alignnone size-full wp-image-778\" title=\"Ulpu Iivari, Jarno Limnell, Nils Torvalds\" src=\"http:\/\/atlanttiseura.fi\/WP\/wp-content\/uploads\/2012\/12\/Iivari_Limnell_Torvalds_140410_pieni.jpg\" alt=\"\" width=\"250\" height=\"167\" \/><\/a><\/span><br \/>\n<span style=\"color: #000000;\"><a style=\"color: #000000;\" href=\"http:\/\/atlanttiseura.fi\/WP\/wp-content\/uploads\/2012\/12\/kaikki_puhujat_140410_levea%CC%88.jpg\"><img decoding=\"async\" loading=\"lazy\" class=\"alignnone wp-image-779\" title=\"Seppo Toivonen, Pertti Salolainen, Antti Kaikkonen, Jukka Tarkka, Johanna Sumuvuori, Tommi Haapala, Kristiina Helenius, Ruurik Holm, Ulpu Iivari, Jarno Limnell, Nils Torvalds, Juho Rahkonen, Nina Suomalainen, Tomas Wallenius \" src=\"http:\/\/atlanttiseura.fi\/WP\/wp-content\/uploads\/2012\/12\/kaikki_puhujat_140410_levea%CC%88.jpg\" alt=\"\" width=\"510\" height=\"200\" \/><\/a><strong><br \/>\n<\/strong><\/span><\/p>\n<p><span style=\"color: #000000;\"><strong>3.3.2010<\/strong><\/span><\/p>\n<p><span style=\"color: #000000;\">Seminar: <em>NATOs New Strategic Consept<\/em><\/span><\/p>\n<p><span style=\"color: #000000;\">Opening remarks, Chair: Mr <strong>Pertti Salolainen<\/strong>, Minister (hon.), MP, Chair of the Foreign Affairs Committee and Vice-Chair of the Atlantic Council of Finland<\/span><\/p>\n<p><span style=\"color: #000000;\">Speakers:<\/span><br \/>\n<span style=\"color: #000000;\">Dr. <strong>Jamie Shea<\/strong>, Director of Policy Planning, Private Office of the Secretary General, NATO<\/span><br \/>\n<span style=\"color: #000000;\">Dr. <strong>Hans-Friedrich von Ploetz<\/strong>, Ambassador (ret.), Member of the Group of Experts on the new strategic concept of NATO<\/span><\/p>\n<p><span style=\"color: #000000;\">Commentators:<\/span><br \/>\n<span style=\"color: #000000;\"><em>EU Perspective<\/em><\/span><br \/>\n<span style=\"color: #000000;\">Prof. <strong>Anne-Marie Le Gloannec<\/strong>, Research Director, Sciences Po, Paris<\/span><\/p>\n<p><span style=\"color: #000000;\"><em>Finnish Perspective<\/em><\/span><br \/>\n<span style=\"color: #000000;\">Dr. <strong>Teija Tiilikainen<\/strong>, Director, Finnish Institute of International Affairs<\/span><\/p>\n<p><span style=\"color: #000000;\">Venue: Auditorium of the National Museum of Finland, Helsinki<\/span><\/p>\n<p><span style=\"color: #000000;\">The conference was organised in cooperation with the Finnish Institute of International Affairs and Ministry of Foreing Affairs of Finland<\/span><\/p>\n<p><span style=\"color: #000000;\"><img decoding=\"async\" loading=\"lazy\" class=\"alignnone size-full wp-image-642\" title=\"Anne-Marie Le Gloannec, Teija Tiilikainen, Jamie Shea\" src=\"http:\/\/atlanttiseura.fi\/WP\/wp-content\/uploads\/2012\/10\/NATOs-New-Strategic-Consept_pieni.jpg\" alt=\"\" width=\"250\" height=\"166\" \/>\u00a0\u00a0 <img decoding=\"async\" loading=\"lazy\" class=\"alignnone size-full wp-image-641\" title=\"Jamie Shea\" src=\"http:\/\/atlanttiseura.fi\/WP\/wp-content\/uploads\/2012\/10\/NATOs-New-Strategic-Consept_Dr.-Jamie-Shea_pieni.jpg\" alt=\"\" width=\"250\" height=\"166\" \/><img decoding=\"async\" loading=\"lazy\" class=\"alignnone size-full wp-image-640\" title=\"Hans-Friedrich von Ploetz\" src=\"http:\/\/atlanttiseura.fi\/WP\/wp-content\/uploads\/2012\/10\/NATOs-New-Strategic-Consept_Dr.-Hans-Friedrich-von-Ploetz_pieni.jpg\" alt=\"\" width=\"250\" height=\"166\" \/>\u00a0\u00a0 <img decoding=\"async\" loading=\"lazy\" class=\"alignnone size-full wp-image-639\" title=\"Anne-Marie Le Gloannec\" src=\"http:\/\/atlanttiseura.fi\/WP\/wp-content\/uploads\/2012\/10\/NATOs-New-Strategic-Consept_Anne-Marie-Le-Gloannec_pieni.jpg\" alt=\"\" width=\"250\" height=\"166\" \/><img decoding=\"async\" loading=\"lazy\" class=\"alignnone size-full wp-image-644\" title=\"\" src=\"http:\/\/atlanttiseura.fi\/WP\/wp-content\/uploads\/2012\/10\/NATOs-New-Strategic-Consept_yleiso_pieni.jpg\" alt=\"\" width=\"250\" height=\"166\" \/>\u00a0\u00a0 <img decoding=\"async\" loading=\"lazy\" class=\"alignnone size-full wp-image-643\" title=\"Tarja Cronberg\" src=\"http:\/\/atlanttiseura.fi\/WP\/wp-content\/uploads\/2012\/10\/NATOs-New-Strategic-Consept_Tarja-Cronberg_pieni.jpg\" alt=\"\" width=\"250\" height=\"166\" \/><\/span><\/p>\n<p><span style=\"color: #000000;\"><strong>9.2.2010<\/strong><\/span><\/p>\n<p><span style=\"color: #000000;\">Morning coffee event: <em>Current NATO Issues<\/em><\/span><\/p>\n<p><span style=\"color: #000000;\">Speaker: Mr <strong>Leo Michel<\/strong>, Senior Research Fellow, Institute for National Strategic Studies, National Defense University<\/span><\/p>\n<p><span style=\"color: #000000;\">Chair: Mrs <strong>Helena Partanen<\/strong>, Defence Counsellor, Director of International Policy Unit, Ministry of Defence of Finland and Member of the ACF board of directors<\/span><\/p>\n<p><span style=\"color: #000000;\">Venue: Ekberg Extra, Helsinki<\/span><\/p>\n<p><span style=\"color: #000000;\">The event was organised in cooperation with Ministry of Defence of Finland<\/span><\/p>\n","protected":false},"excerpt":{"rendered":"<p>10.12.2010 Suomen Atlantti-Seuran s\u00e4\u00e4nt\u00f6m\u00e4\u00e4r\u00e4inen syyskokous Henkil\u00f6valinnat vuodelle 2011: Suomen Atlantti-Seuran puheenjohtajaksi valittiin Euroopan parlamentin j\u00e4sen\u00a0 Liisa Jaakonsaari Suomen Atlantti-Seuran hallituksen j\u00e4senet vuodelle 2011: Tuomas Forsberg,\u00a0Professori Jari Haapiainen, Kansainv\u00e4listen asiain sihteeri Pertti Hyv\u00e4rinen, Eversti Helena Partanen, Puolustusasiainneuvos Pasi Rajala, Kansainv\u00e4listen asiain sihteeri Marcus Rantala, Valtiosihteeri Pentti Sadeniemi, Valtiotieteen tohtori Pertti Salolainen, Kansanedustaja, ulkoasiainvaliokunnan pj., ministeri Veli &hellip; <\/p>\n","protected":false},"author":1,"featured_media":0,"parent":0,"menu_order":0,"comment_status":"closed","ping_status":"closed","template":"","meta":[],"_links":{"self":[{"href":"http:\/\/atlanttiseura.fi\/index.php?rest_route=\/wp\/v2\/pages\/3298"}],"collection":[{"href":"http:\/\/atlanttiseura.fi\/index.php?rest_route=\/wp\/v2\/pages"}],"about":[{"href":"http:\/\/atlanttiseura.fi\/index.php?rest_route=\/wp\/v2\/types\/page"}],"author":[{"embeddable":true,"href":"http:\/\/atlanttiseura.fi\/index.php?rest_route=\/wp\/v2\/users\/1"}],"replies":[{"embeddable":true,"href":"http:\/\/atlanttiseura.fi\/index.php?rest_route=%2Fwp%2Fv2%2Fcomments&post=3298"}],"version-history":[{"count":4,"href":"http:\/\/atlanttiseura.fi\/index.php?rest_route=\/wp\/v2\/pages\/3298\/revisions"}],"predecessor-version":[{"id":3762,"href":"http:\/\/atlanttiseura.fi\/index.php?rest_route=\/wp\/v2\/pages\/3298\/revisions\/3762"}],"wp:attachment":[{"href":"http:\/\/atlanttiseura.fi\/index.php?rest_route=%2Fwp%2Fv2%2Fmedia&parent=3298"}],"curies":[{"name":"wp","href":"https:\/\/api.w.org\/{rel}","templated":true}]}}