{"id":3296,"date":"2017-03-22T13:23:01","date_gmt":"2017-03-22T13:23:01","guid":{"rendered":"http:\/\/atlanttiseura.fi\/?page_id=3296"},"modified":"2022-02-23T00:20:30","modified_gmt":"2022-02-23T00:20:30","slug":"2011-2","status":"publish","type":"page","link":"http:\/\/atlanttiseura.fi\/?page_id=3296","title":{"rendered":"2011"},"content":{"rendered":"<p><span style=\"color: #000000;\"><img decoding=\"async\" src=\"http:\/\/atlanttiseura.fi\/WP\/wp-content\/uploads\/2012\/05\/2011_ws.jpg\" alt=\"\" \/><\/span><\/p>\n<p><span style=\"color: #000000;\"><strong>9.12.2011<\/strong><\/span><\/p>\n<p><span style=\"color: #000000;\"><em>Suomen Atlantti-Seuran s\u00e4\u00e4nt\u00f6m\u00e4\u00e4r\u00e4inen syyskokous<\/em><\/span><\/p>\n<p><span style=\"color: #000000;\">Henkil\u00f6valinnat vuodelle 2012:<\/span><\/p>\n<p><span style=\"color: #000000;\">Suomen Atlantti-Seuran puheenjohtajaksi valittiin Euroopan parlamentin j\u00e4sen<\/span><br \/>\n<span style=\"color: #000000;\"><strong>Liisa Jaakonsaari<\/strong><\/span><\/p>\n<p><span style=\"color: #000000;\">Suomen Atlantti-Seuran hallituksen j\u00e4senet vuodelle 2012:<\/span><\/p>\n<p><span style=\"color: #000000;\"><strong>Tuomas Forsberg<\/strong>, Professori<strong><br \/>\n<\/strong><strong>Jari Haapiainen, <\/strong>Kansainv\u00e4listen asiain sihteeri<strong><br \/>\n<\/strong><strong>Pertti Hyv\u00e4rinen, <\/strong>Eversti<strong><br \/>\n<\/strong><strong>Helena Partanen,<\/strong> Puolustusasiainneuvos<strong><br \/>\n<\/strong><strong>Pasi Rajala, <\/strong>Kansainv\u00e4listen asioiden sihteeri<strong><br \/>\n<\/strong><strong>Marcus Rantala, <\/strong>Valtiosihteeri<strong><br \/>\n<\/strong><strong>Pentti Sadeniemi, <\/strong>Valtiotieteen tohtori<strong><br \/>\n<\/strong><strong>Pertti Salolainen<\/strong>, Kansanedustaja, ulkoasiainvaliokunnan pj, ministeri <strong><br \/>\n<\/strong><strong>Veli Sundb\u00e4ck<\/strong>, Suurl\u00e4hettil\u00e4s <strong><br \/>\n<\/strong><strong>Jukka Valtasaari<\/strong>, Suurl\u00e4hettil\u00e4s <strong><br \/>\n<\/strong><strong>Jaakko Ylisipola<\/strong>, Nuorten verkoston puheenjohtaja<\/span><\/p>\n<p><span style=\"color: #000000;\">P\u00e4\u00e4sihteeri:<strong><br \/>\nTerhi Suominen<\/strong>, Valtiotieteen maisteri<strong><br \/>\n<\/strong><\/span><\/p>\n<p><span style=\"color: #000000;\">Paikka: Rake-Sali Helsinki<\/span><\/p>\n<p><span style=\"color: #000000;\"><strong>9.12.2011<\/strong><\/span><\/p>\n<p><span style=\"color: #000000;\">Keskustelutilaisuus:<em> Mik\u00e4 on Suomen paikka maailman myllerryksess\u00e4?<\/em><\/span><\/p>\n<p><span style=\"color: #000000;\">Alustajat:<\/span><br \/>\n<span style=\"color: #000000;\">Suomen entiset suurl\u00e4hettil\u00e4\u00e4t Belgiassa ja Suomen Nato-edustuston p\u00e4\u00e4llik\u00f6t<strong><br \/>\nLeif Blomqvist<\/strong> (1997-2002)<\/span><br \/>\n<span style=\"color: #000000;\"><strong>Antti Sierla <\/strong>(2002-2007)<strong><br \/>\nAapo P\u00f6lh\u00f6 <\/strong>(2007-2011)<strong><br \/>\n<\/strong><\/span><\/p>\n<p><span style=\"color: #000000;\">Puheenjohtaja: <strong>Jukka Valtasaari<\/strong>, Suurl\u00e4hettil\u00e4s, Suomen Atlantti-Seuran hallituksen j\u00e4sen<\/span><\/p>\n<p><span style=\"color: #000000;\">Paikka: Rake-Sali, Helsinki<\/span><\/p>\n<p><span style=\"color: #000000;\"><strong>14. \u2013 16.11.2011<\/strong><\/span><\/p>\n<p><span style=\"color: #000000;\"><em>General Assembly and Council Meeting of the Atlantic Treaty Association (ATA)<\/em><\/span><\/p>\n<p><span style=\"color: #000000;\">Venue: Tirana, Albania<\/span><\/p>\n<p><span style=\"color: #000000;\"><strong>31.10.2011<\/strong><\/span><\/p>\n<p><span style=\"color: #000000;\"><em>Nordic Cooperation in an Emerging New Euro-Atlantic Security Structure<\/em><\/span><\/p>\n<p><span style=\"color: #000000;\">Venue: Stockholm, Sweden<\/span><\/p>\n<p><span style=\"color: #000000;\">Conference was organised by the Nordic Atlantic Councils<\/span><\/p>\n<p><span style=\"color: #000000;\"><strong>17.10.2011<\/strong><\/span><\/p>\n<p><span style=\"color: #000000;\">Conference: <em>Empowering Euro-Atlantic Security \u2013 New Challenges, Threats and Opportunities<\/em><\/span><\/p>\n<p><span style=\"color: #000000;\">Opening remarks:<\/span><br \/>\n<span style=\"color: #000000;\">H.E. <strong>Janusz Niesyto<\/strong>, Ambassador of Poland, Embassy of the Republic of Poland in Helsinki<\/span><br \/>\n<span style=\"color: #000000;\">Mr <strong>Pertti Salolainen<\/strong>, Minister (Hon.), Vice-Chair of Foreign Affairs Committee, Parliament of Finland, Vice-Chair of the Atlantic Council of Finland<\/span><\/p>\n<p><span style=\"color: #000000;\">SESSION I: <em>Development of EU\u00b4s Common Security and Defence Policy: EU-NATO Co-operation<\/em><\/span><\/p>\n<p><span style=\"color: #000000;\">Speakers:<\/span><br \/>\n<span style=\"color: #000000;\">Mr <strong>Ryszard Demczuk<\/strong>, Vice-Admiral, Deputy Commander, Joint Anti-Corruption Task Force, NATO HQ, Kabul, Afghanistan (until Aug 2011)<\/span><br \/>\n<span style=\"color: #000000;\">Mr <strong>Rastislav Kacer<\/strong>, President of the Slovak Atlantic Council, former Secretary of State in the Ministry of Defence of Slovakia<\/span><br \/>\n<span style=\"color: #000000;\">Mr <strong>Sven Mikser<\/strong>, Member of the Estonian Parliament, Leader of the Social Democratic Party (SDE) in Estonia, Chairman of the Estonian Atlantic Treaty Association, former Minister of Defence of Estonia<\/span><br \/>\n<span style=\"color: #000000;\">Dr. <strong>Teija Tiilikainen<\/strong>, Director, Finnish Institute of International Affairs<\/span><\/p>\n<p><span style=\"color: #000000;\">Chair: Mr <strong>Pertti Salolainen<\/strong>, Minister (Hon.), Vice-Chair of Foreign Affairs Committee, Parliament of Finland, Vice-Chair of the Atlantic Council of Finland<\/span><\/p>\n<p><span style=\"color: #000000;\">Keynote speech: Dr. <strong>Erkki Tuomioja<\/strong>, Minister for Foreign Affairs, Ministry for Foreign Affairs of Finland<a style=\"color: #000000;\" href=\"http:\/\/formin.finland.fi\/public\/default.aspx?contentid=231763&amp;nodeid=15149&amp;contentlan=2&amp;culture=en-US\" target=\"_blank\" rel=\"noopener\"><br \/>\n&gt;&gt; Speech by Minister Tuomioja<\/a><\/span><\/p>\n<p><span style=\"color: #000000;\">SESSION II: <em>NATO-Russia: Euro-Atlantic Security Community?<\/em><\/span><\/p>\n<p><span style=\"color: #000000;\">Speakers:<\/span><br \/>\n<span style=\"color: #000000;\">Dr. <strong>Tuomas Forsberg<\/strong>, Professor, University of Tampere<\/span><br \/>\n<span style=\"color: #000000;\">H.E. <strong>Petr Kolar<\/strong>, Ambassador of the Czech Republic to Russia, Former Deputy Minister of Foreign Affairs of Czech Republic<\/span><br \/>\n<span style=\"color: #000000;\">Dr. <strong>Jerzy M. Nowak<\/strong>, Vice-Chair of the Polish Euro-Atlantic Association, former Permanent Representative of Poland to NATO<\/span><br \/>\n<span style=\"color: #000000;\">Mr <strong>Robert Pszczel<\/strong>, Director, NATO Information Office in Moscow<\/span><\/p>\n<p><span style=\"color: #000000;\">Chair: Prof. <strong>Adam D. Rotfeld<\/strong>, Former Minister for Foreign Affairs of Poland<\/span><\/p>\n<p><span style=\"color: #000000;\">Venue: Wanha Satama, Helsinki<\/span><\/p>\n<p><span style=\"color: #000000;\">The conference was organised by the Atlantic Council of Finland and the Embassy of the Republic of Poland in Helsinki<\/span><\/p>\n<p><span style=\"color: #000000;\"><strong>2.9.2011<\/strong><\/span><\/p>\n<p><span style=\"color: #000000;\"><em>Transatlantic Security under Economic Pressures<\/em><\/span><\/p>\n<p><span style=\"color: #000000;\">Keynote speaker: Dr. <strong>Andrew Exum<\/strong>, Senior Fellow, Center for a New American Security<\/span><\/p>\n<p><span style=\"color: #000000;\">Chair: Mrs <strong>Helena Partanen<\/strong>, Defence Counsellor, Director of International Policy Unit, Ministry of Defence of Finland and Member of the ACF board of directors<\/span><\/p>\n<p><span style=\"color: #000000;\">Venue: Ekberg Extra, Helsinki<\/span><\/p>\n<p><span style=\"color: #000000;\"><a style=\"color: #000000;\" href=\"http:\/\/atlanttiseura.fi\/WP\/wp-content\/uploads\/2012\/05\/02092011_Helena-Partanen_Andrew-Exum.jpg\"><img decoding=\"async\" loading=\"lazy\" class=\"alignnone size-full wp-image-820\" title=\"Helena Partanen, Andrew Exum\" src=\"http:\/\/atlanttiseura.fi\/WP\/wp-content\/uploads\/2012\/05\/02092011_Helena-Partanen_Andrew-Exum.jpg\" sizes=\"(max-width: 500px) 100vw, 500px\" srcset=\"http:\/\/atlanttiseura.fi\/WP\/wp-content\/uploads\/2012\/05\/02092011_Helena-Partanen_Andrew-Exum.jpg 500w, http:\/\/atlanttiseura.fi\/WP\/wp-content\/uploads\/2012\/05\/02092011_Helena-Partanen_Andrew-Exum-300x120.jpg 300w\" alt=\"\" width=\"500\" height=\"200\" \/><\/a><\/span><br \/>\n<span style=\"color: #000000;\"><a style=\"color: #000000;\" href=\"http:\/\/atlanttiseura.fi\/WP\/wp-content\/uploads\/2012\/05\/02092011_Jari-Haapiainen_Helena-Partanen_Terhi-Suominen_Andrew-Exum.jpg\"><img decoding=\"async\" loading=\"lazy\" class=\"alignnone size-full wp-image-821\" title=\"Jari Haapiainen, Helena Partanen, Terhi Suominen, Andrew Exum\" src=\"http:\/\/atlanttiseura.fi\/WP\/wp-content\/uploads\/2012\/05\/02092011_Jari-Haapiainen_Helena-Partanen_Terhi-Suominen_Andrew-Exum.jpg\" sizes=\"(max-width: 500px) 100vw, 500px\" srcset=\"http:\/\/atlanttiseura.fi\/WP\/wp-content\/uploads\/2012\/05\/02092011_Jari-Haapiainen_Helena-Partanen_Terhi-Suominen_Andrew-Exum.jpg 500w, http:\/\/atlanttiseura.fi\/WP\/wp-content\/uploads\/2012\/05\/02092011_Jari-Haapiainen_Helena-Partanen_Terhi-Suominen_Andrew-Exum-300x119.jpg 300w\" alt=\"\" width=\"500\" height=\"199\" \/><\/a><\/span><\/p>\n<p><span style=\"color: #000000;\"><strong>13.7.2011<\/strong><\/span><\/p>\n<p><span style=\"color: #000000;\">Suomen Atlantti-Seura\u00a0<a style=\"color: #000000;\" href=\"http:\/\/www.mtv3.fi\/suomiareena\/\" target=\"_blank\" rel=\"noopener\">SuomiAreenalla<\/a><\/span><\/p>\n<p><span style=\"color: #000000;\"><em>USA, USA, USA \u2013 K\u00e4\u00e4ntyik\u00f6 maailmanmahdin katse Atlantilta Tyynellemerelle?<\/em><\/span><\/p>\n<p><span style=\"color: #000000;\">Puhujat:<\/span><br \/>\n<span style=\"color: #000000;\"><strong>Liisa Jaakonsaari<\/strong>, Europarlamentaarikko, SDP<\/span><br \/>\n<span style=\"color: #000000;\"><strong>Riku M\u00e4kel\u00e4<\/strong>, Johtaja, FinNode Intia<\/span><br \/>\n<span style=\"color: #000000;\"><strong>Peter Vesterbacka<\/strong>, Markkinointip\u00e4\u00e4llikk\u00f6, \u201dMighty Eagle\u201d, Rovio Oy<\/span><br \/>\n<span style=\"color: #000000;\"><strong>Irina Bj\u00f6rklund<\/strong>, N\u00e4yttelij\u00e4, muusikko<\/span><br \/>\n<span style=\"color: #000000;\"><strong>Kristiina Helenius<\/strong>, Johtaja, AmCham Finland<\/span><\/p>\n<p><span style=\"color: #000000;\">Paikka: SuomiAreena -piha, Pori<\/span><\/p>\n<p><span style=\"color: #000000;\">J\u00e4rjest\u00e4j\u00e4t: Suomen Atlantti-Seura ja AmCham Finland<\/span><\/p>\n<p><span style=\"color: #000000;\">Lis\u00e4tietoja SuomiAreenasta: <a style=\"color: #000000;\" href=\"http:\/\/www.suomiareena.fi\/\">http:\/\/www.suomiareena.fi<\/a><\/span><\/p>\n<p><span style=\"color: #000000;\"><a style=\"color: #000000;\" href=\"http:\/\/atlanttiseura.fi\/WP\/wp-content\/uploads\/2012\/05\/suomiareena_pieni.jpg\"><img decoding=\"async\" loading=\"lazy\" class=\"alignnone wp-image-67\" title=\"Irina Bj\u00f6rklund, Riku M\u00e4kel\u00e4, Liisa Jaakonsaari, Peter Vesterbacka\" src=\"http:\/\/atlanttiseura.fi\/WP\/wp-content\/uploads\/2012\/05\/suomiareena_pieni.jpg\" alt=\"\" width=\"486\" height=\"234\" \/><\/a><\/span><\/p>\n<p><span style=\"color: #000000;\"><strong>19. \u2013 20.5.2011<\/strong><\/span><\/p>\n<p><span style=\"color: #000000;\"><em>General Assembly and Council Meeting of the Atlantic Treaty Association (ATA)<\/em><\/span><\/p>\n<p><span style=\"color: #000000;\">Venue: Brussels, Belgium<\/span><\/p>\n<p><span style=\"color: #000000;\"><strong>16.5.2011<\/strong><\/span><\/p>\n<p><span style=\"color: #000000;\"><em>Suomen Atlantti-Seuran s\u00e4\u00e4nt\u00f6m\u00e4\u00e4r\u00e4inen kev\u00e4tkokous<\/em><\/span><\/p>\n<p><span style=\"color: #000000;\">Atlantti-Seura kutsui ministeri <strong>Paavo Rantasen<\/strong> seuran kunniapuheenjohtajaksi. Ministeri Rantanen toimi Atlantti-Seuran puheenjohtajana vuosina 2002 \u2013 2004.<\/span><\/p>\n<p><span style=\"color: #000000;\">Paikka: G18, Helsinki<\/span><\/p>\n<p><span style=\"color: #000000;\"><strong>6.5.2011<\/strong><\/span><\/p>\n<p><span style=\"color: #000000;\"><em>Wider and Deeper: NATO Partnership in the Post-Lisbon Alliance<\/em><\/span><\/p>\n<p><span style=\"color: #000000;\">Keynote Speakers:<\/span><br \/>\n<span style=\"color: #000000;\">H.E. <strong>Ivo Daalder<\/strong>, Ambassador, Permanent Representative, U. S. Mission to NATO<\/span><br \/>\n<span style=\"color: #000000;\">H.E. <strong>J\u00fcri Luik<\/strong>, Ambassador, Permanent Representative, Permanent Representation of Estonia to NATO<\/span><\/p>\n<p><span style=\"color: #000000;\">Chair: Mr <strong>Jukka Valtasaari, <\/strong>former Ambassador of Finland to the U.S.<\/span><\/p>\n<p><span style=\"color: #000000;\">Venue: Astoria Hall,\u00a0Helsinki<\/span><\/p>\n<p><span style=\"color: #000000;\">The seminar was organised by the Atlantic Council of Finland, Embassy of the United States in Helsinki and Embassy of Estonia in Helsinki \u2013 NATO Contact Point Embassy in Finland<\/span><\/p>\n<p><span style=\"color: #000000;\"><a style=\"color: #000000;\" href=\"http:\/\/atlanttiseura.fi\/WP\/wp-content\/uploads\/2012\/12\/Jukka-Valtasaari_pieni.jpg\"><img decoding=\"async\" loading=\"lazy\" class=\"alignnone size-full wp-image-788\" title=\"Jukka Valtasaari\" src=\"http:\/\/atlanttiseura.fi\/WP\/wp-content\/uploads\/2012\/12\/Jukka-Valtasaari_pieni.jpg\" alt=\"\" width=\"250\" height=\"167\" \/><\/a>\u00a0\u00a0 <a style=\"color: #000000;\" href=\"http:\/\/atlanttiseura.fi\/WP\/wp-content\/uploads\/2012\/12\/Ivo-Daalder_Ju%CC%88ri-Luik_pieni.jpg\"><img decoding=\"async\" loading=\"lazy\" class=\"alignnone size-full wp-image-792\" title=\"Ivo Daalder, Ju?ri Luik\" src=\"http:\/\/atlanttiseura.fi\/WP\/wp-content\/uploads\/2012\/12\/Ivo-Daalder_Ju%CC%88ri-Luik_pieni.jpg\" alt=\"\" width=\"250\" height=\"167\" \/><\/a><\/span><br \/>\n<span style=\"color: #000000;\"><a style=\"color: #000000;\" href=\"http:\/\/atlanttiseura.fi\/WP\/wp-content\/uploads\/2012\/05\/Ju%CC%88ri-Leik-Ivo-Daalder-Mart-Tarmak-Bruce-Oreck.jpg\"><img decoding=\"async\" loading=\"lazy\" class=\"alignnone wp-image-795\" title=\"Ju?ri Leik, Ivo Daalder, Mart Tarmak, Bruce Oreck\" src=\"http:\/\/atlanttiseura.fi\/WP\/wp-content\/uploads\/2012\/05\/Ju%CC%88ri-Leik-Ivo-Daalder-Mart-Tarmak-Bruce-Oreck.jpg\" alt=\"\" width=\"510\" height=\"200\" \/><\/a><\/span><\/p>\n<p><span style=\"color: #000000;\"><strong>7.4.2011<\/strong><\/span><\/p>\n<p><span style=\"color: #000000;\"><em>Nato valtaa Vanhan! -tilaisuus<\/em><\/span><\/p>\n<p><span style=\"color: #000000;\">Avaus: <strong>Pertti Salolainen<\/strong> (Kok.), Eduskunnan ulkoasiainvaliokunnan puheenjohtaja, Suomen Atlantti-Seuran varapuheenjohtaja<\/span><\/p>\n<p><span style=\"color: #000000;\">Nato-keskustelun alustajat:<\/span><br \/>\n<span style=\"color: #000000;\"><strong>Pekka Haavisto<\/strong> (Vihr.)<\/span><br \/>\n<span style=\"color: #000000;\"><strong>Laura Kolbe<\/strong> (Kesk.)<\/span><br \/>\n<span style=\"color: #000000;\"><strong>Silvia Modig<\/strong> (Vas.)<\/span><br \/>\n<span style=\"color: #000000;\"><strong>Jesca Muyingo<\/strong> (SDP)<\/span><br \/>\n<span style=\"color: #000000;\"><strong>Jussi Niinist\u00f6<\/strong> (PS)<\/span><br \/>\n<span style=\"color: #000000;\"><strong>Sari Palm<\/strong> (KD)<\/span><br \/>\n<span style=\"color: #000000;\"><strong>Marcus Rantala<\/strong> (RKP)<\/span><br \/>\n<span style=\"color: #000000;\"><strong>Petri Sarvamaa<\/strong> (Kok.)<\/span><\/p>\n<p><span style=\"color: #000000;\">Tilaisuuden juontaja: <strong>Seppo Toivonen<\/strong>, Toimittaja<strong><br \/>\n<\/strong><\/span><\/p>\n<p><span style=\"color: #000000;\">Paikka: Vanha Ylioppilastalo, Helsinki<\/span><\/p>\n<p><span style=\"color: #000000;\"><strong>31.3.2011<\/strong><\/span><\/p>\n<p><span style=\"color: #000000;\">Morning Coffee Event: <em>Transition in Afghanistan<\/em><\/span><\/p>\n<p><span style=\"color: #000000;\">Keynote speaker: Ph.D <strong>Jack D. Kem<\/strong>, Deputy to the Commander, NATO Training Mission, Afghanistan; Commander, Combined Security Transition Command, Afghanistan<\/span><\/p>\n<p><span style=\"color: #000000;\">Venue: Ekberg Extra, Helsinki<\/span><\/p>\n<p><span style=\"color: #000000;\"><strong>25.1. \u2013 24.2.2011<\/strong><\/span><\/p>\n<p><span style=\"color: #000000;\">Studia Generalia -luentosarja: <em>Suomi ja transatlanttiset suhteet \u2013 Kylm\u00e4st\u00e4 sodasta Afganistaniin<\/em><\/span><\/p>\n<p><span style=\"color: #000000;\">Tiistai 25.1.2011<\/span><br \/>\n<span style=\"color: #000000;\">Luentosarjan avaussanat: <strong>Keijo Virtanen,<\/strong> Turun yliopiston rehtori<strong><br \/>\nJaakko Iloniemi<\/strong>, Ministeri, suurl\u00e4hettil\u00e4s: <em>Suomi ja transatlanttiset suhteet<\/em><\/span><\/p>\n<p><span style=\"color: #000000;\">Torstai 27.1.2011<strong><br \/>\nPaavo Rantanen, <\/strong>Ministeri, suurl\u00e4hettil\u00e4s: <em>Transatlanttiset taloussuhteet<\/em><\/span><br \/>\n<span style=\"color: #000000;\"><a style=\"color: #000000;\" href=\"http:\/\/atlanttiseura.fi\/WP\/wp-content\/uploads\/2013\/02\/Paavo-Rantanen-TS-31.1.2011.pdf\" target=\"_blank\" rel=\"noopener\">&gt;&gt; Paavo Rantasen aliokirjoitus Turun Sanomissa 31.1.2011<\/a> (pdf)<\/span><\/p>\n<p><span style=\"color: #000000;\"><em><a style=\"color: #000000;\" href=\"http:\/\/atlanttiseura.fi\/WP\/wp-content\/uploads\/2013\/03\/P1010241.jpg\"><img decoding=\"async\" loading=\"lazy\" class=\"alignnone size-full wp-image-1781\" title=\"Jaakko Iloniemi\" src=\"http:\/\/atlanttiseura.fi\/WP\/wp-content\/uploads\/2013\/03\/P1010241.jpg\" alt=\"\" width=\"250\" height=\"167\" \/><\/a><\/em>\u00a0\u00a0 <a style=\"color: #000000;\" href=\"http:\/\/atlanttiseura.fi\/WP\/wp-content\/uploads\/2013\/03\/P1010266.jpg\"><img decoding=\"async\" loading=\"lazy\" title=\"Paavo Rantanen\" src=\"http:\/\/atlanttiseura.fi\/WP\/wp-content\/uploads\/2013\/03\/P1010266.jpg\" alt=\"\" width=\"250\" height=\"167\" \/><\/a><\/span><br \/>\n<span style=\"color: #000000;\">Tiistai 1.2.2011<strong><br \/>\nJukka Tarkka<\/strong>, VTT: <em>Transatlanttiset suhteet ja kylm\u00e4 sota<br \/>\n<\/em><a style=\"color: #000000;\" href=\"http:\/\/atlanttiseura.fi\/WP\/wp-content\/uploads\/2013\/02\/Jukka-Tarkka-TS-2.2.2011.pdf\" target=\"_blank\" rel=\"noopener\">&gt;&gt; Jukka Tarkan aliokirjoitus Turun Sanomissa 2.2.2011<\/a> (pdf)<\/span><\/p>\n<p><span style=\"color: #000000;\">Torstai 3.2.2011<strong><br \/>\nLeif Blomqvist<\/strong>, Suurl\u00e4hettil\u00e4s: <em>Suomen puolueettomuuspolitiikka ja Nato <\/em><\/span><br \/>\n<span style=\"color: #000000;\"><a style=\"color: #000000;\" href=\"http:\/\/atlanttiseura.fi\/WP\/wp-content\/uploads\/2013\/02\/Leif-Blomqvist-TS-24.2.2011.pdf\" target=\"_blank\" rel=\"noopener\">&gt;&gt; Leif Blomqvistin aliokirjoitus Turun Sanomissa 24.2.2011<\/a> (pdf)<\/span><br \/>\n<span style=\"color: #000000;\"><a style=\"color: #000000;\" href=\"http:\/\/atlanttiseura.fi\/WP\/wp-content\/uploads\/2013\/03\/P2010281.jpg\"><br \/>\n<img decoding=\"async\" loading=\"lazy\" class=\"alignnone wp-image-1783\" title=\"Jukka Tarkka\" src=\"http:\/\/atlanttiseura.fi\/WP\/wp-content\/uploads\/2013\/03\/P2010281.jpg\" alt=\"\" width=\"250\" height=\"167\" \/><\/a>\u00a0\u00a0 <em><img decoding=\"async\" loading=\"lazy\" title=\"Leif Blomqvist\" src=\"http:\/\/atlanttiseura.fi\/WP\/wp-content\/uploads\/2013\/03\/P2030300.jpg\" alt=\"\" width=\"250\" height=\"167\" \/><\/em><\/span><br \/>\n<span style=\"color: #000000;\">Tiistai 8.2.2011<strong><br \/>\nJukka Valtasaari, <\/strong>Suurl\u00e4hettil\u00e4s, VTL: <em>Transatlanttiset suhteet ja Yhdysvallat<br \/>\n<\/em><a style=\"color: #000000;\" href=\"http:\/\/atlanttiseura.fi\/WP\/wp-content\/uploads\/2013\/02\/Jukka-Valtasaari-TS-12.2.2011.pdf\" target=\"_blank\" rel=\"noopener\">&gt;&gt; Jukka Valtasaaren aliokirjoitus Turun Sanomissa 12.2.2011<\/a> (pdf)<\/span><\/p>\n<p><span style=\"color: #000000;\">Torstai 10.2.2011<strong><br \/>\nVeli Sundb\u00e4ck<\/strong>, Suurl\u00e4hettil\u00e4s: <em>Transatlanttiset suhteet ja Euroopan unioni<\/em><\/span><\/p>\n<p><span style=\"color: #000000;\"><em><a style=\"color: #000000;\" href=\"http:\/\/atlanttiseura.fi\/WP\/wp-content\/uploads\/2013\/03\/P2080327.jpg\"><img decoding=\"async\" loading=\"lazy\" class=\"alignnone size-full wp-image-1786\" title=\"Jukka Valtasaari\" src=\"http:\/\/atlanttiseura.fi\/WP\/wp-content\/uploads\/2013\/03\/P2080327.jpg\" alt=\"\" width=\"250\" height=\"167\" \/><\/a><\/em>\u00a0\u00a0 <em><a style=\"color: #000000;\" href=\"http:\/\/atlanttiseura.fi\/WP\/wp-content\/uploads\/2013\/03\/P2100342.jpg\"><img decoding=\"async\" loading=\"lazy\" title=\"Veli Sundb\u00e4ck\" src=\"http:\/\/atlanttiseura.fi\/WP\/wp-content\/uploads\/2013\/03\/P2100342.jpg\" alt=\"\" width=\"250\" height=\"167\" \/><\/a><\/em><\/span><br \/>\n<span style=\"color: #000000;\">Tiistai 15.2.2011<strong><br \/>\nPentti Sadeniemi<\/strong>, VTT: <em>Transatlanttiset suhteet ja Eurooppa<br \/>\n<\/em><a style=\"color: #000000;\" href=\"http:\/\/atlanttiseura.fi\/WP\/wp-content\/uploads\/2013\/02\/Pentti-Sadeniemi-TS-20.2.2011.pdf\" target=\"_blank\" rel=\"noopener\">&gt;&gt; Pentti Sadeniemen aliokirjoitus Turun Sanomissa 20.2.2011<\/a> (pdf)<\/span><\/p>\n<p><span style=\"color: #000000;\">Torstai 17.2.2011<strong><br \/>\nJaakko Blomberg<\/strong>, Suurl\u00e4hettil\u00e4s, VTL: <em>Transatlanttiset suhteet, Baltia ja Ven\u00e4j\u00e4<\/em><\/span><\/p>\n<p><span style=\"color: #000000;\"><em><a style=\"color: #000000;\" href=\"http:\/\/atlanttiseura.fi\/WP\/wp-content\/uploads\/2013\/03\/P2150362.jpg\"><img decoding=\"async\" loading=\"lazy\" class=\"alignnone size-full wp-image-1788\" title=\"Pentti Sadeniemi\" src=\"http:\/\/atlanttiseura.fi\/WP\/wp-content\/uploads\/2013\/03\/P2150362.jpg\" alt=\"\" width=\"250\" height=\"167\" \/><\/a><\/em>\u00a0\u00a0 <a style=\"color: #000000;\" href=\"http:\/\/atlanttiseura.fi\/WP\/wp-content\/uploads\/2013\/03\/P2170373.jpg\"><img decoding=\"async\" loading=\"lazy\" title=\"Jaakko Blomberg\" src=\"http:\/\/atlanttiseura.fi\/WP\/wp-content\/uploads\/2013\/03\/P2170373.jpg\" alt=\"\" width=\"250\" height=\"167\" \/><\/a><\/span><br \/>\n<span style=\"color: #000000;\">Tiistai 22.2.2011<strong><br \/>\nJaakko Laajava<\/strong>, Ulkoasiainministeri\u00f6n alivaltiosihteeri: <em>Transatlanttiset suhteet ja\u00a0Suomen kansainv\u00e4lisen aseman muutos<\/em><\/span><\/p>\n<p><span style=\"color: #000000;\">Torstai 24.2.2011<strong><br \/>\nRaimo V\u00e4yrynen<\/strong>, Professori: <em>Transatlanttiset suhteet t\u00e4n\u00e4\u00e4n<br \/>\n<\/em><a style=\"color: #000000;\" href=\"http:\/\/atlanttiseura.fi\/WP\/wp-content\/uploads\/2013\/02\/Raimo-V%C3%A4yrynen-TS-25.2.2011.pdf\" target=\"_blank\" rel=\"noopener\">&gt;&gt; Raimo V\u00e4yrysen aliokirjoitus -Turun Sanomissa 25.2.2011<\/a> (pdf)<\/span><\/p>\n<p><span style=\"color: #000000;\"><a style=\"color: #000000;\" href=\"http:\/\/atlanttiseura.fi\/WP\/wp-content\/uploads\/2013\/03\/P2220382.jpg\"><img decoding=\"async\" loading=\"lazy\" class=\"alignnone wp-image-1790\" title=\"Jaakko Laajava\" src=\"http:\/\/atlanttiseura.fi\/WP\/wp-content\/uploads\/2013\/03\/P2220382.jpg\" alt=\"\" width=\"250\" height=\"167\" \/><\/a>\u00a0\u00a0 <em><a style=\"color: #000000;\" href=\"http:\/\/atlanttiseura.fi\/WP\/wp-content\/uploads\/2013\/03\/P2240394.jpg\"><img decoding=\"async\" loading=\"lazy\" title=\"Raimo V\u00e4yrynen\" src=\"http:\/\/atlanttiseura.fi\/WP\/wp-content\/uploads\/2013\/03\/P2240394.jpg\" alt=\"\" width=\"250\" height=\"167\" \/><\/a><\/em><\/span><br \/>\n<span style=\"color: #000000;\">Paikka: Tauno Nurmela -sali, Turun yliopisto<\/span><\/p>\n<p><span style=\"color: #000000;\">J\u00e4rjest\u00e4j\u00e4t: Suomen Atlantti-Seura ja Turun yliopiston politiikan tutkimuksen laitos<\/span><\/p>\n<p><span style=\"color: #000000;\"><a style=\"color: #000000;\" href=\"http:\/\/atlanttiseura.fi\/WP\/wp-content\/uploads\/2013\/03\/P2240397.jpg\"><img decoding=\"async\" loading=\"lazy\" class=\"alignnone size-full wp-image-1792\" title=\"25.1. \u2013 24.2.2011 Studia Generalia -luentosarja: Suomi ja transatlanttiset suhteet \u2013 Kylm\u00e4st\u00e4 sodasta Afganistaniin\" src=\"http:\/\/atlanttiseura.fi\/WP\/wp-content\/uploads\/2013\/03\/P2240397.jpg\" alt=\"\" width=\"250\" height=\"167\" \/><\/a>\u00a0\u00a0 <a style=\"color: #000000;\" href=\"http:\/\/atlanttiseura.fi\/WP\/wp-content\/uploads\/2013\/03\/P1010223.jpg\"><img decoding=\"async\" loading=\"lazy\" title=\"25.1. \u2013 24.2.2011 Studia Generalia -luentosarja: Suomi ja transatlanttiset suhteet \u2013 Kylm\u00e4st\u00e4 sodasta Afganistaniin\" src=\"http:\/\/atlanttiseura.fi\/WP\/wp-content\/uploads\/2013\/03\/P1010223.jpg\" alt=\"\" width=\"250\" height=\"167\" \/><\/a><\/span><br \/>\n<span style=\"color: #000000;\"><a style=\"color: #000000;\" href=\"http:\/\/atlanttiseura.fi\/WP\/wp-content\/uploads\/2013\/03\/P2240420.jpg\"><img decoding=\"async\" loading=\"lazy\" class=\"alignnone size-full wp-image-1794\" title=\"25.1. \u2013 24.2.2011 Studia Generalia -luentosarja: Suomi ja transatlanttiset suhteet \u2013 Kylm\u00e4st\u00e4 sodasta Afganistaniin\" src=\"http:\/\/atlanttiseura.fi\/WP\/wp-content\/uploads\/2013\/03\/P2240420.jpg\" alt=\"\" width=\"250\" height=\"167\" \/><\/a>\u00a0\u00a0 <a style=\"color: #000000;\" href=\"http:\/\/atlanttiseura.fi\/WP\/wp-content\/uploads\/2013\/03\/P2240423.jpg\"><img decoding=\"async\" loading=\"lazy\" class=\"alignnone size-full wp-image-1795\" title=\"Kimmo Elo ja Keijo Virtanen\" src=\"http:\/\/atlanttiseura.fi\/WP\/wp-content\/uploads\/2013\/03\/P2240423.jpg\" alt=\"\" width=\"250\" height=\"167\" \/><\/a><\/span><\/p>\n<p><span style=\"color: #000000;\"><strong>14.1.2011<\/strong><\/span><\/p>\n<p><span style=\"color: #000000;\"><em>Uusi Nato<\/em><\/span><\/p>\n<p><span style=\"color: #000000;\">Puhujat:<\/span><br \/>\n<span style=\"color: #000000;\"><strong>Tuomas Forsberg<\/strong>, Professori, Tampereen yliopisto<\/span><br \/>\n<span style=\"color: #000000;\"><strong>Karoliina Honkanen<\/strong>, Neuvotteleva virkamies, Puolustusministeri\u00f6<strong><br \/>\nJanne Kuusela<\/strong>, Neuvotteleva virkamies, Puolustusministeri\u00f6<\/span><\/p>\n<p><span style=\"color: #000000;\">Puheenjohtaja: <strong>Liisa Jaakonsaari<\/strong>, Euroopan Parlamentin j\u00e4sen, Suomen Atlantti-Seuran puheenjohtaja<\/span><\/p>\n<p><span style=\"color: #000000;\">Paikka: Ekberg Extra, Helsinki<\/span><\/p>\n<p><span style=\"color: #000000;\"><a style=\"color: #000000;\" href=\"http:\/\/atlanttiseura.fi\/WP\/wp-content\/uploads\/2013\/03\/natoatl001-Copy.jpg\"><img decoding=\"async\" loading=\"lazy\" class=\"alignnone size-full wp-image-1560\" title=\"Tuomas Forsberg, Karoliina Honkanen, Liisa Jaakonsaari, Janne Kuusela\" src=\"http:\/\/atlanttiseura.fi\/WP\/wp-content\/uploads\/2013\/03\/natoatl001-Copy.jpg\" sizes=\"(max-width: 500px) 100vw, 500px\" srcset=\"http:\/\/atlanttiseura.fi\/WP\/wp-content\/uploads\/2013\/03\/natoatl001-Copy.jpg 500w, http:\/\/atlanttiseura.fi\/WP\/wp-content\/uploads\/2013\/03\/natoatl001-Copy-300x120.jpg 300w\" alt=\"\" width=\"500\" height=\"200\" \/><\/a><\/span><\/p>\n<p><span style=\"color: #000000;\"><strong>14.1.2011<\/strong><\/span><\/p>\n<p><span style=\"color: #000000;\">Suomen Atlantti-Seura julkisti <em>Uusi Nato?<\/em> -raportin. Raportin ovat kirjoittaneet <strong>Karoliina Honkanen<\/strong> ja <strong>Janne Kuusela<\/strong>. Raportti jatkaa Suomen Atlantti-Seuran \u201dKysymyksi\u00e4 ja vastauksia Natosta\u201d -raporttisarjaa.<a style=\"color: #000000;\" href=\"http:\/\/atlanttiseura.fi\/en\/wp-content\/uploads\/2012\/05\/uusi_nato.pdf\" target=\"_blank\" rel=\"noopener\"><br \/>\n&gt;&gt; Uusi Nato? -raportti <\/a>(pdf)<\/span><\/p>\n<p><span style=\"color: #000000;\">Raportin tilaukset: atlanttiseura[at]atlanttiseura.fi<\/span><\/p>\n","protected":false},"excerpt":{"rendered":"<p>9.12.2011 Suomen Atlantti-Seuran s\u00e4\u00e4nt\u00f6m\u00e4\u00e4r\u00e4inen syyskokous Henkil\u00f6valinnat vuodelle 2012: Suomen Atlantti-Seuran puheenjohtajaksi valittiin Euroopan parlamentin j\u00e4sen Liisa Jaakonsaari Suomen Atlantti-Seuran hallituksen j\u00e4senet vuodelle 2012: Tuomas Forsberg, Professori Jari Haapiainen, Kansainv\u00e4listen asiain sihteeri Pertti Hyv\u00e4rinen, Eversti Helena Partanen, Puolustusasiainneuvos Pasi Rajala, Kansainv\u00e4listen asioiden sihteeri Marcus Rantala, Valtiosihteeri Pentti Sadeniemi, Valtiotieteen tohtori Pertti Salolainen, Kansanedustaja, ulkoasiainvaliokunnan pj, ministeri &hellip; <\/p>\n","protected":false},"author":1,"featured_media":0,"parent":0,"menu_order":0,"comment_status":"closed","ping_status":"closed","template":"","meta":[],"_links":{"self":[{"href":"http:\/\/atlanttiseura.fi\/index.php?rest_route=\/wp\/v2\/pages\/3296"}],"collection":[{"href":"http:\/\/atlanttiseura.fi\/index.php?rest_route=\/wp\/v2\/pages"}],"about":[{"href":"http:\/\/atlanttiseura.fi\/index.php?rest_route=\/wp\/v2\/types\/page"}],"author":[{"embeddable":true,"href":"http:\/\/atlanttiseura.fi\/index.php?rest_route=\/wp\/v2\/users\/1"}],"replies":[{"embeddable":true,"href":"http:\/\/atlanttiseura.fi\/index.php?rest_route=%2Fwp%2Fv2%2Fcomments&post=3296"}],"version-history":[{"count":4,"href":"http:\/\/atlanttiseura.fi\/index.php?rest_route=\/wp\/v2\/pages\/3296\/revisions"}],"predecessor-version":[{"id":3764,"href":"http:\/\/atlanttiseura.fi\/index.php?rest_route=\/wp\/v2\/pages\/3296\/revisions\/3764"}],"wp:attachment":[{"href":"http:\/\/atlanttiseura.fi\/index.php?rest_route=%2Fwp%2Fv2%2Fmedia&parent=3296"}],"curies":[{"name":"wp","href":"https:\/\/api.w.org\/{rel}","templated":true}]}}