{"id":3286,"date":"2017-03-22T13:19:28","date_gmt":"2017-03-22T13:19:28","guid":{"rendered":"http:\/\/atlanttiseura.fi\/?page_id=3286"},"modified":"2022-02-23T00:25:56","modified_gmt":"2022-02-23T00:25:56","slug":"2015-2","status":"publish","type":"page","link":"http:\/\/atlanttiseura.fi\/?page_id=3286","title":{"rendered":"2015"},"content":{"rendered":"<p><span style=\"color: #000000;\"><a style=\"color: #000000;\" href=\"http:\/\/atlanttiseura.fi\/?page_id=2323&amp;customize_changeset_uuid=8c95e413-6d5e-4549-9e13-f8afa6b7b9fb#Syyskokous\">11.12.2015 Suomen Atlantti-Seuran ry:n s\u00e4\u00e4nt\u00f6m\u00e4\u00e4r\u00e4inen syyskokous<\/a><\/span><\/p>\n<p><span style=\"color: #000000;\"><a style=\"color: #000000;\" href=\"http:\/\/atlanttiseura.fi\/?page_id=2323&amp;customize_changeset_uuid=8c95e413-6d5e-4549-9e13-f8afa6b7b9fb#Nato\">5.11.2015 Finland and NATO: 20 Years of Partnership \u2013 A Springboard for the Future?<\/a><\/span><\/p>\n<p><span style=\"color: #000000;\"><a style=\"color: #000000;\" href=\"http:\/\/atlanttiseura.fi\/?page_id=2323&amp;customize_changeset_uuid=8c95e413-6d5e-4549-9e13-f8afa6b7b9fb#Koster\">15.9.2015 Mr Timo S. Koster, <\/a><a style=\"color: #000000;\" href=\"http:\/\/atlanttiseura.fi\/?page_id=2323&amp;customize_changeset_uuid=8c95e413-6d5e-4549-9e13-f8afa6b7b9fb#Koster\">Director,\u00a0<\/a><a style=\"color: #000000;\" href=\"http:\/\/atlanttiseura.fi\/?page_id=2323&amp;customize_changeset_uuid=8c95e413-6d5e-4549-9e13-f8afa6b7b9fb#Koster\">Defence Policy and Capabilities NATO visited Helsinki<\/a><\/span><\/p>\n<p><span style=\"color: #000000;\"><a style=\"color: #000000;\" href=\"http:\/\/atlanttiseura.fi\/?page_id=2323&amp;customize_changeset_uuid=8c95e413-6d5e-4549-9e13-f8afa6b7b9fb#Lucas\">4.9.2015 A keynote speech by Edward Lucas on Baltic Sea Security in a Cold Climate<\/a><\/span><\/p>\n<p><span style=\"color: #000000;\"><a style=\"color: #000000;\" href=\"http:\/\/atlanttiseura.fi\/?page_id=2323&amp;customize_changeset_uuid=8c95e413-6d5e-4549-9e13-f8afa6b7b9fb#Merkkivuodet\">21.8.2015\u00a0Suomen merkkivuodet kansainv\u00e4lisiss\u00e4 j\u00e4rjest\u00f6iss\u00e4:\u00a0YK 60, <\/a><a style=\"color: #000000;\" href=\"http:\/\/atlanttiseura.fi\/?page_id=2323&amp;customize_changeset_uuid=8c95e413-6d5e-4549-9e13-f8afa6b7b9fb#Merkkivuodet\">Etyj 40, EU 20 ja Naton kumppanuus 20<\/a><\/span><\/p>\n<p><span style=\"color: #000000;\"><a style=\"color: #000000;\" href=\"http:\/\/atlanttiseura.fi\/?page_id=2323&amp;customize_changeset_uuid=8c95e413-6d5e-4549-9e13-f8afa6b7b9fb#SuomiAreena\">13.7.2015 Keskustelutilaisuus SuomiAreenalla Porissa<\/a><\/span><\/p>\n<p><span style=\"color: #000000;\"><a style=\"color: #000000;\" href=\"http:\/\/atlanttiseura.fi\/?page_id=2323&amp;customize_changeset_uuid=8c95e413-6d5e-4549-9e13-f8afa6b7b9fb#kevatkokous\">29.5.2015\u00a0S\u00e4\u00e4nt\u00f6m\u00e4\u00e4r\u00e4inen kev\u00e4tkokous<\/a><\/span><\/p>\n<p><span style=\"color: #000000;\"><a style=\"color: #000000;\" href=\"http:\/\/atlanttiseura.fi\/?page_id=2323&amp;customize_changeset_uuid=8c95e413-6d5e-4549-9e13-f8afa6b7b9fb#Ruotsi\">6.2.2015\u00a0Ruotsin Atlantti-Seuran hallitus vierailulla Helsingiss\u00e4<\/a><\/span><\/p>\n<p><span style=\"color: #000000;\"><a style=\"color: #000000;\" href=\"http:\/\/atlanttiseura.fi\/?page_id=2323&amp;customize_changeset_uuid=8c95e413-6d5e-4549-9e13-f8afa6b7b9fb#forsvarsdagen\">17.1.2015\u00a0Den fj\u00e4rde finlandssvenska f\u00f6rsvarsdagen<\/a><\/span><\/p>\n<h4 id=\"Syyskokous\"><\/h4>\n<p><span style=\"color: #000000;\"><strong>11.12.2015<\/strong><\/span><\/p>\n<p><span style=\"color: #000000;\"><strong>Suomen Atlantti-Seura ry:n s\u00e4\u00e4nt\u00f6m\u00e4\u00e4r\u00e4inen syyskokous<\/strong><\/span><\/p>\n<p><span style=\"color: #000000;\">Puhuja: <\/span><span style=\"color: #000000;\">Yhdysvaltain Suomen suurl\u00e4hettil\u00e4s <strong>H.E. Charles C. Adams, Jr.<\/strong><\/span><\/p>\n<p><span style=\"color: #000000;\">Hotel K\u00e4mpin Peilisali, Helsinki<\/span><\/p>\n<p><span style=\"color: #000000;\"><a style=\"color: #000000;\" href=\"http:\/\/atlanttiseura.fi\/WP\/wp-content\/uploads\/2015\/12\/73A6758-e1450108652930.jpg\"><img decoding=\"async\" loading=\"lazy\" class=\"alignnone size-full wp-image-2604\" title=\"Suurl\u00e4hettil\u00e4s Charles C. Adams Jr. Kuva: Puolustusvoimat\/Juho R\u00e4ty\" src=\"http:\/\/atlanttiseura.fi\/WP\/wp-content\/uploads\/2015\/12\/73A6758-e1450108652930.jpg\" alt=\"Suurl\u00e4hettil\u00e4s Charles C. Adams Jr. Kuva: Puolustusvoimat\/Juho R\u00e4ty\" width=\"166\" height=\"250\" \/><\/a>\u00a0<strong><a style=\"color: #000000;\" href=\"http:\/\/atlanttiseura.fi\/WP\/wp-content\/uploads\/2014\/12\/73A6794-e1450108848490.jpg\"><img decoding=\"async\" loading=\"lazy\" class=\"alignnone size-full wp-image-2606\" title=\"Suurl\u00e4hettil\u00e4s Charles C. Adams Jr. Kuva: Puolustusvoimat\/Juho R\u00e4ty\" src=\"http:\/\/atlanttiseura.fi\/WP\/wp-content\/uploads\/2014\/12\/73A6794-e1450108848490.jpg\" alt=\"Suurl\u00e4hettil\u00e4s Charles C. Adams Jr. Kuva: Puolustusvoimat\/Juho R\u00e4ty\" width=\"250\" height=\"166\" \/><\/a><\/strong><\/span><\/p>\n<p><span style=\"color: #000000;\"><strong>5.11.2015<\/strong><\/span><\/p>\n<p><span style=\"color: #000000;\"><strong>Finland and NATO: 20 Years of Partnership \u2013 A Springboard for the Future?<\/strong><\/span><\/p>\n<p><span style=\"color: #000000;\">Keynote speech:<\/span><\/p>\n<p><span style=\"color: #000000;\"><strong>Dr. Jamie Shea<br \/>\n<\/strong>Deputy Assistant Secretary General for Emerging Security Challenges NATO<\/span><\/p>\n<p><span style=\"color: #000000;\">Speakers:<\/span><\/p>\n<p><span style=\"color: #000000;\"><strong>Ms Anne Sipil\u00e4inen<br \/>\n<\/strong>Under-Secretary of State, Foreign and Security Policy<\/span><br \/>\n<span style=\"color: #000000;\">Ministry for Foreign Affairs of Finland<\/span><\/p>\n<p><span style=\"color: #000000;\"><strong>Ms Helena Partanen<br \/>\n<\/strong>Director, Defence Policy<\/span><br \/>\n<span style=\"color: #000000;\">Ministry of Defence of Finland<\/span><\/p>\n<p><span style=\"color: #000000;\"><strong>Mr Leif Blomqvist<br \/>\n<\/strong>Ambassador, Finland\u2019s First Head of Mission to NATO (1997 \u2013 2002)<\/span><\/p>\n<p><span style=\"color: #000000;\">Chair:<\/span><\/p>\n<p><span style=\"color: #000000;\"><strong>Mr Pertti Salolainen<br \/>\n<\/strong>MP, Minister (Hon.), Vice-Chair of the Atlantic Council of Finland,<\/span><br \/>\n<span style=\"color: #000000;\"> Vice-Chair of the Foreign Affairs Committee, Parliament of Finland<\/span><\/p>\n<p><span style=\"color: #000000;\">Venue: Marina Congress Center, Helsinki<\/span><\/p>\n<p><span style=\"color: #000000;\"><a style=\"color: #000000;\" href=\"http:\/\/atlanttiseura.fi\/WP\/wp-content\/uploads\/2014\/12\/D7A3315.jpg\"><img decoding=\"async\" loading=\"lazy\" class=\"alignnone size-full wp-image-2558\" title=\"Dr Jamie Shea. Photo: Ruotuv\u00e4ki \/ Jesse Hiltunen\" src=\"http:\/\/atlanttiseura.fi\/WP\/wp-content\/uploads\/2014\/12\/D7A3315-e1447168894689.jpg\" alt=\"\" width=\"250\" height=\"166\" \/><\/a> <a style=\"color: #000000;\" href=\"http:\/\/atlanttiseura.fi\/WP\/wp-content\/uploads\/2014\/12\/D7A3523.jpg\"><img decoding=\"async\" loading=\"lazy\" class=\"alignnone size-full wp-image-2545\" title=\"Anne Sipil\u00e4inen. Photo: Ruotuv\u00e4ki \/ Jesse Hiltunen\" src=\"http:\/\/atlanttiseura.fi\/WP\/wp-content\/uploads\/2014\/12\/D7A3523-e1447168258986.jpg\" alt=\"\" width=\"250\" height=\"166\" \/><\/a> <a style=\"color: #000000;\" href=\"http:\/\/atlanttiseura.fi\/WP\/wp-content\/uploads\/2014\/12\/D7A3636.jpg\"><img decoding=\"async\" loading=\"lazy\" class=\"alignnone size-full wp-image-2547\" title=\"Helena Partanen. Photo: Ruotuv\u00e4ki \/ Jesse Hiltunen\" src=\"http:\/\/atlanttiseura.fi\/WP\/wp-content\/uploads\/2014\/12\/D7A3636-e1447168347215.jpg\" alt=\"\" width=\"250\" height=\"166\" \/><\/a> <a style=\"color: #000000;\" href=\"http:\/\/atlanttiseura.fi\/WP\/wp-content\/uploads\/2014\/12\/D7A3663.jpg\"><img decoding=\"async\" loading=\"lazy\" class=\"alignnone size-full wp-image-2549\" title=\"Leif Blomqvist. Photo: Ruotuv\u00e4ki \/ Jesse Hiltunen\" src=\"http:\/\/atlanttiseura.fi\/WP\/wp-content\/uploads\/2014\/12\/D7A3663-e1447168421865.jpg\" alt=\"\" width=\"250\" height=\"166\" \/><\/a> <a style=\"color: #000000;\" href=\"http:\/\/atlanttiseura.fi\/WP\/wp-content\/uploads\/2014\/12\/D7A3706.jpg\"><img decoding=\"async\" loading=\"lazy\" class=\"alignnone size-full wp-image-2551\" title=\"Pertti Salolainen. Photo: Ruotuv\u00e4ki \/ Jesse Hiltunen\" src=\"http:\/\/atlanttiseura.fi\/WP\/wp-content\/uploads\/2014\/12\/D7A3706-e1447168491563.jpg\" alt=\"\" width=\"250\" height=\"166\" \/><\/a> <a style=\"color: #000000;\" href=\"http:\/\/atlanttiseura.fi\/WP\/wp-content\/uploads\/2014\/12\/D7A3426.jpg\"><img decoding=\"async\" loading=\"lazy\" class=\"alignnone size-full wp-image-2541\" title=\"The speakers on stage. Photo: Ruotuv\u00e4ki\/Jesse Hiltunen\" src=\"http:\/\/atlanttiseura.fi\/WP\/wp-content\/uploads\/2014\/12\/D7A3426-e1447167961643.jpg\" alt=\"\" width=\"250\" height=\"140\" \/><\/a><\/span><\/p>\n<p id=\"Koster\"><span style=\"color: #000000;\"><strong>15.9.2015<\/strong><\/span><\/p>\n<p><span style=\"color: #000000;\"><strong>Mr<span style=\"color: #000000;\"> Timo S. Koster<\/span><\/strong>, Director, Defence Policy and Capabilities NATO visited Helsinki and met the management of the Atlantic Council of Finland<\/span><\/p>\n<p><span style=\"color: #000000;\">Venue: Defence Command Finland, Helsinki<\/span><\/p>\n<p><span style=\"color: #000000;\"><img decoding=\"async\" loading=\"lazy\" class=\"alignnone size-full wp-image-2503\" title=\"Timo S. Koster\" src=\"http:\/\/atlanttiseura.fi\/WP\/wp-content\/uploads\/2014\/12\/Koster-web-e1442326919606.jpg\" alt=\"Timo S. Koster\" width=\"250\" height=\"166\" \/>\u00a0<img decoding=\"async\" loading=\"lazy\" class=\"alignnone size-full wp-image-2509\" title=\"Timo S. Koster\" src=\"http:\/\/atlanttiseura.fi\/WP\/wp-content\/uploads\/2014\/12\/Koster-web-2-e1442327861412.jpg\" alt=\"Timo S. Koster\" width=\"200\" height=\"250\" \/><\/span><\/p>\n<p><span style=\"color: #000000;\"><strong>4.9.2015<\/strong><\/span><\/p>\n<p><span style=\"color: #000000;\"><strong>Baltic Sea Security in a Cold Climate\u00a0<\/strong><\/span><\/p>\n<p><span style=\"color: #000000;\">Keynote speaker<strong>:<\/strong><\/span><span style=\"color: #000000;\"><strong> Mr Edward Lucas<\/strong>, Senior Editor at The Economist<\/span><\/p>\n<p><span style=\"color: #000000;\">Comments to the keynote speech: <\/span><span style=\"color: #000000;\"><strong>Dr Jarno Limn\u00e9ll, <\/strong>Professor of Cyber Security at Aalto University<\/span><\/p>\n<p><span style=\"color: #000000;\">Chair of the event: <\/span><span style=\"color: #000000;\"><strong>Mr Pertti Salolainen, <\/strong>MP, Minister (Hon.), Vice-Chair of the Atlantic Council of Finland, Vice-Chair of the Foreign Affairs Committee, Parliament of Finland, Finnish Ambassador to Great Britain in 1996-2004<\/span><\/p>\n<p><span style=\"color: #000000;\"><a style=\"color: #000000;\" href=\"http:\/\/bambuser.com\/v\/5766786\" target=\"_blank\" rel=\"noopener\">Watch a video recording of the event<\/a><\/span><\/p>\n<p><span style=\"color: #000000;\"><a style=\"color: #000000;\" href=\"http:\/\/www.edwardlucas.com\/about\/\" target=\"_blank\" rel=\"noopener\">The CV of Mr Lucas (edwardlucas.com)<\/a><\/span><\/p>\n<p><span style=\"color: #000000;\"><a style=\"color: #000000;\" href=\"http:\/\/www.cepa.org\/content\/new-cepa-report-baltic-sea-security-coming-storm\" target=\"_blank\" rel=\"noopener\">CEPA report by Mr Lucas on Baltic Sea Security: The Coming Storm<\/a><\/span><\/p>\n<p><span style=\"color: #000000;\">Venue: Aalto University, Helsinki<\/span><\/p>\n<p><span style=\"color: #000000;\"><img decoding=\"async\" loading=\"lazy\" class=\"alignnone size-full wp-image-2483\" title=\"Edward Lucas. Kuva Aalto\/Aino Huovio\" src=\"http:\/\/atlanttiseura.fi\/WP\/wp-content\/uploads\/2014\/12\/Lucas-e1441639397920.jpg\" alt=\"Edward Lucas. Kuva Aalto\/Aino Huovio\" width=\"250\" height=\"166\" \/>\u00a0<img decoding=\"async\" loading=\"lazy\" class=\"alignnone size-full wp-image-2476\" title=\"Jarno Limn\u00e9ll. Kuva: Hanna Nyk\u00e4nen\" src=\"http:\/\/atlanttiseura.fi\/WP\/wp-content\/uploads\/2015\/09\/lucas_2-e1441709545661.jpg\" alt=\"Jarno Limn\u00e9ll. Kuva: Hanna Nyk\u00e4nen\" width=\"250\" height=\"166\" \/>\u00a0<img decoding=\"async\" loading=\"lazy\" class=\"alignnone size-full wp-image-2478\" title=\"Edward Lucas ja Jarno Limn\u00e9ll. Kuva: Hanna Nyk\u00e4nen\" src=\"http:\/\/atlanttiseura.fi\/WP\/wp-content\/uploads\/2015\/09\/lucas_4-e1441710167272.jpg\" alt=\"Edward Lucas ja Jarno Limn\u00e9ll. Kuva: Hanna Nyk\u00e4nen\" width=\"250\" height=\"166\" \/>\u00a0<img decoding=\"async\" loading=\"lazy\" class=\"alignnone size-full wp-image-2517\" title=\"Pertti Salolainen, Edward Lucas ja Terhi Suominen\" src=\"http:\/\/atlanttiseura.fi\/WP\/wp-content\/uploads\/2015\/09\/Lucas-Group-e1442926108722.jpg\" alt=\"Pertti Salolainen, Edward Lucas ja Terhi Suominen\" width=\"250\" height=\"166\" \/>\u00a0<img decoding=\"async\" loading=\"lazy\" class=\"alignnone size-full wp-image-2488\" title=\"Tilaisuus pidettiin Aalto-yliopiston tiloissa. Kuva: Aalto\/Aino Huovio\" src=\"http:\/\/atlanttiseura.fi\/WP\/wp-content\/uploads\/2015\/09\/Yleis%C3%B6%C3%A4-e1441709967659.jpg\" alt=\"Tilaisuus pidettiin Aalto-yliopiston tiloissa. Kuva: Aalto\/Aino Huovio\" width=\"250\" height=\"166\" \/><\/span><\/p>\n<p id=\"Merkkivuodet\"><span style=\"color: #000000;\"><strong>21.8.2015<br \/>\n<\/strong><\/span><\/p>\n<p><span style=\"color: #000000;\"><strong>Suomen merkkivuodet kansainv\u00e4lisiss\u00e4 j\u00e4rjest\u00f6iss\u00e4:\u00a0<\/strong><strong>YK 60, Etyj 40, EU 20 ja Naton kumppanuus 20<\/strong><\/span><\/p>\n<p><span style=\"color: #000000;\"><strong>Miten YK, Etyj, EU ja Nato ovat vaikuttaneet Suomen turvallisuuteen?<\/strong><\/span><\/p>\n<p><span style=\"color: #000000;\">Tilaisuuden avaus: <\/span><span style=\"color: #000000;\"><strong>Pirkko H\u00e4m\u00e4l\u00e4inen<\/strong>, Alivaltiosihteeri, ulkoasiainministeri\u00f6<\/span><\/p>\n<p><span style=\"color: #000000;\">Tilaisuuden puhujat:<\/span><\/p>\n<p><span style=\"color: #000000;\"><strong>Timo Kantola<\/strong>, Poliittisen osaston apulaisosastop\u00e4\u00e4llikk\u00f6, ulkoasiainministeri\u00f6<\/span><\/p>\n<p><span style=\"color: #000000;\"><strong>Katja Pehrman<\/strong>, Suomen Etyj-suurl\u00e4hettil\u00e4s<\/span><\/p>\n<p><span style=\"color: #000000;\"><strong>Kai Sauer<\/strong>, Suomen YK-suurl\u00e4hettil\u00e4s<\/span><\/p>\n<p><span style=\"color: #000000;\"><strong>Pilvi-Sisko Vierros-Villeneuve<\/strong>, Suomen EU-suurl\u00e4hettil\u00e4s<\/span><\/p>\n<p><span style=\"color: #000000;\">Tilaisuuden puheenjohtaja: <\/span><span style=\"color: #000000;\"><strong>Liisa Jaakonsaari, <\/strong>Euroopan parlamentin j\u00e4sen, Suomen Atlantti-Seuran puheenjohtaja <\/span><\/p>\n<p><span style=\"color: #000000;\">Tilaisuus j\u00e4rjestettiin yhteisty\u00f6ss\u00e4 ulkoasiainministeri\u00f6n kanssa<\/span><\/p>\n<p><span style=\"color: #000000;\"> S\u00e4\u00e4tytalo, Helsinki<\/span><\/p>\n<p><span style=\"color: #000000;\"><img decoding=\"async\" loading=\"lazy\" class=\"alignnone size-full wp-image-2436\" title=\"Alivaltiosihteeri Pirkko H\u00e4m\u00e4l\u00e4inen. Kuva: Puolustusvoimat\/Ville Br\u00f6ijer\" src=\"http:\/\/atlanttiseura.fi\/WP\/wp-content\/uploads\/2015\/08\/H%C3%A4m%C3%A4l%C3%A4inen-21.8.2015-e1440492841526.jpg\" alt=\"Alivaltiosihteeri Pirkko H\u00e4m\u00e4l\u00e4inen. Kuva: Puolustusvoimat\/Ville Br\u00f6ijer\" width=\"250\" height=\"166\" \/>\u00a0<img decoding=\"async\" loading=\"lazy\" class=\"alignnone size-full wp-image-2439\" title=\"Apulaisosastop\u00e4\u00e4llikk\u00f6 Timo Kantola. Kuva: Puolustusvoimat\/Ville Br\u00f6ijer\" src=\"http:\/\/atlanttiseura.fi\/WP\/wp-content\/uploads\/2015\/08\/Kantola-21.8.2015-e1440493137864.jpg\" alt=\"Apulaisosastop\u00e4\u00e4llikk\u00f6 Timo Kantola. Kuva: Puolustusvoimat\/Ville Br\u00f6ijer\" width=\"250\" height=\"166\" \/>\u00a0<img decoding=\"async\" loading=\"lazy\" class=\"alignnone size-full wp-image-2440\" title=\"Suurl\u00e4hettil\u00e4s Katja Pehrman. Kuva: Puolustusvoimat\/Ville Br\u00f6ijer\" src=\"http:\/\/atlanttiseura.fi\/WP\/wp-content\/uploads\/2015\/08\/Pehrman-21.8.2015-e1440493181338.jpg\" alt=\"Suurl\u00e4hettil\u00e4s Katja Pehrman. Kuva: Puolustusvoimat\/Ville Br\u00f6ijer\" width=\"250\" height=\"166\" \/>\u00a0<img decoding=\"async\" loading=\"lazy\" class=\"alignnone size-full wp-image-2441\" title=\"Suurl\u00e4hettil\u00e4s Kai Sauer. Kuva: Puolustusvoimat\/Ville Br\u00f6ijer\" src=\"http:\/\/atlanttiseura.fi\/WP\/wp-content\/uploads\/2015\/08\/Sauer-21.8.2015-e1440493257994.jpg\" alt=\"Suurl\u00e4hettil\u00e4s Kai Sauer. Kuva: Puolustusvoimat\/Ville Br\u00f6ijer\" width=\"250\" height=\"166\" \/>\u00a0<img decoding=\"async\" loading=\"lazy\" class=\"alignnone size-full wp-image-2442\" title=\"Suurl\u00e4hettil\u00e4s Pilvi-Sisko Vierros-Villeneuve. Kuva: Puolustusvoimat\/Ville Br\u00f6ijer\" src=\"http:\/\/atlanttiseura.fi\/WP\/wp-content\/uploads\/2015\/08\/Vierros-Villeneuve-21.8.2015-e1440493298525.jpg\" alt=\"Suurl\u00e4hettil\u00e4s Pilvi-Sisko Vierros-Villeneuve. Kuva: Puolustusvoimat\/Ville Br\u00f6ijer\" width=\"250\" height=\"166\" \/>\u00a0<img decoding=\"async\" loading=\"lazy\" class=\"alignnone size-full wp-image-2443\" title=\"Puheenjohtaja Liisa Jaakonsaari ja tilaisuuden puhujat. Kuva: Puolustusvoimat\/Ville Br\u00f6ijer\" src=\"http:\/\/atlanttiseura.fi\/WP\/wp-content\/uploads\/2015\/08\/Puhujat-2-21.8.2015-e1440493585175.jpg\" alt=\"Puheenjohtaja Liisa Jaakonsaari ja tilaisuuden puhujat. Kuva: Puolustusvoimat\/Ville Br\u00f6ijer\" width=\"250\" height=\"166\" \/>\u00a0<img decoding=\"async\" loading=\"lazy\" class=\"alignnone size-full wp-image-2444\" title=\"S\u00e4\u00e4tytalo. Kuva: Puolustusvoimat\/Ville Br\u00f6ijer\" src=\"http:\/\/atlanttiseura.fi\/WP\/wp-content\/uploads\/2015\/08\/S%C3%A4%C3%A4tytalo-21.8.2015-e1440493650911.jpg\" alt=\"S\u00e4\u00e4tytalo. Kuva: Puolustusvoimat\/Ville Br\u00f6ijer\" width=\"250\" height=\"166\" \/><\/span><\/p>\n<p><span style=\"color: #000000;\">\u00a0<\/span><span style=\"color: #000000;\"><strong><br \/>\n<\/strong><\/span><span style=\"color: #000000;\"><strong>13.7.2015 <\/strong><\/span><\/p>\n<p><span style=\"color: #000000;\"><strong>Keskustelutilaisuus SuomiAreenalla Porissa:<\/strong><\/span><\/p>\n<p><span style=\"color: #000000;\"><strong>Suomen turvallisuus \u2013 Mitk\u00e4 vaihtoehdot? <\/strong>Mill\u00e4 keinoilla vahvistaa Suomen turvallisuutta? Yksin, Nato, Ruotsi, Pohjola, EU?<\/span><\/p>\n<p><span style=\"color: #000000;\">Tilaisuuden keskustelijat:<\/span><\/p>\n<p><span style=\"color: #000000;\"><strong>Tuomas Forsberg, <\/strong>Kansainv\u00e4lisen politiikan professori, Tampereen yliopisto<\/span><\/p>\n<p><span style=\"color: #000000;\"><strong>Tommi Haapala, <\/strong>Everstiluutnantti, esikuntap\u00e4\u00e4llikk\u00f6, Porin prikaati<\/span><\/p>\n<p><span style=\"color: #000000;\"><strong>Helena Partanen, <\/strong><\/span><span style=\"color: #000000;\">Puolustusasiainneuvos, puolustuspolitiikkayksik\u00f6n johtaja, puolustusministeri\u00f6<\/span><\/p>\n<p><span style=\"color: #000000;\">Keskustelua kommentoi:<\/span><\/p>\n<p><span style=\"color: #000000;\"><strong>Leif Blomqvist, <\/strong><\/span><span style=\"color: #000000;\">Suurl\u00e4hettil\u00e4s<\/span><br \/>\n<span style=\"color: #000000;\"> Toiminut Suomen suurl\u00e4hettil\u00e4\u00e4n\u00e4 mm. EY:ss\u00e4, Lontoossa ja Natossa<\/span><\/p>\n<p><span style=\"color: #000000;\">Katso tallenne keskustelusta <a style=\"color: #000000;\" href=\"http:\/\/www.katsomo.fi\/#!\/jakso\/499091?toista\" target=\"_blank\" rel=\"noopener\"><span style=\"color: #000000;\">MTV:n Katsomo-palvelussa<\/span><\/a><\/span><\/p>\n<p><span style=\"color: #000000;\"><img decoding=\"async\" loading=\"lazy\" class=\" wp-image-2390 alignnone\" title=\"Kuva: SuomiAreena\" src=\"http:\/\/atlanttiseura.fi\/WP\/wp-content\/uploads\/2015\/07\/Z6A2087-e1436873354195.jpg\" alt=\"Kuva: SuomiAreena\" width=\"250\" height=\"166\" \/><\/span><\/p>\n<p><span style=\"color: #000000;\"><img decoding=\"async\" loading=\"lazy\" class=\"size-full wp-image-2398 alignnone\" title=\"Tuomas Forsberg. Kuva: SuomiAreena\" src=\"http:\/\/atlanttiseura.fi\/WP\/wp-content\/uploads\/2014\/12\/SuomiAreena-Forsberg-e1436956615845.jpg\" alt=\"Kuva: SuomiAreena\" width=\"200\" height=\"250\" \/>\u00a0<img decoding=\"async\" loading=\"lazy\" class=\"size-full wp-image-2397 alignnone\" title=\"Tommi Haapala. Kuva: SuomiAreena\" src=\"http:\/\/atlanttiseura.fi\/WP\/wp-content\/uploads\/2014\/12\/SuomiAreena-Haapala-e1436956554942.jpg\" alt=\"Kuva: SuomiAreena\" width=\"199\" height=\"250\" \/>\u00a0<img decoding=\"async\" loading=\"lazy\" class=\"alignnone size-full wp-image-2400\" title=\"Helena Partanen. Kuva: SuomiAreena\" src=\"http:\/\/atlanttiseura.fi\/WP\/wp-content\/uploads\/2014\/12\/SuomiAreena-Partanen-e1436956381665.jpg\" alt=\"Helena Partanen. Kuva: SuomiAreena\" width=\"199\" height=\"250\" \/> <img decoding=\"async\" loading=\"lazy\" class=\"alignnone size-full wp-image-2402\" title=\"Leif Blomqvist. Kuva: SuomiAreena\" src=\"http:\/\/atlanttiseura.fi\/WP\/wp-content\/uploads\/2014\/12\/SuomiAreena-Blomqvist-e1436956424391.jpg\" alt=\"Leif Blomqvist. Kuva: SuomiAreena\" width=\"199\" height=\"250\" \/><\/span><\/p>\n<h4 id=\"kevatkokous\"><span style=\"color: #000000;\">\u00a0<\/span><\/h4>\n<p><span style=\"color: #000000;\"><strong>29.5.2015\u00a0<\/strong><\/span><\/p>\n<p><span style=\"color: #000000;\"><strong>Suomen Atlantti-Seura ry:n s\u00e4\u00e4nt\u00f6m\u00e4\u00e4r\u00e4inen kev\u00e4tkokous<\/strong><\/span><\/p>\n<p><span style=\"color: #000000;\">Puhuja:<strong> Jaakko Laajava<\/strong>, Alivaltiosihteeri (ulko- ja turvallisuuspolitiikka), Ulkoasiainministeri\u00f6<strong><br \/>\n<\/strong><\/span><\/p>\n<p><span style=\"color: #000000;\">Engel-sali, Ulkoasianministeri\u00f6, Helsinki<\/span><\/p>\n<p><span style=\"color: #000000;\"><img decoding=\"async\" class=\"alignnone wp-image-2373\" title=\"Alivaltiosihteeri Jaakko Laajava\" src=\"http:\/\/atlanttiseura.fi\/WP\/wp-content\/uploads\/2015\/06\/laajavakevat15.jpg\" sizes=\"(max-width: 540px) 100vw, 540px\" srcset=\"http:\/\/atlanttiseura.fi\/WP\/wp-content\/uploads\/2015\/06\/laajavakevat15.jpg 540w, http:\/\/atlanttiseura.fi\/WP\/wp-content\/uploads\/2015\/06\/laajavakevat15-300x200.jpg 300w\" alt=\"\" width=\"250\" \/>\u00a0<img decoding=\"async\" class=\"alignnone wp-image-2372\" title=\"Hallituksen puheenjohtaja Liisa Jaakonsaari\" src=\"http:\/\/atlanttiseura.fi\/WP\/wp-content\/uploads\/2015\/06\/jaakonsaarikevat15.jpg\" sizes=\"(max-width: 540px) 100vw, 540px\" srcset=\"http:\/\/atlanttiseura.fi\/WP\/wp-content\/uploads\/2015\/06\/jaakonsaarikevat15.jpg 540w, http:\/\/atlanttiseura.fi\/WP\/wp-content\/uploads\/2015\/06\/jaakonsaarikevat15-300x200.jpg 300w\" alt=\"\" width=\"250\" \/>\u00a0<img decoding=\"async\" class=\"alignnone wp-image-2370\" src=\"http:\/\/atlanttiseura.fi\/WP\/wp-content\/uploads\/2015\/06\/alkukokous15.jpg\" sizes=\"(max-width: 540px) 100vw, 540px\" srcset=\"http:\/\/atlanttiseura.fi\/WP\/wp-content\/uploads\/2015\/06\/alkukokous15.jpg 540w, http:\/\/atlanttiseura.fi\/WP\/wp-content\/uploads\/2015\/06\/alkukokous15-300x200.jpg 300w\" alt=\"\" width=\"250\" \/>\u00a0<img decoding=\"async\" class=\"alignnone wp-image-2374\" src=\"http:\/\/atlanttiseura.fi\/WP\/wp-content\/uploads\/2015\/06\/yleisoakevat15.jpg\" sizes=\"(max-width: 540px) 100vw, 540px\" srcset=\"http:\/\/atlanttiseura.fi\/WP\/wp-content\/uploads\/2015\/06\/yleisoakevat15.jpg 540w, http:\/\/atlanttiseura.fi\/WP\/wp-content\/uploads\/2015\/06\/yleisoakevat15-300x200.jpg 300w\" alt=\"\" width=\"250\" \/><\/span><\/p>\n<h4 id=\"Ruotsi\"><span style=\"color: #000000;\">\u00a0<\/span><\/h4>\n<p><span style=\"color: #000000;\"><strong>6.2.2015\u00a0<\/strong><\/span><\/p>\n<p><span style=\"color: #000000;\"><strong>Ruotsin Atlantti-Seuran hallitus vierailulla Helsingiss\u00e4<\/strong><\/span><\/p>\n<p><span style=\"color: #000000;\"><img decoding=\"async\" loading=\"lazy\" class=\"alignnone size-full wp-image-2352\" title=\"\" src=\"http:\/\/atlanttiseura.fi\/WP\/wp-content\/uploads\/2014\/12\/as_ruotsi1.jpg\" alt=\"\" width=\"250\" height=\"167\" \/>\u00a0<img decoding=\"async\" loading=\"lazy\" class=\"alignnone size-full wp-image-2351\" title=\"\" src=\"http:\/\/atlanttiseura.fi\/WP\/wp-content\/uploads\/2014\/12\/as_ruotsi2.jpg\" alt=\"\" width=\"250\" height=\"167\" \/>\u00a0<img decoding=\"async\" loading=\"lazy\" class=\"alignnone size-full wp-image-2350\" title=\"\" src=\"http:\/\/atlanttiseura.fi\/WP\/wp-content\/uploads\/2014\/12\/as_ruotsi3.jpg\" alt=\"\" width=\"250\" height=\"167\" \/>\u00a0<img decoding=\"async\" loading=\"lazy\" class=\"alignnone size-full wp-image-2349\" title=\"\" src=\"http:\/\/atlanttiseura.fi\/WP\/wp-content\/uploads\/2014\/12\/as_ruotsi4.jpg\" alt=\"\" width=\"250\" height=\"167\" \/><\/span><\/p>\n<h4 id=\"forsvarsdagen\"><span style=\"color: #000000;\">\u00a0<\/span><\/h4>\n<p><span style=\"color: #000000;\"><strong>17.1.2015<\/strong><\/span><\/p>\n<p><span style=\"color: #000000;\"><strong>Den Fj\u00e4rde Finlandssvenska F\u00f6rsvarsdagen<\/strong><\/span><\/p>\n<p><span style=\"color: #000000;\">Bj\u00f6rneborgs brigad, S\u00e4kyl\u00e4<\/span><\/p>\n","protected":false},"excerpt":{"rendered":"<p>11.12.2015 Suomen Atlantti-Seuran ry:n s\u00e4\u00e4nt\u00f6m\u00e4\u00e4r\u00e4inen syyskokous 5.11.2015 Finland and NATO: 20 Years of Partnership \u2013 A Springboard for the Future? 15.9.2015 Mr Timo S. Koster, Director,\u00a0Defence Policy and Capabilities NATO visited Helsinki 4.9.2015 A keynote speech by Edward Lucas on Baltic Sea Security in a Cold Climate 21.8.2015\u00a0Suomen merkkivuodet kansainv\u00e4lisiss\u00e4 j\u00e4rjest\u00f6iss\u00e4:\u00a0YK 60, Etyj 40, EU &hellip; <\/p>\n","protected":false},"author":1,"featured_media":0,"parent":0,"menu_order":0,"comment_status":"closed","ping_status":"closed","template":"","meta":[],"_links":{"self":[{"href":"http:\/\/atlanttiseura.fi\/index.php?rest_route=\/wp\/v2\/pages\/3286"}],"collection":[{"href":"http:\/\/atlanttiseura.fi\/index.php?rest_route=\/wp\/v2\/pages"}],"about":[{"href":"http:\/\/atlanttiseura.fi\/index.php?rest_route=\/wp\/v2\/types\/page"}],"author":[{"embeddable":true,"href":"http:\/\/atlanttiseura.fi\/index.php?rest_route=\/wp\/v2\/users\/1"}],"replies":[{"embeddable":true,"href":"http:\/\/atlanttiseura.fi\/index.php?rest_route=%2Fwp%2Fv2%2Fcomments&post=3286"}],"version-history":[{"count":24,"href":"http:\/\/atlanttiseura.fi\/index.php?rest_route=\/wp\/v2\/pages\/3286\/revisions"}],"predecessor-version":[{"id":3770,"href":"http:\/\/atlanttiseura.fi\/index.php?rest_route=\/wp\/v2\/pages\/3286\/revisions\/3770"}],"wp:attachment":[{"href":"http:\/\/atlanttiseura.fi\/index.php?rest_route=%2Fwp%2Fv2%2Fmedia&parent=3286"}],"curies":[{"name":"wp","href":"https:\/\/api.w.org\/{rel}","templated":true}]}}