{"id":3280,"date":"2017-03-22T13:17:09","date_gmt":"2017-03-22T13:17:09","guid":{"rendered":"http:\/\/atlanttiseura.fi\/?page_id=3280"},"modified":"2022-02-23T00:28:08","modified_gmt":"2022-02-23T00:28:08","slug":"2016-2","status":"publish","type":"page","link":"http:\/\/atlanttiseura.fi\/?page_id=3280","title":{"rendered":"2016"},"content":{"rendered":"<p><span style=\"color: #000000;\"><strong><br \/>\n8.12.2016<\/strong><\/span><\/p>\n<p><span style=\"color: #000000;\"><strong>Suomen Atlantti-Seura ry:n s\u00e4\u00e4nt\u00f6m\u00e4\u00e4r\u00e4inen syyskokous<\/strong><\/span><\/p>\n<p><span style=\"color: #000000;\">Hotel K\u00e4mp, Helsinki<\/span><\/p>\n<p><span style=\"color: #000000;\"><strong><br \/>\n<\/strong><strong>8.12.2016<\/strong><\/span><\/p>\n<p><span style=\"color: #000000;\"><strong>Finland och Sverige: Utredningar och Politik g\u00e4llande s\u00e4kerhet och Nato<\/strong><\/span><\/p>\n<p><span style=\"color: #000000;\">Puhujat:<\/span><\/p>\n<p><span style=\"color: #000000;\">Suurl\u00e4hettil\u00e4s\u00a0<strong>Krister Bring\u00e9us<\/strong><\/span><br \/>\n<span style=\"color: #000000;\"> Suurl\u00e4hettil\u00e4s\u00a0<strong>Ren\u00e9 Nyberg<\/strong><\/span><\/p>\n<p><span style=\"color: #000000;\">Puheenjohtaja: <\/span><span style=\"color: #000000;\">Suurl\u00e4hettil\u00e4s <strong>Leif Blomqvist<\/strong><\/span><\/p>\n<p><span style=\"color: #000000;\">Hotel K\u00e4mp, Helsinki<\/span><\/p>\n<p><span style=\"color: #000000;\"><a style=\"color: #000000;\" href=\"http:\/\/atlanttiseura.fi\/WP\/wp-content\/uploads\/2016\/02\/20161208-PC080090.jpg\"><img decoding=\"async\" loading=\"lazy\" class=\"alignnone wp-image-2799\" title=\"20161208-PC080090\" src=\"http:\/\/atlanttiseura.fi\/WP\/wp-content\/uploads\/2016\/02\/20161208-PC080090-300x225.jpg\" sizes=\"(max-width: 242px) 100vw, 242px\" srcset=\"http:\/\/atlanttiseura.fi\/WP\/wp-content\/uploads\/2016\/02\/20161208-PC080090-300x225.jpg 300w, http:\/\/atlanttiseura.fi\/WP\/wp-content\/uploads\/2016\/02\/20161208-PC080090-1024x768.jpg 1024w\" alt=\"\" width=\"242\" height=\"181\" \/><\/a>\u00a0\u00a0 <a style=\"color: #000000;\" href=\"http:\/\/atlanttiseura.fi\/WP\/wp-content\/uploads\/2016\/02\/20161208-PC080102.jpg\"><img decoding=\"async\" loading=\"lazy\" class=\"alignnone wp-image-2802\" title=\"20161208-PC080102\" src=\"http:\/\/atlanttiseura.fi\/WP\/wp-content\/uploads\/2016\/02\/20161208-PC080102-300x225.jpg\" sizes=\"(max-width: 241px) 100vw, 241px\" srcset=\"http:\/\/atlanttiseura.fi\/WP\/wp-content\/uploads\/2016\/02\/20161208-PC080102-300x225.jpg 300w, http:\/\/atlanttiseura.fi\/WP\/wp-content\/uploads\/2016\/02\/20161208-PC080102-1024x768.jpg 1024w\" alt=\"\" width=\"241\" height=\"181\" \/><\/a><\/span><br \/>\n<span style=\"color: #000000;\"><a style=\"color: #000000;\" href=\"http:\/\/atlanttiseura.fi\/WP\/wp-content\/uploads\/2016\/02\/kuva3.2.jpg\"><img decoding=\"async\" loading=\"lazy\" class=\"alignnone wp-image-2801\" title=\"kuva3.2\" src=\"http:\/\/atlanttiseura.fi\/WP\/wp-content\/uploads\/2016\/02\/kuva3.2-300x225.jpg\" sizes=\"(max-width: 242px) 100vw, 242px\" srcset=\"http:\/\/atlanttiseura.fi\/WP\/wp-content\/uploads\/2016\/02\/kuva3.2-300x225.jpg 300w, http:\/\/atlanttiseura.fi\/WP\/wp-content\/uploads\/2016\/02\/kuva3.2-1024x770.jpg 1024w\" alt=\"\" width=\"242\" height=\"182\" \/><\/a>\u00a0\u00a0 <a style=\"color: #000000;\" href=\"http:\/\/atlanttiseura.fi\/WP\/wp-content\/uploads\/2016\/02\/20161208-PC080034.jpg\"><img decoding=\"async\" loading=\"lazy\" class=\"alignnone wp-image-2800\" title=\"20161208-PC080034\" src=\"http:\/\/atlanttiseura.fi\/WP\/wp-content\/uploads\/2016\/02\/20161208-PC080034-300x225.jpg\" sizes=\"(max-width: 243px) 100vw, 243px\" srcset=\"http:\/\/atlanttiseura.fi\/WP\/wp-content\/uploads\/2016\/02\/20161208-PC080034-300x225.jpg 300w, http:\/\/atlanttiseura.fi\/WP\/wp-content\/uploads\/2016\/02\/20161208-PC080034-1024x768.jpg 1024w\" alt=\"\" width=\"243\" height=\"181\" \/><\/a><\/span><\/p>\n<p><span style=\"color: #000000;\"><strong><br \/>\n14.10.2016<\/strong><\/span><\/p>\n<p><span style=\"color: #000000;\"><strong>US Presidential Elections 2016: What would the Two Presidential Candidates bring to the Transatlantic Relationship and the NATO relationship?<\/strong><\/span><\/p>\n<p><span style=\"color: #000000;\">Speakers:<\/span><\/p>\n<p><span style=\"color: #000000;\"><strong>Mr Scott King<br \/>\n<\/strong>PA Director at Foley &amp; Lardner LLP.<br \/>\nFormer Republican Member of the United States House of Representatives from Wisconsin<\/span><\/p>\n<p><span style=\"color: #000000;\"><strong>Mr Larry LaRocco<\/strong><br \/>\nPrincipal at LaRocco &amp; Associates Inc.<br \/>\nFormer Democratic Member of the United States House of Representatives from Idaho<\/span><\/p>\n<p><span style=\"color: #000000;\">Discussion moderated by:<\/span><\/p>\n<p><span style=\"color: #000000;\"><strong>Mr T.J. Grubisha<br \/>\n<\/strong>Counselor for Press and Cultural Affairs, U.S. Embassy Helsinki<\/span><\/p>\n<p><span style=\"color: #000000;\">Venue: U.S. Embassy, Helsinki<\/span><\/p>\n<p><span style=\"color: #000000;\"><img decoding=\"async\" loading=\"lazy\" class=\"alignleft size-medium wp-image-3263\" src=\"http:\/\/atlanttiseura.fi\/WP\/wp-content\/uploads\/2016\/02\/IMG_4519-1-e1490101607178-225x300.jpg\" sizes=\"(max-width: 225px) 100vw, 225px\" srcset=\"http:\/\/atlanttiseura.fi\/WP\/wp-content\/uploads\/2016\/02\/IMG_4519-1-e1490101607178-225x300.jpg 225w, http:\/\/atlanttiseura.fi\/WP\/wp-content\/uploads\/2016\/02\/IMG_4519-1-e1490101607178-768x1024.jpg 768w, http:\/\/atlanttiseura.fi\/WP\/wp-content\/uploads\/2016\/02\/IMG_4519-1-e1490101607178.jpg 1224w\" alt=\"\" width=\"225\" height=\"300\" \/><br \/>\n<\/span><\/p>\n<p><span style=\"color: #000000;\"><strong><span style=\"color: #000000;\">28.9.2016<\/span><span style=\"color: #000000;\"><br \/>\n<\/span><\/strong><\/span><\/p>\n<p><span style=\"color: #000000;\"><strong>Maailmanpolitiikan murros ja Suomen asema<\/strong><\/span><\/p>\n<p><span style=\"color: #000000;\">Puhuja: <\/span><\/p>\n<p><span style=\"color: #000000;\"><strong>Jukka Valtasaari<\/strong>, <\/span><span style=\"color: #000000;\">Pitk\u00e4aikainen Suomen Washingtonin suurl\u00e4hettil\u00e4s, <\/span><span style=\"color: #000000;\">Ulkoministeri\u00f6n entinen valtiosihteeri, <\/span><span style=\"color: #000000;\">Suomen Atlantti-Seuran hallituksen j\u00e4sen<\/span><\/p>\n<p><span style=\"color: #000000;\">Tilaisuuden puheenjohtaja: <\/span><\/p>\n<p><span style=\"color: #000000;\">Maakuntajohtaja <\/span><span style=\"color: #000000;\"><strong>Pentti M\u00e4kinen<\/strong>, <\/span><span style=\"color: #000000;\">Mikkelin Paasikivi-Seuran puheenjohtaja<\/span><\/p>\n<p><span style=\"color: #000000;\">Sokos Hotel Vaakunan auditorio, Mikkeli<\/span><\/p>\n<p><span style=\"color: #000000;\"><strong>12.9.2016<\/strong><\/span><\/p>\n<p><span style=\"color: #000000;\"><strong>Warsaw NATO Summit in View of Security Situation in Baltic Sea Region<\/strong><\/span><\/p>\n<p><span style=\"color: #000000;\">Opening remarks: <strong>H.E. Mr Przemyslaw Grudzinski<\/strong>, Ambassador of the Republic of Poland in Finland<\/span><\/p>\n<p><span style=\"color: #000000;\">Keynote speech: <strong>Mrs Beata Peksa<\/strong>, Director of the Security Policy Department, Ministry of Foreign Affairs of Poland<strong><br \/>\n<\/strong><\/span><\/p>\n<p><span style=\"color: #000000;\">Comments: <strong>Mr Timo Kantola<\/strong>, Deputy Director General of the Political Department<\/span><\/p>\n<p><span style=\"color: #000000;\">Chair of the event: <strong>Mr Pertti Salolainen,<\/strong> MP, Minister (Hon.), Vice-Chair of the Foreign Affairs Committee of the Parliament of Finland<\/span><\/p>\n<p><span style=\"color: #000000;\">The seminar was organized by the Embassy of the Republic of Poland in Helsinki and the Atlantic Council of Finland in co-operation with the Ministry for Foreign Affairs<\/span><\/p>\n<p><span style=\"color: #000000;\">Venue: House of the Estates, Helsinki<\/span><\/p>\n<p><span style=\"color: #000000;\"><a style=\"color: #000000;\" href=\"http:\/\/atlanttiseura.fi\/WP\/wp-content\/uploads\/2016\/02\/20160912-P9120025.jpg\"><img decoding=\"async\" loading=\"lazy\" class=\"alignnone wp-image-2763\" title=\"Suurl\u00e4hettil\u00e4s Przemyslaw Grudzinski.\" src=\"http:\/\/atlanttiseura.fi\/WP\/wp-content\/uploads\/2016\/02\/20160912-P9120025-300x225.jpg\" alt=\"\" width=\"238\" height=\"181\" \/><\/a>\u00a0\u00a0 <a style=\"color: #000000;\" href=\"http:\/\/atlanttiseura.fi\/WP\/wp-content\/uploads\/2016\/02\/20160912-P9120066.jpg\"><img decoding=\"async\" loading=\"lazy\" class=\"alignnone wp-image-2765\" title=\"Beata Peksa.\" src=\"http:\/\/atlanttiseura.fi\/WP\/wp-content\/uploads\/2016\/02\/20160912-P9120066-300x224.jpg\" alt=\"\" width=\"236\" height=\"181\" \/><\/a><\/span><\/p>\n<p><span style=\"color: #000000;\"><a style=\"color: #000000;\" href=\"http:\/\/atlanttiseura.fi\/WP\/wp-content\/uploads\/2016\/02\/20160912-P9120134.jpg\"><img decoding=\"async\" loading=\"lazy\" class=\"alignnone wp-image-2766\" title=\"Sls. Grudzinski ,Salolainen, Peksa, Kantola\" src=\"http:\/\/atlanttiseura.fi\/WP\/wp-content\/uploads\/2016\/02\/20160912-P9120134-300x225.jpg\" sizes=\"(max-width: 238px) 100vw, 238px\" srcset=\"http:\/\/atlanttiseura.fi\/WP\/wp-content\/uploads\/2016\/02\/20160912-P9120134-300x225.jpg 300w, http:\/\/atlanttiseura.fi\/WP\/wp-content\/uploads\/2016\/02\/20160912-P9120134-1024x768.jpg 1024w\" alt=\"\" width=\"238\" height=\"178\" \/> \u00a0 <\/a><a style=\"color: #000000;\" href=\"http:\/\/atlanttiseura.fi\/WP\/wp-content\/uploads\/2016\/02\/20160912-P9120111.jpg\"><img decoding=\"async\" loading=\"lazy\" class=\"alignnone wp-image-2769\" title=\"Grudzinski, Peksa, Kantola, Salolainen\" src=\"http:\/\/atlanttiseura.fi\/WP\/wp-content\/uploads\/2016\/02\/20160912-P9120111-300x225.jpg\" sizes=\"(max-width: 237px) 100vw, 237px\" srcset=\"http:\/\/atlanttiseura.fi\/WP\/wp-content\/uploads\/2016\/02\/20160912-P9120111-300x225.jpg 300w, http:\/\/atlanttiseura.fi\/WP\/wp-content\/uploads\/2016\/02\/20160912-P9120111-1024x768.jpg 1024w\" alt=\"\" width=\"237\" height=\"179\" \/><\/a><\/span><\/p>\n<p><span style=\"color: #000000;\"><strong>23.5.2016<\/strong><\/span><\/p>\n<p><span style=\"color: #000000;\"><strong>The Road to the Warsaw Summit<\/strong><\/span><\/p>\n<p><span style=\"color: #000000;\"><strong>Keynote Speech by Ambassador Tacan Ildem, Assistant Secretary General of NATO<\/strong><\/span><\/p>\n<p><span style=\"color: #000000;\">Comments to the keynote speech:<strong> Mrs Anne Sipil\u00e4inen<\/strong>, Undersecretary of State,\u00a0Ministry for Foreign Affairs of Finland<\/span><\/p>\n<p><span style=\"color: #000000;\">Chair of the event: <strong>Mr Pertti Salolainen, <\/strong>MP, Minister (Hon.), Vice-Chair of the Foreign Affairs Committee of the Parliament of Finland<\/span><\/p>\n<p><span style=\"color: #000000;\">Venue: House of the Estates, Helsinki<\/span><\/p>\n<p><span style=\"color: #000000;\"><img decoding=\"async\" loading=\"lazy\" class=\"alignnone wp-image-2756\" title=\"Ildem, Sipil\u00e4inen, Salolainen. Kuva: Antti-Pekka Manninen\" src=\"http:\/\/atlanttiseura.fi\/WP\/wp-content\/uploads\/2016\/02\/IldemSipil%C3%A4inenSalolainen1-300x204.jpg\" sizes=\"(max-width: 240px) 100vw, 240px\" srcset=\"http:\/\/atlanttiseura.fi\/WP\/wp-content\/uploads\/2016\/02\/IldemSipil\u00e4inenSalolainen1-300x204.jpg 300w, http:\/\/atlanttiseura.fi\/WP\/wp-content\/uploads\/2016\/02\/IldemSipil\u00e4inenSalolainen1-1024x699.jpg 1024w, http:\/\/atlanttiseura.fi\/WP\/wp-content\/uploads\/2016\/02\/IldemSipil\u00e4inenSalolainen1.jpg 1280w\" alt=\"\" width=\"240\" height=\"163\" \/>\u00a0 \u00a0<img decoding=\"async\" loading=\"lazy\" class=\"alignnone wp-image-2758\" title=\"Yleis\u00f6\u00e4. Kuva: Antti-Pekka Manninen\" src=\"http:\/\/atlanttiseura.fi\/WP\/wp-content\/uploads\/2016\/02\/Yleis%C3%B6%C3%A4-300x225.jpg\" sizes=\"(max-width: 216px) 100vw, 216px\" srcset=\"http:\/\/atlanttiseura.fi\/WP\/wp-content\/uploads\/2016\/02\/Yleis\u00f6\u00e4-300x225.jpg 300w, http:\/\/atlanttiseura.fi\/WP\/wp-content\/uploads\/2016\/02\/Yleis\u00f6\u00e4-1024x768.jpg 1024w\" alt=\"\" width=\"216\" height=\"162\" \/><\/span><\/p>\n<p><span style=\"color: #000000;\"><a style=\"color: #000000;\" href=\"http:\/\/atlanttiseura.fi\/WP\/wp-content\/uploads\/2016\/02\/Tacan-Ildem1.jpg\"><img decoding=\"async\" loading=\"lazy\" class=\"alignnone wp-image-2757\" title=\"Tacan Ildem. Kuva: Antti-Pekka Manninen\" src=\"http:\/\/atlanttiseura.fi\/WP\/wp-content\/uploads\/2016\/02\/Tacan-Ildem1-300x225.jpg\" sizes=\"(max-width: 240px) 100vw, 240px\" srcset=\"http:\/\/atlanttiseura.fi\/WP\/wp-content\/uploads\/2016\/02\/Tacan-Ildem1-300x225.jpg 300w, http:\/\/atlanttiseura.fi\/WP\/wp-content\/uploads\/2016\/02\/Tacan-Ildem1-1024x768.jpg 1024w\" alt=\"\" width=\"240\" height=\"180\" \/><\/a><\/span><\/p>\n<p><span style=\"color: #000000;\"><strong>23.5.2016<\/strong><\/span><\/p>\n<p><span style=\"color: #000000;\"><strong>Suomen Atlantti-Seura ry:n s\u00e4\u00e4nt\u00f6m\u00e4\u00e4r\u00e4inen kev\u00e4tkokous<\/strong><\/span><\/p>\n<p><span style=\"color: #000000;\">S\u00e4\u00e4tytalo, Helsinki<\/span><\/p>\n<p><span style=\"color: #000000;\"><img decoding=\"async\" loading=\"lazy\" class=\"alignnone wp-image-2759\" title=\"Kev\u00e4tkokous. Kuva: Antti-Pekka Manninen\" src=\"http:\/\/atlanttiseura.fi\/WP\/wp-content\/uploads\/2016\/02\/Kev%C3%A4tkokous-300x225.jpg\" sizes=\"(max-width: 240px) 100vw, 240px\" srcset=\"http:\/\/atlanttiseura.fi\/WP\/wp-content\/uploads\/2016\/02\/Kev\u00e4tkokous-300x225.jpg 300w, http:\/\/atlanttiseura.fi\/WP\/wp-content\/uploads\/2016\/02\/Kev\u00e4tkokous-1024x768.jpg 1024w, http:\/\/atlanttiseura.fi\/WP\/wp-content\/uploads\/2016\/02\/Kev\u00e4tkokous.jpg 1280w\" alt=\"\" width=\"240\" height=\"180\" \/>\u00a0\u00a0<img decoding=\"async\" loading=\"lazy\" class=\"alignnone wp-image-2761\" title=\"Pertti Salolainen avaa kokouksen. Kuva: Antti-Pekka Manninen\" src=\"http:\/\/atlanttiseura.fi\/WP\/wp-content\/uploads\/2016\/02\/Pertti-Salolainen-avaa-syyskokouksen-300x225.jpg\" sizes=\"(max-width: 240px) 100vw, 240px\" srcset=\"http:\/\/atlanttiseura.fi\/WP\/wp-content\/uploads\/2016\/02\/Pertti-Salolainen-avaa-syyskokouksen-300x225.jpg 300w, http:\/\/atlanttiseura.fi\/WP\/wp-content\/uploads\/2016\/02\/Pertti-Salolainen-avaa-syyskokouksen-1024x768.jpg 1024w\" alt=\"\" width=\"240\" height=\"180\" \/><\/span><\/p>\n<p><span style=\"color: #000000;\"><strong>16.2.2016<\/strong><\/span><\/p>\n<p><span style=\"color: #000000;\">Suomen Atlantti-Seura ja ulkoasiainministeri\u00f6 j\u00e4rjestiv\u00e4t aamukahvitapaamisen<\/span><\/p>\n<p><span style=\"color: #000000;\"><strong>Suomen Nato-suurl\u00e4hettil\u00e4s Piritta Asunmaan kanssa<\/strong><\/span><\/p>\n<p><span style=\"color: #000000;\">Tapaamisen aiheina olivat ajankohtaiset Nato-kysymykset ja Varsovan huippukokouksen valmistelu<\/span><\/p>\n<p><span style=\"color: #000000;\">Tilaisuus j\u00e4rjestettiin ulkoasiainministeri\u00f6n Engel-salissa Helsingiss\u00e4<\/span><\/p>\n<p><span style=\"color: #000000;\"><img decoding=\"async\" loading=\"lazy\" class=\"alignnone size-full wp-image-2730\" title=\"Suurl\u00e4hettil\u00e4s Piritta Asunmaa. Kuva: Juho Vainonen\/Ruotuv\u00e4ki\" src=\"http:\/\/atlanttiseura.fi\/WP\/wp-content\/uploads\/2016\/02\/nato_2-e1456326565671.jpg\" alt=\"Suurl\u00e4hettil\u00e4s Piritta Asunmaa. Kuva: Juho Vainonen\/Ruotuv\u00e4ki\" width=\"250\" height=\"166\" \/>\u00a0<img decoding=\"async\" loading=\"lazy\" class=\"alignnone size-full wp-image-2734\" title=\"Suurl\u00e4hettil\u00e4s Piritta Asunmaa. Kuva: Antti-Pekka Manninen\" src=\"http:\/\/atlanttiseura.fi\/WP\/wp-content\/uploads\/2016\/02\/P2170010-e1456327055701.jpg\" alt=\"Suurl\u00e4hettil\u00e4s Piritta Asunmaa. Kuva: Antti-Pekka Manninen\" width=\"250\" height=\"171\" \/>\u00a0<a style=\"color: #000000;\" href=\"http:\/\/atlanttiseura.fi\/WP\/wp-content\/uploads\/2016\/02\/nato_3-e1456326870624.jpg\"><img decoding=\"async\" loading=\"lazy\" class=\"alignnone size-full wp-image-2733\" title=\"Tilaisuus j\u00e4rjestettiin Ulkoasiainministeri\u00f6n Engel-salissa. Kuva: Juho Vainonen\/Ruotuv\u00e4ki\" src=\"http:\/\/atlanttiseura.fi\/WP\/wp-content\/uploads\/2016\/02\/nato_3-e1456326870624.jpg\" alt=\"Tilaisuus j\u00e4rjestettiin Ulkoasiainministeri\u00f6n Engel-salissa. Kuva: Juho Vainonen\/Ruotuv\u00e4ki\" width=\"250\" height=\"166\" \/><\/a><\/span><\/p>\n","protected":false},"excerpt":{"rendered":"<p>8.12.2016 Suomen Atlantti-Seura ry:n s\u00e4\u00e4nt\u00f6m\u00e4\u00e4r\u00e4inen syyskokous Hotel K\u00e4mp, Helsinki 8.12.2016 Finland och Sverige: Utredningar och Politik g\u00e4llande s\u00e4kerhet och Nato Puhujat: Suurl\u00e4hettil\u00e4s\u00a0Krister Bring\u00e9us Suurl\u00e4hettil\u00e4s\u00a0Ren\u00e9 Nyberg Puheenjohtaja: Suurl\u00e4hettil\u00e4s Leif Blomqvist Hotel K\u00e4mp, Helsinki \u00a0\u00a0 \u00a0\u00a0 14.10.2016 US Presidential Elections 2016: What would the Two Presidential Candidates bring to the Transatlantic Relationship and the NATO relationship? Speakers: &hellip; <\/p>\n","protected":false},"author":1,"featured_media":0,"parent":0,"menu_order":0,"comment_status":"closed","ping_status":"closed","template":"","meta":[],"_links":{"self":[{"href":"http:\/\/atlanttiseura.fi\/index.php?rest_route=\/wp\/v2\/pages\/3280"}],"collection":[{"href":"http:\/\/atlanttiseura.fi\/index.php?rest_route=\/wp\/v2\/pages"}],"about":[{"href":"http:\/\/atlanttiseura.fi\/index.php?rest_route=\/wp\/v2\/types\/page"}],"author":[{"embeddable":true,"href":"http:\/\/atlanttiseura.fi\/index.php?rest_route=\/wp\/v2\/users\/1"}],"replies":[{"embeddable":true,"href":"http:\/\/atlanttiseura.fi\/index.php?rest_route=%2Fwp%2Fv2%2Fcomments&post=3280"}],"version-history":[{"count":16,"href":"http:\/\/atlanttiseura.fi\/index.php?rest_route=\/wp\/v2\/pages\/3280\/revisions"}],"predecessor-version":[{"id":3772,"href":"http:\/\/atlanttiseura.fi\/index.php?rest_route=\/wp\/v2\/pages\/3280\/revisions\/3772"}],"wp:attachment":[{"href":"http:\/\/atlanttiseura.fi\/index.php?rest_route=%2Fwp%2Fv2%2Fmedia&parent=3280"}],"curies":[{"name":"wp","href":"https:\/\/api.w.org\/{rel}","templated":true}]}}