{"id":3255,"date":"2017-03-17T18:15:17","date_gmt":"2017-03-17T18:15:17","guid":{"rendered":"http:\/\/atlanttiseura.fi\/?page_id=3255"},"modified":"2022-02-23T00:29:15","modified_gmt":"2022-02-23T00:29:15","slug":"2017-2","status":"publish","type":"page","link":"http:\/\/atlanttiseura.fi\/?page_id=3255","title":{"rendered":"2017"},"content":{"rendered":"<div id=\"post-3121\" class=\"post-3121 page type-page status-publish hentry\">\n<div class=\"entry-content\">\n<p><span style=\"color: #000000;\">\u00a0<\/span><\/p>\n<\/div>\n<\/div>\n<p><span style=\"color: #000000;\"><strong>3. &#8211; 4.12.2017<\/strong><\/span><\/p>\n<p><span style=\"color: #000000;\"><strong>ATA 63rd General Assembly and Council Meeting in Brussels<\/strong><\/span><\/p>\n<p><span style=\"color: #000000;\"><strong>28.11.2017\u00a0<\/strong><\/span><\/p>\n<p><strong><span style=\"color: #000000;\">Suomen Atlantti-Seura ry:n s\u00e4\u00e4nt\u00f6m\u00e4\u00e4r\u00e4inen syyskokous\u00a0<\/span><\/strong><\/p>\n<p><span style=\"color: #000000;\">Puhujana valtiovarainministeri <strong>Petteri Orpo<\/strong><\/span><\/p>\n<p><span style=\"color: #000000;\">Valtiovarainministerin puhe:\u00a0<\/span><\/p>\n<p><span style=\"color: #000000;\"><a style=\"color: #000000;\" href=\"https:\/\/www.kokoomus.fi\/uutiset\/petteri-orpon-puhe-atlantti-seuran-syyskokouksessa\/\">https:\/\/www.kokoomus.fi\/uutiset\/petteri-orpon-puhe-atlantti-seuran-syyskokouksessa\/<\/a><\/span><\/p>\n<p><span style=\"color: #000000;\">P<span id=\"userSelect0\" class=\"ident_271_283 ms-bg-color-themeLighter\" tabindex=\"0\" role=\"button\">uheenjohtaja<\/span>: <\/span><span style=\"color: #000000;\">Suomen Atlantti-Seuran varap<span id=\"userSelect0\" class=\"ms-bg-color-themeLighter ident_340_352\" tabindex=\"0\" role=\"button\">uheenjohtaja<\/span>, ministeri, kansanedustaja, <strong>Pertti Salolainen<\/strong><\/span><\/p>\n<p><span style=\"color: #000000;\">S\u00e4\u00e4tytalo, Helsinki<\/span><\/p>\n<p><img decoding=\"async\" loading=\"lazy\" class=\"alignleft wp-image-3442 size-medium\" src=\"http:\/\/atlanttiseura.fi\/WP\/wp-content\/uploads\/2017\/12\/20171128_ByNikoH\u00e4ggman_-16-300x200.jpg\" alt=\"\" width=\"300\" height=\"200\" srcset=\"http:\/\/atlanttiseura.fi\/WP\/wp-content\/uploads\/2017\/12\/20171128_ByNikoH\u00e4ggman_-16-300x200.jpg 300w, http:\/\/atlanttiseura.fi\/WP\/wp-content\/uploads\/2017\/12\/20171128_ByNikoH\u00e4ggman_-16-768x512.jpg 768w, http:\/\/atlanttiseura.fi\/WP\/wp-content\/uploads\/2017\/12\/20171128_ByNikoH\u00e4ggman_-16-1024x683.jpg 1024w, http:\/\/atlanttiseura.fi\/WP\/wp-content\/uploads\/2017\/12\/20171128_ByNikoH\u00e4ggman_-16.jpg 2048w\" sizes=\"(max-width: 300px) 100vw, 300px\" \/><\/p>\n<p><img decoding=\"async\" loading=\"lazy\" class=\"alignleft wp-image-3445 size-medium\" src=\"http:\/\/atlanttiseura.fi\/WP\/wp-content\/uploads\/2017\/12\/20171128_ByNikoH\u00e4ggman_-25-300x200.jpg\" alt=\"\" width=\"300\" height=\"200\" srcset=\"http:\/\/atlanttiseura.fi\/WP\/wp-content\/uploads\/2017\/12\/20171128_ByNikoH\u00e4ggman_-25-300x200.jpg 300w, http:\/\/atlanttiseura.fi\/WP\/wp-content\/uploads\/2017\/12\/20171128_ByNikoH\u00e4ggman_-25-768x512.jpg 768w, http:\/\/atlanttiseura.fi\/WP\/wp-content\/uploads\/2017\/12\/20171128_ByNikoH\u00e4ggman_-25-1024x683.jpg 1024w, http:\/\/atlanttiseura.fi\/WP\/wp-content\/uploads\/2017\/12\/20171128_ByNikoH\u00e4ggman_-25.jpg 2048w\" sizes=\"(max-width: 300px) 100vw, 300px\" \/><\/p>\n<div class=\"mceTemp\"><\/div>\n<p><img decoding=\"async\" loading=\"lazy\" class=\"alignleft wp-image-3443 size-medium\" src=\"http:\/\/atlanttiseura.fi\/WP\/wp-content\/uploads\/2017\/12\/20171128_ByNikoH\u00e4ggman_-27-300x200.jpg\" alt=\"\" width=\"300\" height=\"200\" srcset=\"http:\/\/atlanttiseura.fi\/WP\/wp-content\/uploads\/2017\/12\/20171128_ByNikoH\u00e4ggman_-27-300x200.jpg 300w, http:\/\/atlanttiseura.fi\/WP\/wp-content\/uploads\/2017\/12\/20171128_ByNikoH\u00e4ggman_-27-768x512.jpg 768w, http:\/\/atlanttiseura.fi\/WP\/wp-content\/uploads\/2017\/12\/20171128_ByNikoH\u00e4ggman_-27-1024x683.jpg 1024w, http:\/\/atlanttiseura.fi\/WP\/wp-content\/uploads\/2017\/12\/20171128_ByNikoH\u00e4ggman_-27.jpg 2048w\" sizes=\"(max-width: 300px) 100vw, 300px\" \/><\/p>\n<p><img decoding=\"async\" loading=\"lazy\" class=\"alignleft wp-image-3444 size-medium\" src=\"http:\/\/atlanttiseura.fi\/WP\/wp-content\/uploads\/2017\/12\/20171128_ByNikoH\u00e4ggman_-26-300x200.jpg\" alt=\"\" width=\"300\" height=\"200\" srcset=\"http:\/\/atlanttiseura.fi\/WP\/wp-content\/uploads\/2017\/12\/20171128_ByNikoH\u00e4ggman_-26-300x200.jpg 300w, http:\/\/atlanttiseura.fi\/WP\/wp-content\/uploads\/2017\/12\/20171128_ByNikoH\u00e4ggman_-26-768x512.jpg 768w, http:\/\/atlanttiseura.fi\/WP\/wp-content\/uploads\/2017\/12\/20171128_ByNikoH\u00e4ggman_-26-1024x683.jpg 1024w, http:\/\/atlanttiseura.fi\/WP\/wp-content\/uploads\/2017\/12\/20171128_ByNikoH\u00e4ggman_-26.jpg 2048w\" sizes=\"(max-width: 300px) 100vw, 300px\" \/><\/p>\n<p>Kuvat: Niko H\u00e4ggman\/Ruotuv\u00e4ki-lehti<\/p>\n<p><strong><span style=\"color: #000000;\">3.10.2017<\/span><\/strong><\/p>\n<p><span style=\"color: #000000;\">Embassy of the United States of America and Atlantic Council of Finland organized a breakfast briefing and a discussion with <\/span><span style=\"color: #000000;\"><strong>Mr Michael Murphy<\/strong>, Director, Office of Security and Political-Military Affairs at Bureau of European &amp; Eurasian Affairs, <\/span><span style=\"color: #000000;\">U.S. Department of State. Event was chaired by<strong> Shawn Waddoups<\/strong>, Political and Economic Counselor, U.S. Embassy in Helsinki.<\/span><\/p>\n<p><span style=\"color: #000000;\"> Venue: U.S. Embassy, Helsinki<\/span><\/p>\n<p><strong><span style=\"color: #000000;\">28.6.2017<\/span><\/strong><\/p>\n<p><strong><span style=\"color: #000000;\">ATA Council Meeting in Brussels<\/span><\/strong><\/p>\n<p><strong><span style=\"color: #000000;\">3.5.2017<\/span><\/strong><\/p>\n<p><span style=\"color: #000000;\"><strong>Suomen Atlantti-Seura ry:n s\u00e4\u00e4nt\u00f6m\u00e4\u00e4r\u00e4inen kev\u00e4tkokous<\/strong><\/span><\/p>\n<p><span style=\"color: #000000;\">Puhujana ulkoasiainministeri <strong>Timo Soini<\/strong><\/span><\/p>\n<p><span style=\"color: #000000;\">Ulkoasiainministerin puhe:<\/span><\/p>\n<p><span style=\"color: #000000;\"><a style=\"color: #000000;\" href=\"http:\/\/formin.finland.fi\/Public\/default.aspx?contentid=361420&amp;contentlan=1&amp;culture=fi-FI\">http:\/\/formin.finland.fi\/Public\/default.aspx?contentid=361420&amp;contentlan=1&amp;culture=fi-FI<\/a><\/span><\/p>\n<p><span style=\"color: #000000;\">Katajanokan Kasino, Helsinki<\/span><\/p>\n<div id=\"post-3121\" class=\"post-3121 page type-page status-publish hentry\">\n<div class=\"entry-content\">\n<p><strong><span style=\"color: #000000;\">14.3.2017<\/span><\/strong><\/p>\n<p><span style=\"color: #000000;\"><strong>Euroopan puolustuksen kehityssuuntia\u00a0<\/strong><\/span><\/p>\n<p><span style=\"color: #000000;\">Avaus: <\/span><span style=\"color: #000000;\">Suomen Atlantti-Seuran varapuheenjohtaja, <\/span><span style=\"color: #000000;\">ministeri, kansanedustaja <\/span><span style=\"color: #000000;\"><strong>Pertti Salolainen <\/strong><\/span><\/p>\n<p><span style=\"color: #000000;\">Puhuja: <\/span><span style=\"color: #000000;\">Kenraaliluutnantti, Euroopan unionin sotilasesikunnan p\u00e4\u00e4llikk\u00f6 <\/span><span style=\"color: #000000;\"><strong>Esa Pulkkinen <\/strong><\/span><\/p>\n<p><span style=\"color: #000000;\">Tilaisuuden puheenjohtaja: <\/span><span style=\"color: #000000;\">Apulaisosastop\u00e4\u00e4llikk\u00f6, puolustuspoliittinen osasto, puolustusministeri\u00f6 <\/span><span style=\"color: #000000;\"><strong>Helena Partanen\u00a0<\/strong><\/span><\/p>\n<p><span style=\"color: #000000;\">S\u00e4\u00e4tytalo, Helsinki<\/span><\/p>\n<div id=\"post-3121\" class=\"post-3121 page type-page status-publish hentry\">\n<div class=\"entry-content\">\n<div id=\"post-3121\" class=\"post-3121 page type-page status-publish hentry\">\n<div class=\"entry-content\">\n<p><span style=\"color: #000000;\"><a style=\"color: #000000;\" href=\"http:\/\/atlanttiseura.fi\/WP\/wp-content\/uploads\/2017\/03\/18-2017-KWa-5-007.jpg\"><img decoding=\"async\" loading=\"lazy\" class=\"alignleft size-medium wp-image-3104\" src=\"http:\/\/atlanttiseura.fi\/WP\/wp-content\/uploads\/2017\/03\/18-2017-KWa-5-007-300x200.jpg\" alt=\"\" width=\"300\" height=\"200\" srcset=\"http:\/\/atlanttiseura.fi\/WP\/wp-content\/uploads\/2017\/03\/18-2017-KWa-5-007-300x200.jpg 300w, http:\/\/atlanttiseura.fi\/WP\/wp-content\/uploads\/2017\/03\/18-2017-KWa-5-007-768x512.jpg 768w, http:\/\/atlanttiseura.fi\/WP\/wp-content\/uploads\/2017\/03\/18-2017-KWa-5-007-1024x683.jpg 1024w\" sizes=\"(max-width: 300px) 100vw, 300px\" \/><\/a><a style=\"color: #000000;\" href=\"http:\/\/atlanttiseura.fi\/WP\/wp-content\/uploads\/2017\/03\/18-2017-KWa-5-009.jpg\"><img decoding=\"async\" loading=\"lazy\" class=\"alignleft size-medium wp-image-3105\" src=\"http:\/\/atlanttiseura.fi\/WP\/wp-content\/uploads\/2017\/03\/18-2017-KWa-5-009-300x200.jpg\" alt=\"\" width=\"300\" height=\"200\" \/><\/a><a style=\"color: #000000;\" href=\"http:\/\/atlanttiseura.fi\/WP\/wp-content\/uploads\/2017\/03\/18-2017-KWa-5-029.jpg\"><img decoding=\"async\" loading=\"lazy\" class=\"alignleft size-medium wp-image-3106\" src=\"http:\/\/atlanttiseura.fi\/WP\/wp-content\/uploads\/2017\/03\/18-2017-KWa-5-029-300x200.jpg\" alt=\"\" width=\"300\" height=\"200\" srcset=\"http:\/\/atlanttiseura.fi\/WP\/wp-content\/uploads\/2017\/03\/18-2017-KWa-5-029-300x200.jpg 300w, http:\/\/atlanttiseura.fi\/WP\/wp-content\/uploads\/2017\/03\/18-2017-KWa-5-029-768x512.jpg 768w, http:\/\/atlanttiseura.fi\/WP\/wp-content\/uploads\/2017\/03\/18-2017-KWa-5-029-1024x683.jpg 1024w\" sizes=\"(max-width: 300px) 100vw, 300px\" \/><\/a><a style=\"color: #000000;\" href=\"http:\/\/atlanttiseura.fi\/WP\/wp-content\/uploads\/2017\/03\/18-2017-KWa-5-037.jpg\"><img decoding=\"async\" loading=\"lazy\" class=\"alignleft size-medium wp-image-3107\" src=\"http:\/\/atlanttiseura.fi\/WP\/wp-content\/uploads\/2017\/03\/18-2017-KWa-5-037-300x200.jpg\" alt=\"\" width=\"300\" height=\"200\" srcset=\"http:\/\/atlanttiseura.fi\/WP\/wp-content\/uploads\/2017\/03\/18-2017-KWa-5-037-300x200.jpg 300w, http:\/\/atlanttiseura.fi\/WP\/wp-content\/uploads\/2017\/03\/18-2017-KWa-5-037-768x512.jpg 768w, http:\/\/atlanttiseura.fi\/WP\/wp-content\/uploads\/2017\/03\/18-2017-KWa-5-037-1024x683.jpg 1024w\" sizes=\"(max-width: 300px) 100vw, 300px\" \/><\/a><\/span><\/p>\n<\/div>\n<\/div>\n<\/div>\n<\/div>\n<\/div>\n<\/div>\n<p><strong style=\"color: #000000; font-size: revert;\">10.3.2017<\/strong><\/p>\n<div id=\"post-3121\" class=\"post-3121 page type-page status-publish hentry\">\n<div class=\"entry-content\">\n<div id=\"post-3121\" class=\"post-3121 page type-page status-publish hentry\">\n<div class=\"entry-content\">\n<p><span style=\"color: #000000;\"><strong>NATO and European Security<\/strong><\/span><\/p>\n<p><span style=\"color: #000000;\">Ministry for Foreign Affairs of Finland and Atlantic Council of Finland organized\u00a0a morning coffee discussion with\u00a0<strong>Mr Alejandro Alvargonzal\u00e9z,\u00a0<\/strong>Assistant Secretary General for Political Affairs and Security Policy, NATO. The event was moderated by\u00a0<strong>Ambassador Mr Mikko Kinnunen,\u00a0<\/strong>Director, Unit for Security Policy and Crisis Management, Ministry for Foreign Affairs of Finland.<\/span><\/p>\n<p><span style=\"color: #000000;\">Venue: Engel Hall, Ministry for Foreign Affairs of Finland, Helsinki<\/span><\/p>\n<\/div>\n<\/div>\n<\/div>\n<\/div>\n<p><span style=\"color: #000000;\"><strong style=\"color: #000000;\"><strong> 21<\/strong>.1.2017<\/strong><\/span><\/p>\n<p><span style=\"color: #000000;\"><strong><strong>Den Femte Finlandssvenska F\u00f6rsvarsdagen<br \/>\n<\/strong><\/strong><\/span><\/p>\n<p><span style=\"color: #000000;\"><a style=\"color: #000000;\" href=\"http:\/\/www.kylkirauta.fi\/images\/28.11_2_Forsvarsdagen2017_inbjudan.pdf\">http:\/\/www.kylkirauta.fi\/images\/28.11_2_Forsvarsdagen2017_inbjudan.pdf<\/a><\/span><\/p>\n<div id=\"post-3121\" class=\"post-3121 page type-page status-publish hentry\"><span style=\"color: #000000;\"><strong><strong>F\u00f6rsvarsh\u00f6gskolan, <\/strong><\/strong><\/span><span style=\"color: #000000;\"><strong><strong>Sandhamn, <\/strong><\/strong><\/span><span style=\"color: #000000;\"><strong><strong>Helsingfors <\/strong><\/strong><\/span><\/div>\n<div id=\"post-3121\" class=\"post-3121 page type-page status-publish hentry\"><\/div>\n","protected":false},"excerpt":{"rendered":"<p>\u00a0 3. &#8211; 4.12.2017 ATA 63rd General Assembly and Council Meeting in Brussels 28.11.2017\u00a0 Suomen Atlantti-Seura ry:n s\u00e4\u00e4nt\u00f6m\u00e4\u00e4r\u00e4inen syyskokous\u00a0 Puhujana valtiovarainministeri Petteri Orpo Valtiovarainministerin puhe:\u00a0 https:\/\/www.kokoomus.fi\/uutiset\/petteri-orpon-puhe-atlantti-seuran-syyskokouksessa\/ Puheenjohtaja: Suomen Atlantti-Seuran varapuheenjohtaja, ministeri, kansanedustaja, Pertti Salolainen S\u00e4\u00e4tytalo, Helsinki Kuvat: Niko H\u00e4ggman\/Ruotuv\u00e4ki-lehti 3.10.2017 Embassy of the United States of America and Atlantic Council of Finland organized a breakfast &hellip; <\/p>\n","protected":false},"author":1,"featured_media":0,"parent":0,"menu_order":0,"comment_status":"closed","ping_status":"closed","template":"","meta":[],"_links":{"self":[{"href":"http:\/\/atlanttiseura.fi\/index.php?rest_route=\/wp\/v2\/pages\/3255"}],"collection":[{"href":"http:\/\/atlanttiseura.fi\/index.php?rest_route=\/wp\/v2\/pages"}],"about":[{"href":"http:\/\/atlanttiseura.fi\/index.php?rest_route=\/wp\/v2\/types\/page"}],"author":[{"embeddable":true,"href":"http:\/\/atlanttiseura.fi\/index.php?rest_route=\/wp\/v2\/users\/1"}],"replies":[{"embeddable":true,"href":"http:\/\/atlanttiseura.fi\/index.php?rest_route=%2Fwp%2Fv2%2Fcomments&post=3255"}],"version-history":[{"count":45,"href":"http:\/\/atlanttiseura.fi\/index.php?rest_route=\/wp\/v2\/pages\/3255\/revisions"}],"predecessor-version":[{"id":3773,"href":"http:\/\/atlanttiseura.fi\/index.php?rest_route=\/wp\/v2\/pages\/3255\/revisions\/3773"}],"wp:attachment":[{"href":"http:\/\/atlanttiseura.fi\/index.php?rest_route=%2Fwp%2Fv2%2Fmedia&parent=3255"}],"curies":[{"name":"wp","href":"https:\/\/api.w.org\/{rel}","templated":true}]}}